{"id":24,"date":"2015-02-22T20:09:44","date_gmt":"2015-02-22T20:09:44","guid":{"rendered":"http:\/\/wp\/enfold-medium-business\/?page_id=24"},"modified":"2026-01-26T10:19:13","modified_gmt":"2026-01-26T09:19:13","slug":"infantil","status":"publish","type":"page","link":"https:\/\/www.colegionewman.org\/es_es\/infantil\/","title":{"rendered":"Educaci\u00f3n Infantil"},"content":{"rendered":"\n<style type=\"text\/css\" data-created_by=\"avia_inline_auto\" id=\"style-css-av-13reyk-e2f028f871d34d92241cd7ca30f6d4ea\">\n.avia-section.av-13reyk-e2f028f871d34d92241cd7ca30f6d4ea .av-parallax .av-parallax-inner{\nbackground-repeat:no-repeat;\nbackground-image:url(https:\/\/www.colegionewman.org\/wp-content\/uploads\/2024\/01\/pintando-en-infantil-1.jpg);\nbackground-position:50% 100%;\nbackground-attachment:scroll;\n}\n.avia-section.av-13reyk-e2f028f871d34d92241cd7ca30f6d4ea .av-section-color-overlay{\nopacity:0.7;\nbackground-color:#004c6a;\n}\n<\/style>\n<div id='av_section_1'  class='avia-section av-13reyk-e2f028f871d34d92241cd7ca30f6d4ea main_color avia-section-large avia-no-border-styling  avia-builder-el-0  el_before_av_layout_row  avia-builder-el-first  avia-full-stretch av-parallax-section avia-bg-style-parallax av-section-color-overlay-active av-minimum-height av-minimum-height-50 av-height-50  container_wrap sidebar_right'  data-section-bg-repeat='stretch' data-av_minimum_height_pc='50' data-av_min_height_opt='50'><div class='av-parallax' data-avia-parallax-ratio='0.3' ><div class='av-parallax-inner main_color avia-full-stretch'><\/div><\/div><div class=\"av-section-color-overlay-wrap\"><div class=\"av-section-color-overlay\"><\/div><a href='#next-section' title='' class='scroll-down-link ' aria-hidden='true' data-av_icon='\ue877' data-av_iconfont='entypo-fontello'><\/a><div class='container av-section-cont-open' ><main  role=\"main\" itemprop=\"mainContentOfPage\"  class='template-page content  av-content-small alpha units'><div class='post-entry post-entry-type-page post-entry-24'><div class='entry-content-wrapper clearfix'>\n<div  class='flex_column av-137uhg-58c291db5e6e80c398723a2e792f979e av_one_fifth  avia-builder-el-1  el_before_av_three_fifth  avia-builder-el-first  first flex_column_div  '     ><\/div><div  class='flex_column av-12jbow-d7c8146710a7668f0cd578592cd0743d av_three_fifth  avia-builder-el-2  el_after_av_one_fifth  el_before_av_one_fifth  flex_column_div  '     ><p>\n<style type=\"text\/css\" data-created_by=\"avia_inline_auto\" id=\"style-css-av-3sr38-4af5581a9f143c460c5193fb91364c8f\">\n#top .av-special-heading.av-3sr38-4af5581a9f143c460c5193fb91364c8f{\npadding-bottom:10px;\ncolor:#ffffff;\nfont-size:40px;\n}\nbody .av-special-heading.av-3sr38-4af5581a9f143c460c5193fb91364c8f .av-special-heading-tag .heading-char{\nfont-size:25px;\n}\n#top #wrap_all .av-special-heading.av-3sr38-4af5581a9f143c460c5193fb91364c8f .av-special-heading-tag{\nfont-size:40px;\n}\n.av-special-heading.av-3sr38-4af5581a9f143c460c5193fb91364c8f .special-heading-inner-border{\nborder-color:#ffffff;\n}\n.av-special-heading.av-3sr38-4af5581a9f143c460c5193fb91364c8f .av-subheading{\nfont-size:15px;\n}\n\n@media only screen and (min-width: 480px) and (max-width: 767px){ \n#top #wrap_all .av-special-heading.av-3sr38-4af5581a9f143c460c5193fb91364c8f .av-special-heading-tag{\nfont-size:0.8em;\n}\n}\n\n@media only screen and (max-width: 479px){ \n#top #wrap_all .av-special-heading.av-3sr38-4af5581a9f143c460c5193fb91364c8f .av-special-heading-tag{\nfont-size:0.8em;\n}\n}\n<\/style>\n<div  class='av-special-heading av-3sr38-4af5581a9f143c460c5193fb91364c8f av-special-heading-h1 custom-color-heading blockquote modern-quote modern-centered  avia-builder-el-3  el_before_av_hr  avia-builder-el-first  av-thin-font av-inherit-size'><h1 class='av-special-heading-tag'  itemprop=\"headline\"  >Educaci\u00f3n<strong> Infantil<\/strong> NEWMAN<\/h1><div class=\"special-heading-border\"><div class=\"special-heading-inner-border\"><\/div><\/div><\/div><br \/>\n\n<style type=\"text\/css\" data-created_by=\"avia_inline_auto\" id=\"style-css-av-11ab8s-441257565a7d69bad3da7abf390648f7\">\n#top .hr.av-11ab8s-441257565a7d69bad3da7abf390648f7{\nmargin-top:40px;\nmargin-bottom:40px;\n}\n.hr.av-11ab8s-441257565a7d69bad3da7abf390648f7 .hr-inner{\nwidth:50px;\nborder-color:#ffffff;\n}\n<\/style>\n<div  class='hr av-11ab8s-441257565a7d69bad3da7abf390648f7 hr-custom  avia-builder-el-4  el_after_av_heading  avia-builder-el-last  hr-center hr-icon-no'><span class='hr-inner inner-border-av-border-fat'><span class=\"hr-inner-style\"><\/span><\/span><\/div><\/p><\/div><div  class='flex_column av-10gvlk-bc9aec6204ef9f0bce739cadc150729a av_one_fifth  avia-builder-el-5  el_after_av_three_fifth  avia-builder-el-last  flex_column_div  '     ><\/div>\n\n<\/div><\/div><\/main><!-- close content main element --><\/div><\/div><\/div><div id='intro'  class='av-layout-grid-container av-vyr98-5719add1145f5f21fd2948f1ec56a2ac entry-content-wrapper main_color av-flex-cells  avia-builder-el-6  el_after_av_section  el_before_av_hr  grid-row-not-first  container_wrap sidebar_right'  >\n\n<style type=\"text\/css\" data-created_by=\"avia_inline_auto\" id=\"style-css-av-vbqh4-30ef1f8c4878a5cc35b4d16d9fe0e425\">\n.flex_cell.av-vbqh4-30ef1f8c4878a5cc35b4d16d9fe0e425{\nvertical-align:middle;\n}\n.responsive #top #wrap_all .flex_cell.av-vbqh4-30ef1f8c4878a5cc35b4d16d9fe0e425{\npadding:30px 30px 30px 30px !important;\n}\n<\/style>\n<div class='flex_cell av-vbqh4-30ef1f8c4878a5cc35b4d16d9fe0e425 av-gridrow-cell av_two_fifth no_margin  avia-builder-el-7  el_before_av_cell_three_fifth  avia-builder-el-first '  ><div class='flex_cell_inner'><p>\n<style type=\"text\/css\" data-created_by=\"avia_inline_auto\" id=\"style-css-av-un5oc-5e007d22590620735134d8e36972908c\">\n#top .av-special-heading.av-un5oc-5e007d22590620735134d8e36972908c{\npadding-bottom:10px;\nfont-size:40px;\n}\nbody .av-special-heading.av-un5oc-5e007d22590620735134d8e36972908c .av-special-heading-tag .heading-char{\nfont-size:25px;\n}\n#top #wrap_all .av-special-heading.av-un5oc-5e007d22590620735134d8e36972908c .av-special-heading-tag{\nfont-size:40px;\n}\n.av-special-heading.av-un5oc-5e007d22590620735134d8e36972908c .av-subheading{\nfont-size:15px;\n}\n\n@media only screen and (min-width: 480px) and (max-width: 767px){ \n#top #wrap_all .av-special-heading.av-un5oc-5e007d22590620735134d8e36972908c .av-special-heading-tag{\nfont-size:0.8em;\n}\n}\n\n@media only screen and (max-width: 479px){ \n#top #wrap_all .av-special-heading.av-un5oc-5e007d22590620735134d8e36972908c .av-special-heading-tag{\nfont-size:0.8em;\n}\n}\n<\/style>\n<div  class='av-special-heading av-un5oc-5e007d22590620735134d8e36972908c av-special-heading-h2 blockquote modern-quote modern-centered  avia-builder-el-8  el_before_av_hr  avia-builder-el-first  av-thin-font av-inherit-size'><h2 class='av-special-heading-tag'  itemprop=\"headline\"  >La aventura de descubrir <strong>la vida <\/strong> <span class='special_amp'>&amp;<\/span> su <strong>significado<\/strong><\/h2><div class=\"special-heading-border\"><div class=\"special-heading-inner-border\"><\/div><\/div><\/div><br \/>\n\n<style type=\"text\/css\" data-created_by=\"avia_inline_auto\" id=\"style-css-av-uaurw-51f8542ff1762eaf3b640f5413e117fa\">\n#top .hr.av-uaurw-51f8542ff1762eaf3b640f5413e117fa{\nmargin-top:40px;\nmargin-bottom:40px;\n}\n.hr.av-uaurw-51f8542ff1762eaf3b640f5413e117fa .hr-inner{\nwidth:50px;\nborder-color:#000000;\n}\n<\/style>\n<div  class='hr av-uaurw-51f8542ff1762eaf3b640f5413e117fa hr-custom  avia-builder-el-9  el_after_av_heading  el_before_av_textblock  hr-center hr-icon-no'><span class='hr-inner inner-border-av-border-fat'><span class=\"hr-inner-style\"><\/span><\/span><\/div><br \/>\n\n<style type=\"text\/css\" data-created_by=\"avia_inline_auto\" id=\"style-css-av-lqtjtxvz-0f432b34b406645c7799dbdcd91afe72\">\n#top .av_textblock_section.av-lqtjtxvz-0f432b34b406645c7799dbdcd91afe72 .avia_textblock{\ntext-align:justify;\n}\n<\/style>\n<section  class='av_textblock_section av-lqtjtxvz-0f432b34b406645c7799dbdcd91afe72 '   itemscope=\"itemscope\" itemtype=\"https:\/\/schema.org\/CreativeWork\" ><div class='avia_textblock'  itemprop=\"text\" ><p>A partir de los tres a\u00f1os comienza el segundo ciclo de<strong> Educaci\u00f3n Infantil<\/strong>. Para muchos ni\u00f1os significa salir del entorno de una peque\u00f1a Escuela Infantil para ingresar en un colegio de otras dimensiones, tanto en instalaciones como en alumnado. Es por tanto una etapa decisiva que se va a desarrollar a lo largo de tres cursos en los que los ni\u00f1os, con los ojos abiertos de par en par, miran todas las cosas llenos de curiosidad y asombro, dispuestos a conocerse a s\u00ed mismos y descubrir el mundo entero.<\/p>\n<p>La<strong> finalidad del colegio <\/strong>es conocer el significado de la realidad en su totalidad, as\u00ed como del propio yo, en el desarrollo de las capacidades f\u00edsicas, sensoriales, cognoscitivas, afectivas, sociales, morales y cr\u00edticas que constituyen la vida del ni\u00f1o.<\/p>\n<\/div><\/section><br \/>\n\n<style type=\"text\/css\" data-created_by=\"avia_inline_auto\" id=\"style-css-av-lqty4k3n-86375a95e8db4134808585dff10be682\">\n#top .hr.hr-invisible.av-lqty4k3n-86375a95e8db4134808585dff10be682{\nheight:50px;\n}\n<\/style>\n<div  class='hr av-lqty4k3n-86375a95e8db4134808585dff10be682 hr-invisible  avia-builder-el-11  el_after_av_textblock  el_before_av_button '><span class='hr-inner '><span class=\"hr-inner-style\"><\/span><\/span><\/div><br \/>\n<div  class='avia-button-wrap av-lqty3pdq-4b2cfbaed5869e8c067c021a42383da6-wrap avia-button-center  avia-builder-el-12  el_after_av_hr  avia-builder-el-last '><a href='https:\/\/www.colegionewman.org\/es_es\/admision\/'  class='avia-button av-lqty3pdq-4b2cfbaed5869e8c067c021a42383da6 avia-icon_select-no avia-size-large avia-position-center avia-color-theme-color'  target=\"_blank\"  rel=\"noopener noreferrer\" ><span class='avia_iconbox_title' >VEN A CONOCERNOS<\/span><\/a><\/div><\/p>\n<\/div><\/div>\n<style type=\"text\/css\" data-created_by=\"avia_inline_auto\" id=\"style-css-av-t251w-7dc7746533650fd263b6a3ae1ab2867f\">\n.flex_cell.av-t251w-7dc7746533650fd263b6a3ae1ab2867f{\nvertical-align:middle;\n}\n.responsive #top #wrap_all .flex_cell.av-t251w-7dc7746533650fd263b6a3ae1ab2867f{\npadding:0px 0px 0px 0px !important;\n}\n\n@media only screen and (min-width: 990px){ \n.responsive #top #wrap_all .flex_cell.av-t251w-7dc7746533650fd263b6a3ae1ab2867f{\npadding:0 0 0 0 !important;\n}\n}\n<\/style>\n<div class='flex_cell av-t251w-7dc7746533650fd263b6a3ae1ab2867f av-gridrow-cell av_three_fifth no_margin  avia-builder-el-13  el_after_av_cell_two_fifth  avia-builder-el-last  av-zero-padding'  ><div class='flex_cell_inner'>\n<style type=\"text\/css\" data-created_by=\"avia_inline_auto\" id=\"style-css-av-lqttq52k-66fac866ff08e851c8435bf44f4b2e47\">\n.avia-image-container.av-lqttq52k-66fac866ff08e851c8435bf44f4b2e47 img.avia_image{\nbox-shadow:none;\n}\n.avia-image-container.av-lqttq52k-66fac866ff08e851c8435bf44f4b2e47 .av-image-caption-overlay-center{\ncolor:#ffffff;\n}\n<\/style>\n<div  class='avia-image-container av-lqttq52k-66fac866ff08e851c8435bf44f4b2e47 av-styling- avia-align-center  avia-builder-el-14  avia-builder-el-no-sibling '   itemprop=\"image\" itemscope=\"itemscope\" itemtype=\"https:\/\/schema.org\/ImageObject\" ><div class=\"avia-image-container-inner\"><div class=\"avia-image-overlay-wrap\"><img decoding=\"async\" fetchpriority=\"high\" class='wp-image-588 avia-img-lazy-loading-not-588 avia_image ' src=\"https:\/\/www.colegionewman.org\/wp-content\/uploads\/2023\/12\/infantil-newman-1000x630.jpg\" alt='Aula en din\u00e1mica de aprendizaje temprano del colegio educaci\u00f3n infantil.' title='infantil newman'  height=\"630\" width=\"1000\"  itemprop=\"thumbnailUrl\"  \/><\/div><\/div><\/div>\n<\/div><\/div>\n<\/div><div id='after_grid_row_1'  class='main_color av_default_container_wrap container_wrap sidebar_right'  ><div class='container av-section-cont-open' ><div class='template-page content  av-content-small alpha units'><div class='post-entry post-entry-type-page post-entry-24'><div class='entry-content-wrapper clearfix'>\n\n<style type=\"text\/css\" data-created_by=\"avia_inline_auto\" id=\"style-css-av-13gp4-1dde84da9f670a973e9a0fdb74e9c0cd\">\n#top .hr.hr-invisible.av-13gp4-1dde84da9f670a973e9a0fdb74e9c0cd{\nheight:5px;\n}\n<\/style>\n<div  class='hr av-13gp4-1dde84da9f670a973e9a0fdb74e9c0cd hr-invisible  avia-builder-el-15  el_after_av_layout_row  el_before_av_section  avia-builder-el-no-sibling '><span class='hr-inner '><span class=\"hr-inner-style\"><\/span><\/span><\/div>\n<\/div><\/div><\/div><!-- close content main div --><\/div><\/div>\n<style type=\"text\/css\" data-created_by=\"avia_inline_auto\" id=\"style-css-av-pbkgc-66773371a13853bf247b39d7eda21301\">\n.avia-section.av-pbkgc-66773371a13853bf247b39d7eda21301 .av-parallax .av-parallax-inner{\nbackground-repeat:no-repeat;\nbackground-image:url(https:\/\/www.colegionewman.org\/wp-content\/uploads\/2024\/01\/cuentos-en-infantil.jpg);\nbackground-position:50% 0%;\nbackground-attachment:scroll;\n}\n.avia-section.av-pbkgc-66773371a13853bf247b39d7eda21301 .av-section-color-overlay{\nopacity:0.7;\nbackground-color:#000000;\n}\n<\/style>\n<div id='video'  class='avia-section av-pbkgc-66773371a13853bf247b39d7eda21301 main_color avia-section-huge avia-no-shadow  avia-builder-el-16  el_after_av_hr  el_before_av_one_full  avia-full-stretch av-parallax-section avia-bg-style-parallax av-section-color-overlay-active container_wrap sidebar_right'  data-section-bg-repeat='stretch'><div class='av-parallax' data-avia-parallax-ratio='0.3' ><div class='av-parallax-inner main_color avia-full-stretch'><\/div><\/div><div class=\"av-section-color-overlay-wrap\"><div class=\"av-section-color-overlay\"><\/div><div class='container av-section-cont-open' ><div class='template-page content  av-content-small alpha units'><div class='post-entry post-entry-type-page post-entry-24'><div class='entry-content-wrapper clearfix'>\n<div  class='flex_column av-flob8-23fe0d524d8c30cb81975765ac1184a9 av_one_full  avia-builder-el-17  avia-builder-el-no-sibling  first flex_column_div  '     ><style type=\"text\/css\" data-created_by=\"avia_inline_auto\" id=\"style-css-av-lqtt5ag5-375011881b1955ffc34797cde8185bd9\">\n#top .av-special-heading.av-lqtt5ag5-375011881b1955ffc34797cde8185bd9{\npadding-bottom:10px;\ncolor:#ffffff;\nfont-size:40px;\n}\nbody .av-special-heading.av-lqtt5ag5-375011881b1955ffc34797cde8185bd9 .av-special-heading-tag .heading-char{\nfont-size:25px;\n}\n#top #wrap_all .av-special-heading.av-lqtt5ag5-375011881b1955ffc34797cde8185bd9 .av-special-heading-tag{\nfont-size:40px;\n}\n.av-special-heading.av-lqtt5ag5-375011881b1955ffc34797cde8185bd9 .special-heading-inner-border{\nborder-color:#ffffff;\n}\n.av-special-heading.av-lqtt5ag5-375011881b1955ffc34797cde8185bd9 .av-subheading{\nfont-size:15px;\n}\n\n@media only screen and (min-width: 480px) and (max-width: 767px){ \n#top #wrap_all .av-special-heading.av-lqtt5ag5-375011881b1955ffc34797cde8185bd9 .av-special-heading-tag{\nfont-size:0.8em;\n}\n}\n\n@media only screen and (max-width: 479px){ \n#top #wrap_all .av-special-heading.av-lqtt5ag5-375011881b1955ffc34797cde8185bd9 .av-special-heading-tag{\nfont-size:0.8em;\n}\n}\n<\/style>\n<div  class='av-special-heading av-lqtt5ag5-375011881b1955ffc34797cde8185bd9 av-special-heading-h2 custom-color-heading blockquote modern-quote modern-centered  avia-builder-el-18  avia-builder-el-no-sibling  av-thin-font av-inherit-size'><h2 class='av-special-heading-tag'  itemprop=\"headline\"  ><strong>Proyecto<\/strong> educativo por cursos<\/h2><div class=\"special-heading-border\"><div class=\"special-heading-inner-border\"><\/div><\/div><\/div><\/div>\n<\/div><\/div><\/div><!-- close content main div --><\/div><\/div><\/div><div id='after_section_2'  class='main_color av_default_container_wrap container_wrap sidebar_right'  ><div class='container av-section-cont-open' ><div class='template-page content  av-content-small alpha units'><div class='post-entry post-entry-type-page post-entry-24'><div class='entry-content-wrapper clearfix'>\n<div  class='flex_column av-fe0m8-56e932e3c65f960bc1b09a9212646715 av_one_full  avia-builder-el-19  el_after_av_section  el_before_av_section  avia-builder-el-no-sibling  first flex_column_div  '     ><style type=\"text\/css\" data-created_by=\"avia_inline_auto\" id=\"style-css-av-lqttf1fu-ccb44cab350ca21f0b186bca7ef97d73\">\n.avia-timeline-container.av-lqttf1fu-ccb44cab350ca21f0b186bca7ef97d73 .av-milestone-date{\ncolor:#025984;\n}\n.avia-timeline-container.av-lqttf1fu-ccb44cab350ca21f0b186bca7ef97d73 .av-milestone-content{\nfont-size:13px;\n}\n.avia-timeline-container.av-lqttf1fu-ccb44cab350ca21f0b186bca7ef97d73 .av-milestone-icon-inner{\nbackground-color:#025984;\n}\n.avia-timeline-container.av-lqttf1fu-ccb44cab350ca21f0b186bca7ef97d73 .av-milestone-indicator{\nbackground-color:#025984;\n}\n.avia-timeline-container.av-lqttf1fu-ccb44cab350ca21f0b186bca7ef97d73 .av-milestone-article-footer{\nbackground-color:#025984;\n}\n<\/style>\n<div  id=\"avia-timeline-1\"  class='avia-timeline-container av-lqttf1fu-ccb44cab350ca21f0b186bca7ef97d73 av-slideshow-ui  avia-builder-el-20  avia-builder-el-no-sibling  avia-slideshow-carousel' avia-data-slides='3'><ul class='avia-timeline avia-timeline-horizontal av-milestone-placement-top avia-timeline- avia_animate_when_almost_visible avia-timeline-animate'>\n<li  class='av-milestone av-lqttcaq7-dcb5f8e281e0a0668838349d44b27aba av-animated-generic fade-in av-milestone-odd'><h2 class='av-milestone-date ' id='milestone-1o-infantil'><strong>1\u00ba Infantil<span class='av-milestone-indicator'><\/span><\/strong><\/h2><div class=\"av-milestone-icon-wrap\"><span class='av-milestone-icon milestone_icon avia-font-entypo-fontello'><span class='av-milestone-icon-inner milestone_inner'><i class='milestone-char' aria-hidden='true' data-av_icon='\ue8a0' data-av_iconfont='entypo-fontello'><\/i><\/span><\/span><\/div><article class='av-milestone-content-wrap'><div class='av-milestone-contentbox'><header class=\"entry-content-header\"><h4 class='av-milestone-title '>Ratones<\/h4><\/header><div class='av-milestone-content'><p style=\"text-align: justify;\">En el primer curso de Infantil el ni\u00f1o\u00a0<strong>vive el momento fascinante de descubrir su propio yo, su identidad, sus deseos y necesidades m\u00e1s profundos<\/strong>, aunque a\u00fan no pueda expresarlo. Necesita sentirse muy querido en el colegio, ya que se separa de mam\u00e1 y pap\u00e1, y observa con detenimiento todo lo que le rodea interpretando el mundo y su significado a trav\u00e9s de lo que hacen y dicen los adultos.<\/p>\n<\/div><\/div><footer class='av-milestone-article-footer entry-footer'><\/footer><\/article><\/li>\n<li  class='av-milestone av-lqttctcs-db2602534631b522e668dce808440247 av-animated-generic fade-in av-milestone-even'><h2 class='av-milestone-date ' id='milestone-2o-infantil'><strong>2\u00ba Infantil<span class='av-milestone-indicator'><\/span><\/strong><\/h2><div class=\"av-milestone-icon-wrap\"><span class='av-milestone-icon milestone_icon avia-font-entypo-fontello'><span class='av-milestone-icon-inner milestone_inner'><i class='milestone-char' aria-hidden='true' data-av_icon='\ue8a1' data-av_iconfont='entypo-fontello'><\/i><\/span><\/span><\/div><article class='av-milestone-content-wrap'><div class='av-milestone-contentbox'><header class=\"entry-content-header\"><h4 class='av-milestone-title '>Leones<\/h4><\/header><div class='av-milestone-content'><p style=\"text-align: justify;\">En el segundo curso de Infantil contin\u00faa el proceso de comprender qui\u00e9n es y\u00a0<strong>comienza a descubrir que tambi\u00e9n existe el \u201cotro\u201d<\/strong>, de modo que la relaci\u00f3n con los dem\u00e1s ni\u00f1os le hace entablar las primeras amistades y juegos compartidos. Necesita aprender a ponerse en el lugar del otro, a compartir, ceder, perdonar y disfrutar de la compa\u00f1\u00eda de los amigos.<\/p>\n<\/div><\/div><footer class='av-milestone-article-footer entry-footer'><\/footer><\/article><\/li>\n<li  class='av-milestone av-lqtteu8s-dc5da2287f25dd8bf5d55e945db88ad3 av-animated-generic fade-in av-milestone-odd'><h2 class='av-milestone-date ' id='milestone-3o-infantil'><strong>3\u00ba Infantil<span class='av-milestone-indicator'><\/span><\/strong><\/h2><div class=\"av-milestone-icon-wrap\"><span class='av-milestone-icon milestone_icon avia-font-entypo-fontello'><span class='av-milestone-icon-inner milestone_inner'><i class='milestone-char' aria-hidden='true' data-av_icon='\ue8a2' data-av_iconfont='entypo-fontello'><\/i><\/span><\/span><\/div><article class='av-milestone-content-wrap'><div class='av-milestone-contentbox'><header class=\"entry-content-header\"><h4 class='av-milestone-title '>Dragones<\/h4><\/header><div class='av-milestone-content'><p style=\"text-align: justify;\">En el tercer curso de Infantil el ni\u00f1o\u00a0<strong>expresa sus preguntas, inquietudes, experiencias y deseos de un modo mucho m\u00e1s concreto<\/strong>. Por ello le interesa participar en conversaciones, preguntarlo todo, realizar actividades m\u00e1s elaboradas, dibujar con m\u00e1s realismo, escuchar a los mayores, iniciarse en la escritura, jugar en equipo, ser competitivo en los deportes\u2026 A trav\u00e9s de todas estas experiencias ir\u00e1 poco a poco madurando y comprendiendo un poco m\u00e1s el sentido del vivir.<\/p>\n<\/div><\/div><footer class='av-milestone-article-footer entry-footer'><\/footer><\/article><\/li>\n<\/ul><div class='avia-slideshow-arrows avia-slideshow-controls av-timeline-nav ' ><a href='#prev' class='prev-slide prev-slide av-timeline-nav-prev av-nav-btn' aria-hidden='true' data-av_icon='\ue87c' data-av_iconfont='entypo-fontello'  tabindex='-1'>Anterior<\/a><a href='#next' class='next-slide next-slide av-timeline-nav-next av-nav-btn' aria-hidden='true' data-av_icon='\ue87d' data-av_iconfont='entypo-fontello'  tabindex='-1'>Posterior<\/a><\/div><\/div><\/div>\n<\/div><\/div><\/div><!-- close content main div --><\/div><\/div>\n<style type=\"text\/css\" data-created_by=\"avia_inline_auto\" id=\"style-css-av-lqttol0r-a1c5dfe2ea5cc2c32b59190f2413db7f\">\n.avia-section.av-lqttol0r-a1c5dfe2ea5cc2c32b59190f2413db7f .av-parallax .av-parallax-inner{\nbackground-repeat:no-repeat;\nbackground-image:url(https:\/\/www.colegionewman.org\/wp-content\/uploads\/2024\/01\/trabajos-de-arte.jpg);\nbackground-position:50% 100%;\nbackground-attachment:scroll;\n}\n.avia-section.av-lqttol0r-a1c5dfe2ea5cc2c32b59190f2413db7f .av-section-color-overlay{\nopacity:0.4;\nbackground-color:#000000;\n}\n<\/style>\n<div id='video'  class='avia-section av-lqttol0r-a1c5dfe2ea5cc2c32b59190f2413db7f main_color avia-section-huge avia-no-shadow  avia-builder-el-21  el_after_av_one_full  el_before_av_section  avia-full-stretch av-parallax-section avia-bg-style-parallax av-section-color-overlay-active container_wrap sidebar_right'  data-section-bg-repeat='stretch'><div class='av-parallax' data-avia-parallax-ratio='0.3' ><div class='av-parallax-inner main_color avia-full-stretch'><\/div><\/div><div class=\"av-section-color-overlay-wrap\"><div class=\"av-section-color-overlay\"><\/div><div class='container av-section-cont-open' ><div class='template-page content  av-content-small alpha units'><div class='post-entry post-entry-type-page post-entry-24'><div class='entry-content-wrapper clearfix'>\n<div  class='flex_column av-euppk-3e7c2553582ea9a12f11476bcbc4e13a av_one_full  avia-builder-el-22  avia-builder-el-no-sibling  first flex_column_div  '     ><style type=\"text\/css\" data-created_by=\"avia_inline_auto\" id=\"style-css-av-lqtw508z-f80ee323dd635647878aa611ee548178\">\n#top .av-special-heading.av-lqtw508z-f80ee323dd635647878aa611ee548178{\nmargin:10px 10px 10px 10px;\npadding-bottom:10px;\ncolor:#ffffff;\nfont-size:40px;\n}\nbody .av-special-heading.av-lqtw508z-f80ee323dd635647878aa611ee548178 .av-special-heading-tag .heading-char{\nfont-size:25px;\n}\n#top #wrap_all .av-special-heading.av-lqtw508z-f80ee323dd635647878aa611ee548178 .av-special-heading-tag{\nfont-size:40px;\npadding:10px 10px 10px 10px;\n}\n.av-special-heading.av-lqtw508z-f80ee323dd635647878aa611ee548178 .special-heading-inner-border{\nborder-color:#ffffff;\n}\n.av-special-heading.av-lqtw508z-f80ee323dd635647878aa611ee548178 .av-subheading{\nfont-size:15px;\n}\n\n@media only screen and (min-width: 990px){ \n#top .av-special-heading.av-lqtw508z-f80ee323dd635647878aa611ee548178{\nmargin:10px 10px 10px 10px;\n}\n}\n\n@media only screen and (min-width: 480px) and (max-width: 767px){ \n#top #wrap_all .av-special-heading.av-lqtw508z-f80ee323dd635647878aa611ee548178 .av-special-heading-tag{\nfont-size:0.8em;\n}\n}\n\n@media only screen and (max-width: 479px){ \n#top #wrap_all .av-special-heading.av-lqtw508z-f80ee323dd635647878aa611ee548178 .av-special-heading-tag{\nfont-size:0.8em;\n}\n}\n<\/style>\n<div  class='av-special-heading av-lqtw508z-f80ee323dd635647878aa611ee548178 av-special-heading-h2 custom-color-heading blockquote modern-quote modern-centered  avia-builder-el-23  avia-builder-el-no-sibling  av-thin-font av-inherit-size'><h2 class='av-special-heading-tag'  itemprop=\"headline\"  >Una propuesta <strong>\u00fanica e integral<\/strong><\/h2><div class=\"special-heading-border\"><div class=\"special-heading-inner-border\"><\/div><\/div><\/div><\/div>\n\n<\/div><\/div><\/div><!-- close content main div --><\/div><\/div><\/div>\n<style type=\"text\/css\" data-created_by=\"avia_inline_auto\" id=\"style-css-av-lqtthkmr-9c100c64361e0869ac7ea354382611ec\">\n.avia-section.av-lqtthkmr-9c100c64361e0869ac7ea354382611ec{\nbackground-color:#efefef;\nbackground-image:unset;\n}\n<\/style>\n<div id='video'  class='avia-section av-lqtthkmr-9c100c64361e0869ac7ea354382611ec main_color avia-section-huge avia-no-shadow  avia-builder-el-24  el_after_av_section  el_before_av_layout_row  avia-bg-style-parallax container_wrap sidebar_right'  ><div class='container av-section-cont-open' ><div class='template-page content  av-content-small alpha units'><div class='post-entry post-entry-type-page post-entry-24'><div class='entry-content-wrapper clearfix'>\n<div  class='flex_column av-dgs3o-d10d2f313555b1516b0276817cc11308 av_one_full  avia-builder-el-25  el_before_av_one_full  avia-builder-el-first  first flex_column_div  '     ><p>\n<style type=\"text\/css\" data-created_by=\"avia_inline_auto\" id=\"style-css-av-lqttwoe6-f2670e9fe24ddf3b6b6bf3d71070d82f\">\n#top .av-special-heading.av-lqttwoe6-f2670e9fe24ddf3b6b6bf3d71070d82f{\npadding-bottom:10px;\ncolor:#000000;\nfont-size:40px;\n}\nbody .av-special-heading.av-lqttwoe6-f2670e9fe24ddf3b6b6bf3d71070d82f .av-special-heading-tag .heading-char{\nfont-size:25px;\n}\n#top #wrap_all .av-special-heading.av-lqttwoe6-f2670e9fe24ddf3b6b6bf3d71070d82f .av-special-heading-tag{\nfont-size:40px;\n}\n.av-special-heading.av-lqttwoe6-f2670e9fe24ddf3b6b6bf3d71070d82f .special-heading-inner-border{\nborder-color:#000000;\n}\n.av-special-heading.av-lqttwoe6-f2670e9fe24ddf3b6b6bf3d71070d82f .av-subheading{\nfont-size:15px;\n}\n\n@media only screen and (min-width: 480px) and (max-width: 767px){ \n#top #wrap_all .av-special-heading.av-lqttwoe6-f2670e9fe24ddf3b6b6bf3d71070d82f .av-special-heading-tag{\nfont-size:0.8em;\n}\n}\n\n@media only screen and (max-width: 479px){ \n#top #wrap_all .av-special-heading.av-lqttwoe6-f2670e9fe24ddf3b6b6bf3d71070d82f .av-special-heading-tag{\nfont-size:0.8em;\n}\n}\n<\/style>\n<div  class='av-special-heading av-lqttwoe6-f2670e9fe24ddf3b6b6bf3d71070d82f av-special-heading-h2 custom-color-heading blockquote modern-quote modern-centered  avia-builder-el-26  el_before_av_toggle_container  avia-builder-el-first  av-thin-font av-inherit-size'><h2 class='av-special-heading-tag'  itemprop=\"headline\"  ><strong>Criterios<\/strong>  did\u00e1cticos<\/h2><div class=\"special-heading-border\"><div class=\"special-heading-inner-border\"><\/div><\/div><\/div><br \/>\n\n<style type=\"text\/css\" data-created_by=\"avia_inline_auto\" id=\"style-css-av-cn29s-5f3abfcb830ded3e0b9ff1fd75d43314\">\n#top .togglecontainer.av-cn29s-5f3abfcb830ded3e0b9ff1fd75d43314 p.toggler{\ncolor:#000000;\nbackground-color:#ffffff;\n}\n#top .togglecontainer.av-cn29s-5f3abfcb830ded3e0b9ff1fd75d43314 p.toggler.activeTitle{\ncolor:#004c6a;\nborder-color:#004c6a;\n}\n#top .togglecontainer.av-cn29s-5f3abfcb830ded3e0b9ff1fd75d43314 p.toggler:not(.activeTitle):hover .toggle_icon, #top .togglecontainer.av-cn29s-5f3abfcb830ded3e0b9ff1fd75d43314 p.toggler:not(.activeTitle):hover .toggle_icon *{\nborder-color: !important;\n}\n#top .togglecontainer.av-cn29s-5f3abfcb830ded3e0b9ff1fd75d43314 p.toggler .toggle_icon{\ncolor:#004c6a;\nborder-color:#004c6a;\n}\n#top .togglecontainer.av-cn29s-5f3abfcb830ded3e0b9ff1fd75d43314 p.toggler .toggle_icon > span{\ncolor:#004c6a;\nborder-color:#004c6a;\n}\n#top .togglecontainer.av-cn29s-5f3abfcb830ded3e0b9ff1fd75d43314 .toggle_wrap .toggle_content{\ncolor:#000000;\nbackground-color:#ffffff;\n}\n<\/style>\n<div  class='togglecontainer av-cn29s-5f3abfcb830ded3e0b9ff1fd75d43314 av-elegant-toggle  avia-builder-el-27  el_after_av_heading  avia-builder-el-last  toggle_close_all' >\n<section class='av_toggle_section av-cd7so-7bd3602fd0883cbf8c989d30ae6296e1'  itemscope=\"itemscope\" itemtype=\"https:\/\/schema.org\/CreativeWork\" ><div role=\"tablist\" class=\"single_toggle\" data-tags=\"{Todo} \"  ><p data-fake-id='#toggle-id-1' class='toggler   '  itemprop=\"headline\"  role='tab' tabindex='0' aria-controls='toggle-id-1'>La compa\u00f1\u00eda de un adulto para crecer y aprender<span class=\"toggle_icon\"><span class=\"vert_icon\"><\/span><span class=\"hor_icon\"><\/span><\/span><\/p><div id='toggle-id-1' class='toggle_wrap  '  ><div class='toggle_content invers-color '  itemprop=\"text\" ><p style=\"text-align: justify;\">Los ni\u00f1os s\u00f3lo pueden crecer y aprender si se encuentran acompa\u00f1ados de personas que vivan la relaci\u00f3n educativa como un gesto de amor hacia ellos. Por este motivo es fundamental la presencia de los padres y de otros adultos que puedan comunicar a los ni\u00f1os su forma de ver la vida ofreci\u00e9ndosela y comparti\u00e9ndola con ellos. En este sentido es decisiva la relaci\u00f3n con los padres, ya que son los primeros responsables de la educaci\u00f3n de sus hijos y nos los conf\u00edan como colaboradores suyos en esta tarea.<\/p>\n<p style=\"text-align: justify;\">Por ello la relaci\u00f3n con las familias ha de ser fluida, cordial y con gran disponibilidad por parte del colegio, de ah\u00ed la variedad de cauces de comunicaci\u00f3n que el colegio ofrece. Y lo primero que hace posible que el ni\u00f1o pueda moverse con libertad y seguridad, entre en acci\u00f3n, experimente, se relacione, se exprese sin miedo a equivocarse o a ser corregido, nace continuamente del v\u00ednculo afectivo que mantiene con el adulto. Es el motor que le lanza con atrevimiento a la vida. Por eso en el colegio nuestro primer objetivo es que cada ni\u00f1o se sienta querido tal y como es, experimentando que tiene un valor \u00fanico y que est\u00e1 destinado para ser feliz.<\/p>\n<\/div><\/div><\/div><\/section>\n<section class='av_toggle_section av-btjb4-9474da367087a2cf9dea73f1b3b431f5'  itemscope=\"itemscope\" itemtype=\"https:\/\/schema.org\/CreativeWork\" ><div role=\"tablist\" class=\"single_toggle\" data-tags=\"{Todo} \"  ><p data-fake-id='#toggle-id-2' class='toggler   '  itemprop=\"headline\"  role='tab' tabindex='0' aria-controls='toggle-id-2'>Educar: descubrir de qu\u00e9 est\u00e1 hecho cada uno<span class=\"toggle_icon\"><span class=\"vert_icon\"><\/span><span class=\"hor_icon\"><\/span><\/span><\/p><div id='toggle-id-2' class='toggle_wrap  '  ><div class='toggle_content invers-color '  itemprop=\"text\" ><p style=\"text-align: justify;\">El que educa acepta al ni\u00f1o como es y le acompa\u00f1a en su b\u00fasqueda de la verdad, rode\u00e1ndole de oportunidades para que recorra su camino, reconociendo que el ni\u00f1o es protagonista de su biograf\u00eda y que tiene unas necesidades b\u00e1sicas y unos ritmos que no son los nuestros.<\/p>\n<p style=\"text-align: justify;\">En la etapa de Infantil necesitamos que aflore todo el potencial que llevan dentro y para ello es fundamental permitirles que ellos sean los protagonistas de su propia aventura, no sustituy\u00e9ndoles y anim\u00e1ndoles a crecer a trav\u00e9s de todo lo que sucede, lo grande y lo peque\u00f1o. Este ayudar a que aflore lo que uno lleva dentro est\u00e1 contenido en la ra\u00edz etimol\u00f3gica de la palabra \u201ceducar\u201d (\u201cEx y ducere\u201d), es decir, acompa\u00f1ar, sacando lo mejor de cada uno desde dentro hacia fuera.<\/p>\n<\/div><\/div><\/div><\/section>\n<section class='av_toggle_section av-b5pto-b925772034fe831408a52257aed533ed'  itemscope=\"itemscope\" itemtype=\"https:\/\/schema.org\/CreativeWork\" ><div role=\"tablist\" class=\"single_toggle\" data-tags=\"{Todo} \"  ><p data-fake-id='#toggle-id-3' class='toggler   '  itemprop=\"headline\"  role='tab' tabindex='0' aria-controls='toggle-id-3'>En la mirada de quien me quiere empiezo a ser yo mismo<span class=\"toggle_icon\"><span class=\"vert_icon\"><\/span><span class=\"hor_icon\"><\/span><\/span><\/p><div id='toggle-id-3' class='toggle_wrap  '  ><div class='toggle_content invers-color '  itemprop=\"text\" ><p style=\"text-align: justify;\">Para ello es muy importante darles seguridad, transmitirles que ellos pueden hacerlo. Ellos conocer\u00e1n su valor cuando les invitemos a hacer las cosas que creen que no pueden hacer solos. Esto se llama autonom\u00eda. Ser aut\u00f3nomo no es hacer las cosas solo, sino crecer dentro de una relaci\u00f3n con alguien que me ayuda a salir de mi mismo, de mis peque\u00f1as medidas. El desaf\u00edo para nosotros, los profesores, es que su deseo no disminuya, sino que cada d\u00eda se acent\u00fae m\u00e1s en ellos la atracci\u00f3n y el gusto por lo que se les propone en el colegio.<\/p>\n<p style=\"text-align: justify;\">Los ni\u00f1os viven con intensidad y asombro cada momento del presente, de modo que para ellos la felicidad nunca est\u00e1 en el \u201ccuando llegue\u201d sino que est\u00e1 en el \u201cmientras.\u201d Para ello necesitamos partir siempre de su situaci\u00f3n respetando cada paso del camino, esperando con paciencia sus ritmos, sin prisas, partiendo de la situaci\u00f3n que viven en ese momento&#8230;<\/p>\n<p style=\"text-align: justify;\">Adem\u00e1s los ni\u00f1os peque\u00f1os necesitan que sus ritmos biol\u00f3gicos sean bien atendidos del sue\u00f1o, de comer, intelectuales para aprender, para entender, afectivos necesitan abrazos, quieren ser escuchados, mirados con compasi\u00f3n, con cari\u00f1o&#8230;<\/p>\n<\/div><\/div><\/div><\/section>\n<section class='av_toggle_section av-aleng-ec698d91f5094fb15ca256ab53cf3d46'  itemscope=\"itemscope\" itemtype=\"https:\/\/schema.org\/CreativeWork\" ><div role=\"tablist\" class=\"single_toggle\" data-tags=\"{Todo} \"  ><p data-fake-id='#toggle-id-4' class='toggler   '  itemprop=\"headline\"  role='tab' tabindex='0' aria-controls='toggle-id-4'>El respeto a sus necesidades y ritmos<span class=\"toggle_icon\"><span class=\"vert_icon\"><\/span><span class=\"hor_icon\"><\/span><\/span><\/p><div id='toggle-id-4' class='toggle_wrap  '  ><div class='toggle_content invers-color '  itemprop=\"text\" ><p style=\"text-align: justify;\">El ni\u00f1o tiene un reloj interno y \u00e9l mismo no lo que \u00e9l pide, sino lo que pide su naturaleza es la medida de lo que necesita. Respetar los ritmos del ni\u00f1o tambi\u00e9n es respetar las etapas de su desarrollo sin adelantarlas. Necesitan que respetemos sus etapas cognitivas, afectivas, que protejamos su inocencia, sin ceder a la tentaci\u00f3n de una reducci\u00f3n del tiempo de su infancia.<\/p>\n<\/div><\/div><\/div><\/section>\n<section class='av_toggle_section av-aleng-15-ba9c982180375e554129555b63ba5f97'  itemscope=\"itemscope\" itemtype=\"https:\/\/schema.org\/CreativeWork\" ><div role=\"tablist\" class=\"single_toggle\" data-tags=\"{Todo} \"  ><p data-fake-id='#toggle-id-5' class='toggler   '  itemprop=\"headline\"  role='tab' tabindex='0' aria-controls='toggle-id-5'>La sorpresa de vivir juntos la vida cotidiana: h\u00e1bitos y rutinas<span class=\"toggle_icon\"><span class=\"vert_icon\"><\/span><span class=\"hor_icon\"><\/span><\/span><\/p><div id='toggle-id-5' class='toggle_wrap  '  ><div class='toggle_content invers-color '  itemprop=\"text\" ><p style=\"text-align: justify;\">En el colegio queremos ofrecerles un ambiente seguro, afable y tranquilo. A lo largo del d\u00eda les proponemos gustar y vivir los h\u00e1bitos y rutinas de la vida cotidiana. Es muy importante darles unos puntos de referencia para que puedan saber que el tiempo pasa ordenadamente, que cada momento es un bien, acompa\u00f1\u00e1ndoles con indicaciones sencillas y claras. Necesitan saber que \u201cahora se hace esto y nada m\u00e1s\u201d.<\/p>\n<p style=\"text-align: justify;\">Todos los momentos son ocasiones para descubrirse en acci\u00f3n y sentirse seguros y protagonistas: sentarse en la asamblea, ir al ba\u00f1o de forma aut\u00f3noma, recoger lo que usamos, participar en las actividades, ponerse el baby y abrocharse solo, usar su percha, ser responsables de sus cosas&#8230;<\/p>\n<p style=\"text-align: justify;\">En Infantil debemos propiciar en todo momento esta din\u00e1mica de pedirles cada cosa para que se descubran llenos de valor y sean protagonistas de las rutinas escolares: elegir cada d\u00eda a uno de encargado, invitarles a que resuelvan los peque\u00f1os problemas del aula con el profesor, sugerirles que sean una ayuda para otros ni\u00f1os que lo necesitan&#8230;<\/p>\n<p style=\"text-align: justify;\">Su desarrollo cerebral hace que en estas edades s\u00f3lo aprendan en contacto directo con la realidad, de modo que se pasan el d\u00eda observando, manipulando, experimentando y haciendo preguntas ante todo lo que se encuentran. Por eso en el colegio favorecemos el juego y las experiencias sensoriales ya que son la puerta para la adquisici\u00f3n del conocimiento y de los aprendizajes. As\u00ed como dise\u00f1ar un entorno y una metodolog\u00eda que propicie el desarrollo de actividades tangibles y experimentables para ellos.<\/p>\n<\/div><\/div><\/div><\/section>\n<section class='av_toggle_section av-aleng-14-4f9b058340f1caa0256b8e7c0349d1bc'  itemscope=\"itemscope\" itemtype=\"https:\/\/schema.org\/CreativeWork\" ><div role=\"tablist\" class=\"single_toggle\" data-tags=\"{Todo} \"  ><p data-fake-id='#toggle-id-6' class='toggler   '  itemprop=\"headline\"  role='tab' tabindex='0' aria-controls='toggle-id-6'>Compartir las preguntas, compartir la vida<span class=\"toggle_icon\"><span class=\"vert_icon\"><\/span><span class=\"hor_icon\"><\/span><\/span><\/p><div id='toggle-id-6' class='toggle_wrap  '  ><div class='toggle_content invers-color '  itemprop=\"text\" ><p style=\"text-align: justify;\">Cualquier peque\u00f1o momento del d\u00eda es una oportunidad para que el ni\u00f1o se sienta movido a aprender, a satisfacer su curiosidad, a ser aut\u00f3nomo para entender los mecanismos naturales de los objetos que le rodean a trav\u00e9s de su experiencia con lo cotidiano. Tan solo tenemos que acompa\u00f1ar al ni\u00f1o proporcion\u00e1ndole un entorno favorable para el descubrimiento. Ellos de un modo natural se asombran ante el mundo que les rodea, y su curiosidad innata les lleva a plantearse muchas preguntas.<\/p>\n<p style=\"text-align: justify;\">Preguntas que nacen de una exigencia m\u00e1s profunda, no de resolver t\u00e9cnicamente todas sus dudas, sino de entender el significado profundo de cada cosa, el famoso \u201cpor qu\u00e9\u201d que es exigencia de significado y de cumplimiento total. Es una etapa donde debemos custodiar y alimentar sus preguntas, no d\u00e1ndoles respuestas fabricadas por nosotros, sino compartiendo con ellos la belleza y el misterio de la vida.<\/p>\n<\/div><\/div><\/div><\/section>\n<\/div><\/p><\/div><div  class='flex_column av-e6cuw-52662463734a396b13b02320e5ef3548 av_one_full  avia-builder-el-28  el_after_av_one_full  el_before_av_one_half  first flex_column_div  column-top-margin'     ><style type=\"text\/css\" data-created_by=\"avia_inline_auto\" id=\"style-css-av-lqttwh9z-cf4749897f7fd5d86e1c246df6ef4980\">\n#top .av-special-heading.av-lqttwh9z-cf4749897f7fd5d86e1c246df6ef4980{\npadding-bottom:10px;\ncolor:#0a0a0a;\nfont-size:40px;\n}\nbody .av-special-heading.av-lqttwh9z-cf4749897f7fd5d86e1c246df6ef4980 .av-special-heading-tag .heading-char{\nfont-size:25px;\n}\n#top #wrap_all .av-special-heading.av-lqttwh9z-cf4749897f7fd5d86e1c246df6ef4980 .av-special-heading-tag{\nfont-size:40px;\n}\n.av-special-heading.av-lqttwh9z-cf4749897f7fd5d86e1c246df6ef4980 .special-heading-inner-border{\nborder-color:#0a0a0a;\n}\n.av-special-heading.av-lqttwh9z-cf4749897f7fd5d86e1c246df6ef4980 .av-subheading{\nfont-size:15px;\n}\n\n@media only screen and (min-width: 480px) and (max-width: 767px){ \n#top #wrap_all .av-special-heading.av-lqttwh9z-cf4749897f7fd5d86e1c246df6ef4980 .av-special-heading-tag{\nfont-size:0.8em;\n}\n}\n\n@media only screen and (max-width: 479px){ \n#top #wrap_all .av-special-heading.av-lqttwh9z-cf4749897f7fd5d86e1c246df6ef4980 .av-special-heading-tag{\nfont-size:0.8em;\n}\n}\n<\/style>\n<div  class='av-special-heading av-lqttwh9z-cf4749897f7fd5d86e1c246df6ef4980 av-special-heading-h2 custom-color-heading blockquote modern-quote modern-centered  avia-builder-el-29  avia-builder-el-no-sibling  av-thin-font av-inherit-size'><h2 class='av-special-heading-tag'  itemprop=\"headline\"  ><strong>Objetivos <\/strong>educativos<\/h2><div class=\"special-heading-border\"><div class=\"special-heading-inner-border\"><\/div><\/div><\/div><\/div><div  class='flex_column av-6a3iw-cd280add0130dc48637e2813eee1c4d5 av_one_half  avia-builder-el-30  el_after_av_one_full  el_before_av_one_half  first flex_column_div  column-top-margin'     ><style type=\"text\/css\" data-created_by=\"avia_inline_auto\" id=\"style-css-av-lqttzg3k-470207c41477099fef829a615e8bab47\">\n#top .togglecontainer.av-lqttzg3k-470207c41477099fef829a615e8bab47 p.toggler{\ncolor:#000000;\nbackground-color:#ffffff;\n}\n#top .togglecontainer.av-lqttzg3k-470207c41477099fef829a615e8bab47 p.toggler.activeTitle{\ncolor:#004c6a;\nborder-color:#004c6a;\n}\n#top .togglecontainer.av-lqttzg3k-470207c41477099fef829a615e8bab47 p.toggler:not(.activeTitle):hover .toggle_icon, #top .togglecontainer.av-lqttzg3k-470207c41477099fef829a615e8bab47 p.toggler:not(.activeTitle):hover .toggle_icon *{\nborder-color: !important;\n}\n#top .togglecontainer.av-lqttzg3k-470207c41477099fef829a615e8bab47 p.toggler .toggle_icon{\ncolor:#004c6a;\nborder-color:#004c6a;\n}\n#top .togglecontainer.av-lqttzg3k-470207c41477099fef829a615e8bab47 p.toggler .toggle_icon > span{\ncolor:#004c6a;\nborder-color:#004c6a;\n}\n#top .togglecontainer.av-lqttzg3k-470207c41477099fef829a615e8bab47 .toggle_wrap .toggle_content{\ncolor:#000000;\nbackground-color:#ffffff;\n}\n<\/style>\n<div  class='togglecontainer av-lqttzg3k-470207c41477099fef829a615e8bab47 av-elegant-toggle  avia-builder-el-31  avia-builder-el-no-sibling  toggle_close_all' >\n<section class='av_toggle_section av-lqtuixmj-a636f63ef269125b349670aa97142c13'  itemscope=\"itemscope\" itemtype=\"https:\/\/schema.org\/CreativeWork\" ><div role=\"tablist\" class=\"single_toggle\" data-tags=\"{Todo} \"  ><p data-fake-id='#toggle-id-7' class='toggler   '  itemprop=\"headline\"  role='tab' tabindex='0' aria-controls='toggle-id-7'>Descubrir el significado de la realidad<span class=\"toggle_icon\"><span class=\"vert_icon\"><\/span><span class=\"hor_icon\"><\/span><\/span><\/p><div id='toggle-id-7' class='toggle_wrap  '  ><div class='toggle_content invers-color '  itemprop=\"text\" ><p style=\"text-align: justify;\">Favorecer que los alumnos descubran y conozcan el significado de su propio yo y de la realidad que les rodea, reconociendo el significado bueno de todas las cosas que nace de la conciencia cristiana de la existencia.<\/p>\n<\/div><\/div><\/div><\/section>\n<section class='av_toggle_section av-lqtuixmj-36-dfdd6bf1ff6ad06027a1c82cff2ae7b6'  itemscope=\"itemscope\" itemtype=\"https:\/\/schema.org\/CreativeWork\" ><div role=\"tablist\" class=\"single_toggle\" data-tags=\"{Todo} \"  ><p data-fake-id='#toggle-id-8' class='toggler   '  itemprop=\"headline\"  role='tab' tabindex='0' aria-controls='toggle-id-8'>Educar en el inter\u00e9s y curiosidad<span class=\"toggle_icon\"><span class=\"vert_icon\"><\/span><span class=\"hor_icon\"><\/span><\/span><\/p><div id='toggle-id-8' class='toggle_wrap  '  ><div class='toggle_content invers-color '  itemprop=\"text\" ><p style=\"text-align: justify;\">Educar a los alumnos en el inter\u00e9s y la curiosidad por todo lo que acontece a trav\u00e9s de su capacidad de asombro y de pregunta, ayud\u00e1ndoles a mirar, sorprenderse y preguntarse ante lo que vemos y nos sucede, en todos los aspectos de la realidad.<\/p>\n<\/div><\/div><\/div><\/section>\n<section class='av_toggle_section av-lqtuixmj-35-429fee4cc4955b5052ffe5dcf8179b31'  itemscope=\"itemscope\" itemtype=\"https:\/\/schema.org\/CreativeWork\" ><div role=\"tablist\" class=\"single_toggle\" data-tags=\"{Todo} \"  ><p data-fake-id='#toggle-id-9' class='toggler   '  itemprop=\"headline\"  role='tab' tabindex='0' aria-controls='toggle-id-9'>Fomentar la participaci\u00f3n de familias<span class=\"toggle_icon\"><span class=\"vert_icon\"><\/span><span class=\"hor_icon\"><\/span><\/span><\/p><div id='toggle-id-9' class='toggle_wrap  '  ><div class='toggle_content invers-color '  itemprop=\"text\" ><p style=\"text-align: justify;\">Fomentar la participaci\u00f3n de los padres y las madres de nuestros alumnos en la vida y actividades de la Etapa de Infantil.<\/p>\n<\/div><\/div><\/div><\/section>\n<section class='av_toggle_section av-lqtuixmj-34-57d81279cdaac94185b4165a6fa86dce'  itemscope=\"itemscope\" itemtype=\"https:\/\/schema.org\/CreativeWork\" ><div role=\"tablist\" class=\"single_toggle\" data-tags=\"{Todo} \"  ><p data-fake-id='#toggle-id-10' class='toggler   '  itemprop=\"headline\"  role='tab' tabindex='0' aria-controls='toggle-id-10'>Conocerse a s\u00ed mismos<span class=\"toggle_icon\"><span class=\"vert_icon\"><\/span><span class=\"hor_icon\"><\/span><\/span><\/p><div id='toggle-id-10' class='toggle_wrap  '  ><div class='toggle_content invers-color '  itemprop=\"text\" ><p style=\"text-align: justify;\">Conocer su propio cuerpo y sus posibilidades de acci\u00f3n, y adquirir una imagen ajustada y positiva de s\u00ed mismo: ser consciente de sus exigencias fundamentales de verdad, belleza, bien, justicia, libertad y felicidad.<\/p>\n<\/div><\/div><\/div><\/section>\n<section class='av_toggle_section av-lqtuixmj-34-13-6b4a4812e16c3c66310feb42f3c10448'  itemscope=\"itemscope\" itemtype=\"https:\/\/schema.org\/CreativeWork\" ><div role=\"tablist\" class=\"single_toggle\" data-tags=\"{Todo} \"  ><p data-fake-id='#toggle-id-11' class='toggler   '  itemprop=\"headline\"  role='tab' tabindex='0' aria-controls='toggle-id-11'>Desarrollar la capacidad sensorial<span class=\"toggle_icon\"><span class=\"vert_icon\"><\/span><span class=\"hor_icon\"><\/span><\/span><\/p><div id='toggle-id-11' class='toggle_wrap  '  ><div class='toggle_content invers-color '  itemprop=\"text\" ><p style=\"text-align: justify;\">Desarrollar su capacidad sensorial como instrumento para conocer la realidad y a s\u00ed mismos.<\/p>\n<\/div><\/div><\/div><\/section>\n<section class='av_toggle_section av-lqtuixmj-34-12-bab7d17b246b0174681516b58f3ca220'  itemscope=\"itemscope\" itemtype=\"https:\/\/schema.org\/CreativeWork\" ><div role=\"tablist\" class=\"single_toggle\" data-tags=\"{Todo} \"  ><p data-fake-id='#toggle-id-12' class='toggler   '  itemprop=\"headline\"  role='tab' tabindex='0' aria-controls='toggle-id-12'>Observar la realidad familiar<span class=\"toggle_icon\"><span class=\"vert_icon\"><\/span><span class=\"hor_icon\"><\/span><\/span><\/p><div id='toggle-id-12' class='toggle_wrap  '  ><div class='toggle_content invers-color '  itemprop=\"text\" ><p style=\"text-align: justify;\">Observar y explorar la realidad familiar, social y natural, y conocer su valor desde la conciencia cristiana de la vida.<\/p>\n<\/div><\/div><\/div><\/section>\n<section class='av_toggle_section av-lqtuixmj-34-11-cb704d88de0881e06ad7fc95a4d14696'  itemscope=\"itemscope\" itemtype=\"https:\/\/schema.org\/CreativeWork\" ><div role=\"tablist\" class=\"single_toggle\" data-tags=\"{Todo} \"  ><p data-fake-id='#toggle-id-13' class='toggler   '  itemprop=\"headline\"  role='tab' tabindex='0' aria-controls='toggle-id-13'>Fomentar el gusto por la belleza<span class=\"toggle_icon\"><span class=\"vert_icon\"><\/span><span class=\"hor_icon\"><\/span><\/span><\/p><div id='toggle-id-13' class='toggle_wrap  '  ><div class='toggle_content invers-color '  itemprop=\"text\" ><p style=\"text-align: justify;\">Fomentar el gusto por la belleza, el orden, la limpieza y el buen uso de todos los recursos materiales e instalaciones del colegio invitando a los ni\u00f1os a que colaboren con nosotros a crear y propiciar espacios bellos a nuestro alrededor.<\/p>\n<\/div><\/div><\/div><\/section>\n<\/div><\/div><div  class='flex_column av-5wg0g-b29267eabce64be56743efe0bb7d4ac6 av_one_half  avia-builder-el-32  el_after_av_one_half  el_before_av_hr  flex_column_div  column-top-margin'     ><style type=\"text\/css\" data-created_by=\"avia_inline_auto\" id=\"style-css-av-lr0mrv3i-72139f98beac02ebd3cff7782419ce5e\">\n#top .togglecontainer.av-lr0mrv3i-72139f98beac02ebd3cff7782419ce5e p.toggler{\ncolor:#000000;\nbackground-color:#ffffff;\n}\n#top .togglecontainer.av-lr0mrv3i-72139f98beac02ebd3cff7782419ce5e p.toggler.activeTitle{\ncolor:#004c6a;\nborder-color:#004c6a;\n}\n#top .togglecontainer.av-lr0mrv3i-72139f98beac02ebd3cff7782419ce5e p.toggler:not(.activeTitle):hover .toggle_icon, #top .togglecontainer.av-lr0mrv3i-72139f98beac02ebd3cff7782419ce5e p.toggler:not(.activeTitle):hover .toggle_icon *{\nborder-color: !important;\n}\n#top .togglecontainer.av-lr0mrv3i-72139f98beac02ebd3cff7782419ce5e p.toggler .toggle_icon{\ncolor:#004c6a;\nborder-color:#004c6a;\n}\n#top .togglecontainer.av-lr0mrv3i-72139f98beac02ebd3cff7782419ce5e p.toggler .toggle_icon > span{\ncolor:#004c6a;\nborder-color:#004c6a;\n}\n#top .togglecontainer.av-lr0mrv3i-72139f98beac02ebd3cff7782419ce5e .toggle_wrap .toggle_content{\ncolor:#000000;\nbackground-color:#ffffff;\n}\n<\/style>\n<div  class='togglecontainer av-lr0mrv3i-72139f98beac02ebd3cff7782419ce5e av-elegant-toggle  avia-builder-el-33  avia-builder-el-no-sibling  toggle_close_all' >\n<section class='av_toggle_section av-lr0msqf9-b2fdc1506dcab1d39468c86fa6c745ed'  itemscope=\"itemscope\" itemtype=\"https:\/\/schema.org\/CreativeWork\" ><div role=\"tablist\" class=\"single_toggle\" data-tags=\"{Todo} \"  ><p data-fake-id='#toggle-id-14' class='toggler   '  itemprop=\"headline\"  role='tab' tabindex='0' aria-controls='toggle-id-14'>Adquirir autonom\u00eda<span class=\"toggle_icon\"><span class=\"vert_icon\"><\/span><span class=\"hor_icon\"><\/span><\/span><\/p><div id='toggle-id-14' class='toggle_wrap  '  ><div class='toggle_content invers-color '  itemprop=\"text\" ><p style=\"text-align: justify;\">Adquirir una progresiva autonom\u00eda en sus actividades habituales, aprender a asumir responsabilidades y a actuar de forma creativa.<\/p>\n<\/div><\/div><\/div><\/section>\n<section class='av_toggle_section av-5bf58-8f5c80b602ae1644b0629c3a62aebb9d'  itemscope=\"itemscope\" itemtype=\"https:\/\/schema.org\/CreativeWork\" ><div role=\"tablist\" class=\"single_toggle\" data-tags=\"{Todo} \"  ><p data-fake-id='#toggle-id-15' class='toggler   '  itemprop=\"headline\"  role='tab' tabindex='0' aria-controls='toggle-id-15'>Adquirir h\u00e1bitos b\u00e1sicos<span class=\"toggle_icon\"><span class=\"vert_icon\"><\/span><span class=\"hor_icon\"><\/span><\/span><\/p><div id='toggle-id-15' class='toggle_wrap  '  ><div class='toggle_content invers-color '  itemprop=\"text\" ><p style=\"text-align: justify;\">Adquirir, mantener y valorar los h\u00e1bitos b\u00e1sicos relacionados con la higiene, la salud, la alimentaci\u00f3n y la seguridad.<\/p>\n<\/div><\/div><\/div><\/section>\n<section class='av_toggle_section av-4e380-2fc5c8fee73fdaead539f30c5023d12e'  itemscope=\"itemscope\" itemtype=\"https:\/\/schema.org\/CreativeWork\" ><div role=\"tablist\" class=\"single_toggle\" data-tags=\"{Todo} \"  ><p data-fake-id='#toggle-id-16' class='toggler   '  itemprop=\"headline\"  role='tab' tabindex='0' aria-controls='toggle-id-16'>Relacionarse con los dem\u00e1s<span class=\"toggle_icon\"><span class=\"vert_icon\"><\/span><span class=\"hor_icon\"><\/span><\/span><\/p><div id='toggle-id-16' class='toggle_wrap  '  ><div class='toggle_content invers-color '  itemprop=\"text\" ><p style=\"text-align: justify;\">Relacionarse con los dem\u00e1s, descubrir el valor infinito que cada uno tiene y respetar las pautas elementales de la convivencia.<\/p>\n<\/div><\/div><\/div><\/section>\n<section class='av_toggle_section av-3po20-412bb4113d8a83b1b9e85ba94dd2caad'  itemscope=\"itemscope\" itemtype=\"https:\/\/schema.org\/CreativeWork\" ><div role=\"tablist\" class=\"single_toggle\" data-tags=\"{Todo} \"  ><p data-fake-id='#toggle-id-17' class='toggler   '  itemprop=\"headline\"  role='tab' tabindex='0' aria-controls='toggle-id-17'>Desarrollar habilidades comunicativas<span class=\"toggle_icon\"><span class=\"vert_icon\"><\/span><span class=\"hor_icon\"><\/span><\/span><\/p><div id='toggle-id-17' class='toggle_wrap  '  ><div class='toggle_content invers-color '  itemprop=\"text\" ><p style=\"text-align: justify;\">Desarrollar sus habilidades comunicativas orales e iniciarse en el aprendizaje de la lectura, la escritura y las nuevas tecnolog\u00edas de la informaci\u00f3n.<\/p>\n<\/div><\/div><\/div><\/section>\n<section class='av_toggle_section av-32qd0-4be4d96aa52a8e125e04705b4a8e6b6c'  itemscope=\"itemscope\" itemtype=\"https:\/\/schema.org\/CreativeWork\" ><div role=\"tablist\" class=\"single_toggle\" data-tags=\"{Todo} \"  ><p data-fake-id='#toggle-id-18' class='toggler   '  itemprop=\"headline\"  role='tab' tabindex='0' aria-controls='toggle-id-18'>Iniciarse en habilidades b\u00e1sicas<span class=\"toggle_icon\"><span class=\"vert_icon\"><\/span><span class=\"hor_icon\"><\/span><\/span><\/p><div id='toggle-id-18' class='toggle_wrap  '  ><div class='toggle_content invers-color '  itemprop=\"text\" ><p style=\"text-align: justify;\">Iniciarse en las habilidades l\u00f3gico-matem\u00e1ticas y num\u00e9ricas b\u00e1sicas y en las ciencias.<\/p>\n<\/div><\/div><\/div><\/section>\n<section class='av_toggle_section av-2w8pw-32e77730793c5efb8adc178ab221f4ba'  itemscope=\"itemscope\" itemtype=\"https:\/\/schema.org\/CreativeWork\" ><div role=\"tablist\" class=\"single_toggle\" data-tags=\"{Todo} \"  ><p data-fake-id='#toggle-id-19' class='toggler   '  itemprop=\"headline\"  role='tab' tabindex='0' aria-controls='toggle-id-19'>Desarrollar la creatividad<span class=\"toggle_icon\"><span class=\"vert_icon\"><\/span><span class=\"hor_icon\"><\/span><\/span><\/p><div id='toggle-id-19' class='toggle_wrap  '  ><div class='toggle_content invers-color '  itemprop=\"text\" ><p style=\"text-align: justify;\">Desarrollar su creatividad a trav\u00e9s de la expresi\u00f3n art\u00edstica, apreciar las manifestaciones art\u00edsticas valiosas y despertar su fascinaci\u00f3n por la belleza.<\/p>\n<\/div><\/div><\/div><\/section>\n<section class='av_toggle_section av-25a48-0d0fc947cec6ea34bf456dc44abd7a72'  itemscope=\"itemscope\" itemtype=\"https:\/\/schema.org\/CreativeWork\" ><div role=\"tablist\" class=\"single_toggle\" data-tags=\"{Todo} \"  ><p data-fake-id='#toggle-id-20' class='toggler   '  itemprop=\"headline\"  role='tab' tabindex='0' aria-controls='toggle-id-20'>Favorecer la ense\u00f1anza del ingl\u00e9s<span class=\"toggle_icon\"><span class=\"vert_icon\"><\/span><span class=\"hor_icon\"><\/span><\/span><\/p><div id='toggle-id-20' class='toggle_wrap  '  ><div class='toggle_content invers-color '  itemprop=\"text\" ><p style=\"text-align: justify;\">Favorecer la ense\u00f1anza del ingl\u00e9s en todos los cursos de Infantil, con el fin de contribuir con el proyecto biling\u00fce dise\u00f1ado por el centro.<\/p>\n<\/div><\/div><\/div><\/section>\n<\/div><\/div>\n<style type=\"text\/css\" data-created_by=\"avia_inline_auto\" id=\"style-css-av-lqtuw73p-e3369514707e4a648e9438f9299a395b\">\n#top .hr.hr-invisible.av-lqtuw73p-e3369514707e4a648e9438f9299a395b{\nheight:20px;\n}\n<\/style>\n<div  class='hr av-lqtuw73p-e3369514707e4a648e9438f9299a395b hr-invisible  avia-builder-el-34  el_after_av_one_half  el_before_av_video '><span class='hr-inner '><span class=\"hr-inner-style\"><\/span><\/span><\/div>\n<div  class='avia-video av-mbeqyh65-fe1ca0ba80983f425a61f6c621fcea42 avia-video-16-9 av-no-preview-image avia-video-load-always av-lazyload-immediate av-lazyload-video-embed'  itemprop=\"video\" itemtype=\"https:\/\/schema.org\/VideoObject\"  data-original_url='https:\/\/www.youtube.com\/watch?v=rjGABB_Fs0o'><script type='text\/html' class='av-video-tmpl'><div class='avia-iframe-wrap'><iframe loading=\"lazy\" title=\"Ed. Infantil Newman | Colegio Internacional J.H. Newman\" width=\"1500\" height=\"844\" src=\"https:\/\/www.youtube.com\/embed\/rjGABB_Fs0o?feature=oembed&autoplay=0&loop=0&controls=1&mute=0\" frameborder=\"0\" allow=\"accelerometer; autoplay; clipboard-write; encrypted-media; gyroscope; picture-in-picture; web-share\" referrerpolicy=\"strict-origin-when-cross-origin\" allowfullscreen><\/iframe><\/div><\/script><div class='av-click-to-play-overlay'><div class=\"avia_playpause_icon\"><\/div><\/div><\/div>\n\n<\/div><\/div><\/div><!-- close content main div --><\/div><\/div><div id='features'  class='av-layout-grid-container av-kxnf8-e7981cbbd24d92c2be2bd483ec2c04fe entry-content-wrapper main_color av-flex-cells  avia-builder-el-36  el_after_av_section  el_before_av_one_full  grid-row-not-first  container_wrap sidebar_right'  >\n\n<style type=\"text\/css\" data-created_by=\"avia_inline_auto\" id=\"style-css-av-kbbc0-52d49720e8f5eb8a32bb66cca20fa302\">\n.flex_cell.av-kbbc0-52d49720e8f5eb8a32bb66cca20fa302{\nvertical-align:middle;\nbackground-color:#004c6a;\n}\n.responsive #top #wrap_all .flex_cell.av-kbbc0-52d49720e8f5eb8a32bb66cca20fa302{\npadding:50px 50px 50px 50px !important;\n}\n\n@media only screen and (min-width: 990px){ \n.responsive #top #wrap_all .flex_cell.av-kbbc0-52d49720e8f5eb8a32bb66cca20fa302{\npadding:50px 50px 50px 50px !important;\n}\n}\n<\/style>\n<div class='flex_cell av-kbbc0-52d49720e8f5eb8a32bb66cca20fa302 av-gridrow-cell av_two_third no_margin  avia-builder-el-37  el_before_av_cell_one_third  avia-builder-el-first '  ><div class='flex_cell_inner'><p><div  class='flex_column av-a25ts-8713e845dcd95f1fee7f314f0bb82dbc av_one_full  avia-builder-el-38  el_before_av_one_half  avia-builder-el-first  first flex_column_div  '     ><style type=\"text\/css\" data-created_by=\"avia_inline_auto\" id=\"style-css-av-lqtu2lgk-b7a83651d9352998bc0d9aeccab9c558\">\n#top .av-special-heading.av-lqtu2lgk-b7a83651d9352998bc0d9aeccab9c558{\npadding-bottom:10px;\ncolor:#ffffff;\nfont-size:40px;\n}\nbody .av-special-heading.av-lqtu2lgk-b7a83651d9352998bc0d9aeccab9c558 .av-special-heading-tag .heading-char{\nfont-size:25px;\n}\n#top #wrap_all .av-special-heading.av-lqtu2lgk-b7a83651d9352998bc0d9aeccab9c558 .av-special-heading-tag{\nfont-size:40px;\n}\n.av-special-heading.av-lqtu2lgk-b7a83651d9352998bc0d9aeccab9c558 .special-heading-inner-border{\nborder-color:#ffffff;\n}\n.av-special-heading.av-lqtu2lgk-b7a83651d9352998bc0d9aeccab9c558 .av-subheading{\nfont-size:15px;\n}\n\n@media only screen and (min-width: 480px) and (max-width: 767px){ \n#top #wrap_all .av-special-heading.av-lqtu2lgk-b7a83651d9352998bc0d9aeccab9c558 .av-special-heading-tag{\nfont-size:0.8em;\n}\n}\n\n@media only screen and (max-width: 479px){ \n#top #wrap_all .av-special-heading.av-lqtu2lgk-b7a83651d9352998bc0d9aeccab9c558 .av-special-heading-tag{\nfont-size:0.8em;\n}\n}\n<\/style>\n<div  class='av-special-heading av-lqtu2lgk-b7a83651d9352998bc0d9aeccab9c558 av-special-heading-h2 custom-color-heading blockquote modern-quote modern-centered  avia-builder-el-39  avia-builder-el-no-sibling  av-thin-font av-inherit-size'><h2 class='av-special-heading-tag'  itemprop=\"headline\"  ><strong>Propuesta<\/strong> pedag\u00f3gica en Educaci\u00f3n Infantil<\/h2><div class=\"special-heading-border\"><div class=\"special-heading-inner-border\"><\/div><\/div><\/div><\/div><div  class='flex_column av-90s5c-0350978add40efba27ba916dbe741dd6 av_one_half  avia-builder-el-40  el_after_av_one_full  el_before_av_one_half  first flex_column_div  column-top-margin'     ><style type=\"text\/css\" data-created_by=\"avia_inline_auto\" id=\"style-css-av-lqtur1ic-0f87f193e7ed9dc4e7e7a477d58ac783\">\n.iconbox.av-lqtur1ic-0f87f193e7ed9dc4e7e7a477d58ac783 .iconbox_icon{\nborder:1px solid #ffffff;\ncolor:#9dd2db;\n}\n#top #wrap_all .iconbox.av-lqtur1ic-0f87f193e7ed9dc4e7e7a477d58ac783 .iconbox_content_title{\ncolor:#004c6a;\n}\n.iconbox.av-lqtur1ic-0f87f193e7ed9dc4e7e7a477d58ac783 .iconbox_content_container{\nfont-size:12px;\ncolor:#3f3f3f;\n}\n<\/style>\n<article  class='iconbox iconbox_top av-lqtur1ic-0f87f193e7ed9dc4e7e7a477d58ac783  avia-builder-el-41  el_before_av_button  avia-builder-el-first  main_color'  itemscope=\"itemscope\" itemtype=\"https:\/\/schema.org\/CreativeWork\" ><div class=\"iconbox_content\"><header class=\"entry-content-header\"><div class=\"iconbox_icon heading-color\" aria-hidden='true' data-av_icon='\ue860' data-av_iconfont='entypo-fontello'><\/div><h3 class='iconbox_content_title '  itemprop=\"headline\" >Lenguaje oral y escrito<\/h3><\/header><div class='iconbox_content_container av_inherit_color'  itemprop=\"text\" ><p style=\"text-align: justify;\">Durante toda la etapa es muy importante el desarrollo del lenguaje en el ni\u00f1o ya que al final de la misma se iniciar\u00e1 en el proceso de lectoescritura. Durante este proceso, y siempre respetando la evoluci\u00f3n madurativa de cada ni\u00f1o, trabajamos el \u00e1rea de lenguaje de forma global, fomentando el gusto por comunicarse a trav\u00e9s de muchos juegos y actividades. Las sesiones se realizan todos los d\u00edas.<\/p>\n<\/div><\/div><footer class=\"entry-footer\"><\/footer><\/article><br \/>\n<div  class='avia-button-wrap av-m69idvca-bdd2b11c3e2e913640e4758264d00e76-wrap avia-button-center  avia-builder-el-42  el_after_av_icon_box  avia-builder-el-last '>\n<style type=\"text\/css\" data-created_by=\"avia_inline_auto\" id=\"style-css-av-m69idvca-bdd2b11c3e2e913640e4758264d00e76\">\n#top #wrap_all .avia-button.av-m69idvca-bdd2b11c3e2e913640e4758264d00e76{\ncolor:#11284c;\ntransition:all 0.4s ease-in-out;\n}\n#top #wrap_all .avia-button.av-m69idvca-bdd2b11c3e2e913640e4758264d00e76:hover{\ncolor:white;\ntransition:all 0.4s ease-in-out;\n}\n<\/style>\n<a href='https:\/\/www.instagram.com\/reel\/DFqCikgIz4O\/?utm_source=ig_web_copy_link&igsh=MzRlODBiNWFlZA==' class='avia-button av-m69idvca-bdd2b11c3e2e913640e4758264d00e76 avia-icon_select-yes-left-icon avia-size-small avia-position-center avia-color-white' target=\"_blank\" rel=\"noopener noreferrer\"><span class='avia_button_icon avia_button_icon_left' aria-hidden='true' data-av_icon='\ue806' data-av_iconfont='entypo-fontello'><\/span><span class='avia_iconbox_title' >V\u00cdDEO LECTOESCRITURA<\/span><span class='avia_button_background avia-button avia-color-theme-color' ><\/span><\/a><\/div><\/p><\/div><div  class='flex_column av-8l4n8-244c558b391d7b73e259cde84520bbdd av_one_half  avia-builder-el-43  el_after_av_one_half  el_before_av_one_half  flex_column_div  column-top-margin'     ><style type=\"text\/css\" data-created_by=\"avia_inline_auto\" id=\"style-css-av-7x0o0-f3f720dfa7e62ee23115f11a7411f727\">\n.iconbox.av-7x0o0-f3f720dfa7e62ee23115f11a7411f727 .iconbox_icon{\nborder:1px solid #ffffff;\ncolor:#9dd2db;\n}\n#top #wrap_all .iconbox.av-7x0o0-f3f720dfa7e62ee23115f11a7411f727 .iconbox_content_title{\ncolor:#004c6a;\n}\n.iconbox.av-7x0o0-f3f720dfa7e62ee23115f11a7411f727 .iconbox_content_container{\nfont-size:12px;\ncolor:#3f3f3f;\n}\n<\/style>\n<article  class='iconbox iconbox_top av-7x0o0-f3f720dfa7e62ee23115f11a7411f727  avia-builder-el-44  el_before_av_button  avia-builder-el-first  main_color'  itemscope=\"itemscope\" itemtype=\"https:\/\/schema.org\/CreativeWork\" ><div class=\"iconbox_content\"><header class=\"entry-content-header\"><div class=\"iconbox_icon heading-color\" aria-hidden='true' data-av_icon='\ue818' data-av_iconfont='entypo-fontello'><\/div><h3 class='iconbox_content_title '  itemprop=\"headline\" >Matem\u00e1ticas<\/h3><\/header><div class='iconbox_content_container av_inherit_color'  itemprop=\"text\" ><p style=\"text-align: justify;\">Hacer matem\u00e1ticas es comprender c\u00f3mo est\u00e1 hecha la realidad y poder describirla. La matem\u00e1tica en Infantil es sobre todo experimental y basada en el juego. Les proponemos a los ni\u00f1os situaciones desafiantes donde pueden generar estrategias, solucionar problemas, descubrir relaciones, razonar posibilidades&#8230; y con ello van desarrollando el pensamiento matem\u00e1tico. Se realiza a trav\u00e9s de materiales manipulativos y juegos de mesa adaptados a su edad. Se tienen sesiones todos los d\u00edas.<\/p>\n<\/div><\/div><footer class=\"entry-footer\"><\/footer><\/article><br \/>\n<div  class='avia-button-wrap av-m6z7tqml-73c5f6cf41a350fe3af770863a934293-wrap avia-button-center  avia-builder-el-45  el_after_av_icon_box  avia-builder-el-last '>\n<style type=\"text\/css\" data-created_by=\"avia_inline_auto\" id=\"style-css-av-m6z7tqml-73c5f6cf41a350fe3af770863a934293\">\n#top #wrap_all .avia-button.av-m6z7tqml-73c5f6cf41a350fe3af770863a934293{\ncolor:#11284c;\ntransition:all 0.4s ease-in-out;\n}\n#top #wrap_all .avia-button.av-m6z7tqml-73c5f6cf41a350fe3af770863a934293:hover{\ncolor:white;\ntransition:all 0.4s ease-in-out;\n}\n<\/style>\n<a href='https:\/\/www.instagram.com\/reel\/DF5Y5-Oo_W5\/?utm_source=ig_web_copy_link&igsh=MzRlODBiNWFlZA==' class='avia-button av-m6z7tqml-73c5f6cf41a350fe3af770863a934293 avia-icon_select-yes-left-icon avia-size-small avia-position-center avia-color-white' target=\"_blank\" rel=\"noopener noreferrer\"><span class='avia_button_icon avia_button_icon_left' aria-hidden='true' data-av_icon='\ue806' data-av_iconfont='entypo-fontello'><\/span><span class='avia_iconbox_title' >V\u00cdDEO MATEM\u00c1TICAS<\/span><span class='avia_button_background avia-button avia-color-theme-color' ><\/span><\/a><\/div><\/p><\/div><div  class='flex_column av-7pdwc-41943ab66a2beecfab8d7dd650f5db01 av_one_half  avia-builder-el-46  el_after_av_one_half  el_before_av_one_half  first flex_column_div  column-top-margin'     ><style type=\"text\/css\" data-created_by=\"avia_inline_auto\" id=\"style-css-av-700h0-1332744860e084362e0e5488c2e8df66\">\n.iconbox.av-700h0-1332744860e084362e0e5488c2e8df66 .iconbox_icon{\nborder:1px solid #ffffff;\ncolor:#9dd2db;\n}\n#top #wrap_all .iconbox.av-700h0-1332744860e084362e0e5488c2e8df66 .iconbox_content_title{\ncolor:#004c6a;\n}\n.iconbox.av-700h0-1332744860e084362e0e5488c2e8df66 .iconbox_content_container{\nfont-size:12px;\ncolor:#3f3f3f;\n}\n<\/style>\n<article  class='iconbox iconbox_top av-700h0-1332744860e084362e0e5488c2e8df66  avia-builder-el-47  el_before_av_button  avia-builder-el-first  main_color'  itemscope=\"itemscope\" itemtype=\"https:\/\/schema.org\/CreativeWork\" ><div class=\"iconbox_content\"><header class=\"entry-content-header\"><div class=\"iconbox_icon heading-color\" aria-hidden='true' data-av_icon='\ue82a' data-av_iconfont='entypo-fontello'><\/div><h3 class='iconbox_content_title '  itemprop=\"headline\" >Ingl\u00e9s<\/h3><\/header><div class='iconbox_content_container av_inherit_color'  itemprop=\"text\" ><p style=\"text-align: justify;\">Nuestros alumnos viven un proceso de inmersi\u00f3n en el idioma desde la oralidad hasta la escritura en todas las etapas. En el colegio de Educaci\u00f3n Infantil basamos el aprendizaje en el enfoque comunicativo de modo que el ingl\u00e9s se convierte en el elemento de comunicaci\u00f3n esencial entre profesores y alumnos. Poco a poco, a trav\u00e9s de juegos, canciones, historias, dramatizaciones, actividades pl\u00e1sticas, bailes, etc., los ni\u00f1os disfrutan de una nueva lengua y la empiezan a incorporar como medio de comunicaci\u00f3n propio con sus profesores y compa\u00f1eros. Se tienen sesiones todos los d\u00edas.<\/p>\n<\/div><\/div><footer class=\"entry-footer\"><\/footer><\/article><br \/>\n<div  class='avia-button-wrap av-m84g0bi6-5ef4000d327d5a8908bd6ac30d79d8b9-wrap avia-button-center  avia-builder-el-48  el_after_av_icon_box  avia-builder-el-last '>\n<style type=\"text\/css\" data-created_by=\"avia_inline_auto\" id=\"style-css-av-m84g0bi6-5ef4000d327d5a8908bd6ac30d79d8b9\">\n#top #wrap_all .avia-button.av-m84g0bi6-5ef4000d327d5a8908bd6ac30d79d8b9{\ncolor:#11284c;\ntransition:all 0.4s ease-in-out;\n}\n#top #wrap_all .avia-button.av-m84g0bi6-5ef4000d327d5a8908bd6ac30d79d8b9:hover{\ncolor:white;\ntransition:all 0.4s ease-in-out;\n}\n<\/style>\n<a href='https:\/\/www.instagram.com\/reel\/DGnSkNeI1T1\/?utm_source=ig_web_copy_link&igsh=MzRlODBiNWFlZA==' class='avia-button av-m84g0bi6-5ef4000d327d5a8908bd6ac30d79d8b9 avia-icon_select-yes-left-icon avia-size-small avia-position-center avia-color-white' target=\"_blank\" rel=\"noopener noreferrer\"><span class='avia_button_icon avia_button_icon_left' aria-hidden='true' data-av_icon='\ue806' data-av_iconfont='entypo-fontello'><\/span><span class='avia_iconbox_title' >V\u00cdDEO TRABAJO INGL\u00c9S<\/span><span class='avia_button_background avia-button avia-color-theme-color' ><\/span><\/a><\/div><\/p><\/div><div  class='flex_column av-6j4iw-c05348ab00f4aec6e2a9cb1a3ffb395b av_one_half  avia-builder-el-49  el_after_av_one_half  el_before_av_one_half  flex_column_div  column-top-margin'     ><style type=\"text\/css\" data-created_by=\"avia_inline_auto\" id=\"style-css-av-5hx0o-eb0d44d2f2b57dadfef476e4a81d0687\">\n.iconbox.av-5hx0o-eb0d44d2f2b57dadfef476e4a81d0687 .iconbox_icon{\nborder:1px solid #ffffff;\ncolor:#9dd2db;\n}\n#top #wrap_all .iconbox.av-5hx0o-eb0d44d2f2b57dadfef476e4a81d0687 .iconbox_content_title{\ncolor:#004c6a;\n}\n.iconbox.av-5hx0o-eb0d44d2f2b57dadfef476e4a81d0687 .iconbox_content_container{\nfont-size:12px;\ncolor:#3f3f3f;\n}\n<\/style>\n<article  class='iconbox iconbox_top av-5hx0o-eb0d44d2f2b57dadfef476e4a81d0687  avia-builder-el-50  el_before_av_button  avia-builder-el-first  main_color'  itemscope=\"itemscope\" itemtype=\"https:\/\/schema.org\/CreativeWork\" ><div class=\"iconbox_content\"><header class=\"entry-content-header\"><div class=\"iconbox_icon heading-color\" aria-hidden='true' data-av_icon='\ue80c' data-av_iconfont='entypo-fontello'><\/div><h3 class='iconbox_content_title '  itemprop=\"headline\" >Psicomotricidad<\/h3><\/header><div class='iconbox_content_container av_inherit_color'  itemprop=\"text\" ><p style=\"text-align: justify;\">Realizar juegos y actividades que favorecen su desarrollo sensoriomotriz (movimiento, equilibrio, coordinaci\u00f3n&#8230;) descubri\u00e9ndose a s\u00ed mismos y aprendiendo a expresarse en un contexto psicosocial. Se realiza con una profesora especialista en psicomotricidad y en una sala espec\u00edfica para ello. Se realizan tambi\u00e9n circuitos neuromotores que consisten en proponer\u00a0 una serie de ejercicios en forma de circuito para ayudar en su proceso de formaci\u00f3n neurol\u00f3gica. Se tienen dos sesiones\/semana en 1\u00ba de Infantil y una sesi\u00f3n\/semana en 2\u00ba y 3\u00ba de Infantil.<\/p>\n<\/div><\/div><footer class=\"entry-footer\"><\/footer><\/article><br \/>\n<div  class='avia-button-wrap av-13k64-cd78a06a2cbd423091c62583c8d5be04-wrap avia-button-center  avia-builder-el-51  el_after_av_icon_box  avia-builder-el-last '>\n<style type=\"text\/css\" data-created_by=\"avia_inline_auto\" id=\"style-css-av-13k64-cd78a06a2cbd423091c62583c8d5be04\">\n#top #wrap_all .avia-button.av-13k64-cd78a06a2cbd423091c62583c8d5be04{\ncolor:#11284c;\ntransition:all 0.4s ease-in-out;\n}\n#top #wrap_all .avia-button.av-13k64-cd78a06a2cbd423091c62583c8d5be04:hover{\ncolor:white;\ntransition:all 0.4s ease-in-out;\n}\n<\/style>\n<a href='https:\/\/www.instagram.com\/reel\/DFDr6UjoUYH\/?utm_source=ig_web_copy_link' class='avia-button av-13k64-cd78a06a2cbd423091c62583c8d5be04 avia-icon_select-yes-left-icon avia-size-small avia-position-center avia-color-white' target=\"_blank\" rel=\"noopener noreferrer\"><span class='avia_button_icon avia_button_icon_left' aria-hidden='true' data-av_icon='\ue806' data-av_iconfont='entypo-fontello'><\/span><span class='avia_iconbox_title' >V\u00cdDEO PSICOMOTRICIDAD VIVENCIADA<\/span><span class='avia_button_background avia-button avia-color-theme-color' ><\/span><\/a><\/div><\/p><\/div><div  class='flex_column av-4vobo-c5303382647dc79dfdbf387e4c4099f3 av_one_half  avia-builder-el-52  el_after_av_one_half  el_before_av_one_half  first flex_column_div  column-top-margin'     ><style type=\"text\/css\" data-created_by=\"avia_inline_auto\" id=\"style-css-av-4b5ig-781ea7bf06ad3f17129d213b0be2a2a3\">\n.iconbox.av-4b5ig-781ea7bf06ad3f17129d213b0be2a2a3 .iconbox_icon{\nborder:1px solid #ffffff;\ncolor:#9dd2db;\n}\n#top #wrap_all .iconbox.av-4b5ig-781ea7bf06ad3f17129d213b0be2a2a3 .iconbox_content_title{\ncolor:#004c6a;\n}\n.iconbox.av-4b5ig-781ea7bf06ad3f17129d213b0be2a2a3 .iconbox_content_container{\nfont-size:12px;\ncolor:#3f3f3f;\n}\n<\/style>\n<article  class='iconbox iconbox_top av-4b5ig-781ea7bf06ad3f17129d213b0be2a2a3  avia-builder-el-53  avia-builder-el-no-sibling  main_color'  itemscope=\"itemscope\" itemtype=\"https:\/\/schema.org\/CreativeWork\" ><div class=\"iconbox_content\"><header class=\"entry-content-header\"><div class=\"iconbox_icon heading-color\" aria-hidden='true' data-av_icon='\ue801' data-av_iconfont='entypo-fontello'><\/div><h3 class='iconbox_content_title '  itemprop=\"headline\" >M\u00fasica<\/h3><\/header><div class='iconbox_content_container av_inherit_color'  itemprop=\"text\" ><p style=\"text-align: justify;\">En las clases de m\u00fasica nos expresamos cantando y tocando instrumentos, siguiendo ritmos, bailes, melod\u00edas y canciones favoreciendo mucho el movimiento y la expresi\u00f3n corporal. Tambi\u00e9n aprendemos a escuchar y disfrutar con piezas de m\u00fasica cl\u00e1sica o de cualquier tipo.<\/p>\n<\/div><\/div><footer class=\"entry-footer\"><\/footer><\/article><\/div><div  class='flex_column av-1hn9o-6f39a6a0e799a03d5a2a202d7c359713 av_one_half  avia-builder-el-54  el_after_av_one_half  el_before_av_one_half  flex_column_div  column-top-margin'     ><style type=\"text\/css\" data-created_by=\"avia_inline_auto\" id=\"style-css-av-lr0n8jq4-669a36842cf17c8a76d6838797694f0d\">\n.iconbox.av-lr0n8jq4-669a36842cf17c8a76d6838797694f0d .iconbox_icon{\nborder:1px solid #ffffff;\ncolor:#9dd2db;\n}\n#top #wrap_all .iconbox.av-lr0n8jq4-669a36842cf17c8a76d6838797694f0d .iconbox_content_title{\ncolor:#004c6a;\n}\n.iconbox.av-lr0n8jq4-669a36842cf17c8a76d6838797694f0d .iconbox_content_container{\nfont-size:12px;\ncolor:#3f3f3f;\n}\n<\/style>\n<article  class='iconbox iconbox_top av-lr0n8jq4-669a36842cf17c8a76d6838797694f0d  avia-builder-el-55  avia-builder-el-no-sibling  main_color'  itemscope=\"itemscope\" itemtype=\"https:\/\/schema.org\/CreativeWork\" ><div class=\"iconbox_content\"><header class=\"entry-content-header\"><div class=\"iconbox_icon heading-color\" aria-hidden='true' data-av_icon='\ue806' data-av_iconfont='entypo-fontello'><\/div><h3 class='iconbox_content_title '  itemprop=\"headline\" >Religi\u00f3n<\/h3><\/header><div class='iconbox_content_container av_inherit_color'  itemprop=\"text\" ><p style=\"text-align: justify;\">Todos los d\u00edas rezamos juntos. Empezamos el d\u00eda cayendo en la cuenta de que todo se nos est\u00e1 dando: nuestra vida, la familia, el cielo, los amigos&#8230; Algunos d\u00edas vamos a la capilla del cole a rezar por algo importante que est\u00e9 sucediendo. Celebramos juntos las fiestas, pero sobre todo aprendemos a descubrir la presencia buena de Jes\u00fas dentro de las cosas que nos toca vivir cada d\u00eda en casa y en el colegio. Se tienen dos sesiones por semana.<\/p>\n<\/div><\/div><footer class=\"entry-footer\"><\/footer><\/article><\/div><div  class='flex_column av-451ls-81034f5f1d42de592232eed8da875034 av_one_half  avia-builder-el-56  el_after_av_one_half  avia-builder-el-last  first flex_column_div  column-top-margin'     ><style type=\"text\/css\" data-created_by=\"avia_inline_auto\" id=\"style-css-av-3fijo-61bafb30a2685f95d714c23422f062a7\">\n.iconbox.av-3fijo-61bafb30a2685f95d714c23422f062a7 .iconbox_icon{\nborder:1px solid #ffffff;\ncolor:#9dd2db;\n}\n#top #wrap_all .iconbox.av-3fijo-61bafb30a2685f95d714c23422f062a7 .iconbox_content_title{\ncolor:#004c6a;\n}\n.iconbox.av-3fijo-61bafb30a2685f95d714c23422f062a7 .iconbox_content_container{\nfont-size:12px;\ncolor:#3f3f3f;\n}\n<\/style>\n<article  class='iconbox iconbox_top av-3fijo-61bafb30a2685f95d714c23422f062a7  avia-builder-el-57  avia-builder-el-no-sibling  main_color'  itemscope=\"itemscope\" itemtype=\"https:\/\/schema.org\/CreativeWork\" ><div class=\"iconbox_content\"><header class=\"entry-content-header\"><div class=\"iconbox_icon heading-color\" aria-hidden='true' data-av_icon='\ue8c0' data-av_iconfont='entypo-fontello'><\/div><h3 class='iconbox_content_title '  itemprop=\"headline\" >Pl\u00e1stica<\/h3><\/header><div class='iconbox_content_container av_inherit_color'  itemprop=\"text\" ><p style=\"text-align: justify;\">Se trata de un lenguaje que facilita al ni\u00f1o la expresi\u00f3n creativa de contenidos mentales de \u00edndole est\u00e9tica y emocionales, desarrollando su sensibilidad, su autoestima y su capacidad creativa. Las actividades pl\u00e1sticas son un medio de autoexpresi\u00f3n, id\u00f3neas para expresar lo que queremos manifestar. Es un instrumento imprescindible para el desarrollo del esp\u00edritu cr\u00edtico, el gusto y la sensibilidad est\u00e9tica y nos permite valorar la belleza que nos rodea. Se tienen dos sesiones por semana.<\/p>\n<\/div><\/div><footer class=\"entry-footer\"><\/footer><\/article><\/div><\/p>\n<\/div><\/div>\n<style type=\"text\/css\" data-created_by=\"avia_inline_auto\" id=\"style-css-av-aad74-eafddd47e983aed3fec85016fa2736ce\">\n.flex_cell.av-aad74-eafddd47e983aed3fec85016fa2736ce{\nvertical-align:middle;\nbackground-color:#fcfcfc;\n}\n.responsive #top #wrap_all .flex_cell.av-aad74-eafddd47e983aed3fec85016fa2736ce{\npadding:0px 0px 0px 0px !important;\n}\n\n@media only screen and (min-width: 990px){ \n.responsive #top #wrap_all .flex_cell.av-aad74-eafddd47e983aed3fec85016fa2736ce{\npadding:0 0 0 0 !important;\n}\n}\n<\/style>\n<div class='flex_cell av-aad74-eafddd47e983aed3fec85016fa2736ce av-gridrow-cell av_one_third no_margin  avia-builder-el-58  el_after_av_cell_two_third  avia-builder-el-last  av-zero-padding avia-full-stretch'  ><div class='flex_cell_inner'><p>\n<style type=\"text\/css\" data-created_by=\"avia_inline_auto\" id=\"style-css-av-3i94-09f38dd987852fbab980f1b956a0504d\">\n.avia-image-container.av-3i94-09f38dd987852fbab980f1b956a0504d img.avia_image{\nbox-shadow:none;\n}\n.avia-image-container.av-3i94-09f38dd987852fbab980f1b956a0504d .av-image-caption-overlay-center{\ncolor:#ffffff;\n}\n<\/style>\n<div  class='avia-image-container av-3i94-09f38dd987852fbab980f1b956a0504d av-styling- avia_animated_image av-animated-when-visible-95 bottom-to-top avia-align-center  avia-builder-el-59  el_before_av_image  avia-builder-el-first '   itemprop=\"image\" itemscope=\"itemscope\" itemtype=\"https:\/\/schema.org\/ImageObject\" ><div class=\"avia-image-container-inner\"><div class=\"avia-image-overlay-wrap\"><img decoding=\"async\" fetchpriority=\"high\" class='wp-image-1612 avia-img-lazy-loading-not-1612 avia_image ' src=\"https:\/\/www.colegionewman.org\/wp-content\/uploads\/2024\/01\/en-infantil.jpg\" alt='Alumnado del colegio educaci\u00f3n infantil realizando actividades de aprendizaje temprano.' title='en infantil'  height=\"1333\" width=\"2000\"  itemprop=\"thumbnailUrl\" srcset=\"https:\/\/www.colegionewman.org\/wp-content\/uploads\/2024\/01\/en-infantil.jpg 2000w, https:\/\/www.colegionewman.org\/wp-content\/uploads\/2024\/01\/en-infantil-300x200.jpg 300w, https:\/\/www.colegionewman.org\/wp-content\/uploads\/2024\/01\/en-infantil-1030x686.jpg 1030w, https:\/\/www.colegionewman.org\/wp-content\/uploads\/2024\/01\/en-infantil-768x512.jpg 768w, https:\/\/www.colegionewman.org\/wp-content\/uploads\/2024\/01\/en-infantil-1536x1024.jpg 1536w, https:\/\/www.colegionewman.org\/wp-content\/uploads\/2024\/01\/en-infantil-1500x1000.jpg 1500w, https:\/\/www.colegionewman.org\/wp-content\/uploads\/2024\/01\/en-infantil-705x470.jpg 705w\" sizes=\"(max-width: 2000px) 100vw, 2000px\" \/><\/div><\/div><\/div><br \/>\n\n<style type=\"text\/css\" data-created_by=\"avia_inline_auto\" id=\"style-css-av-x9h0-21fd3fa5e92d9a2165b9ec536d0dc7d0\">\n.avia-image-container.av-x9h0-21fd3fa5e92d9a2165b9ec536d0dc7d0 img.avia_image{\nbox-shadow:none;\n}\n.avia-image-container.av-x9h0-21fd3fa5e92d9a2165b9ec536d0dc7d0 .av-image-caption-overlay-center{\ncolor:#ffffff;\n}\n<\/style>\n<div  class='avia-image-container av-x9h0-21fd3fa5e92d9a2165b9ec536d0dc7d0 av-styling- avia_animated_image av-animated-when-visible-95 bottom-to-top avia-align-center  avia-builder-el-60  el_after_av_image  el_before_av_heading '   itemprop=\"image\" itemscope=\"itemscope\" itemtype=\"https:\/\/schema.org\/ImageObject\" ><div class=\"avia-image-container-inner\"><div class=\"avia-image-overlay-wrap\"><img decoding=\"async\" fetchpriority=\"high\" class='wp-image-1655 avia-img-lazy-loading-not-1655 avia_image ' src=\"https:\/\/www.colegionewman.org\/wp-content\/uploads\/2024\/01\/infantil-newman.jpg\" alt='Aula y espacios del colegio biling\u00fce, dise\u00f1ados para aprendizaje temprano.' title='infantil newman'  height=\"2000\" width=\"1333\"  itemprop=\"thumbnailUrl\" srcset=\"https:\/\/www.colegionewman.org\/wp-content\/uploads\/2024\/01\/infantil-newman.jpg 1333w, https:\/\/www.colegionewman.org\/wp-content\/uploads\/2024\/01\/infantil-newman-200x300.jpg 200w, https:\/\/www.colegionewman.org\/wp-content\/uploads\/2024\/01\/infantil-newman-686x1030.jpg 686w, https:\/\/www.colegionewman.org\/wp-content\/uploads\/2024\/01\/infantil-newman-768x1152.jpg 768w, https:\/\/www.colegionewman.org\/wp-content\/uploads\/2024\/01\/infantil-newman-1024x1536.jpg 1024w, https:\/\/www.colegionewman.org\/wp-content\/uploads\/2024\/01\/infantil-newman-1000x1500.jpg 1000w, https:\/\/www.colegionewman.org\/wp-content\/uploads\/2024\/01\/infantil-newman-470x705.jpg 470w\" sizes=\"(max-width: 1333px) 100vw, 1333px\" \/><\/div><\/div><\/div><br \/>\n\n<style type=\"text\/css\" data-created_by=\"avia_inline_auto\" id=\"style-css-av-9a79o-7b9b17580f59621587f766fb10477f51\">\n#top .av-special-heading.av-9a79o-7b9b17580f59621587f766fb10477f51{\npadding-bottom:10px;\nfont-size:40px;\n}\nbody .av-special-heading.av-9a79o-7b9b17580f59621587f766fb10477f51 .av-special-heading-tag .heading-char{\nfont-size:25px;\n}\n#top #wrap_all .av-special-heading.av-9a79o-7b9b17580f59621587f766fb10477f51 .av-special-heading-tag{\nfont-size:40px;\n}\n.av-special-heading.av-9a79o-7b9b17580f59621587f766fb10477f51 .av-subheading{\nfont-size:15px;\n}\n\n@media only screen and (min-width: 480px) and (max-width: 767px){ \n#top #wrap_all .av-special-heading.av-9a79o-7b9b17580f59621587f766fb10477f51 .av-special-heading-tag{\nfont-size:0.8em;\n}\n}\n\n@media only screen and (max-width: 479px){ \n#top #wrap_all .av-special-heading.av-9a79o-7b9b17580f59621587f766fb10477f51 .av-special-heading-tag{\nfont-size:0.8em;\n}\n}\n<\/style>\n<div  class='av-special-heading av-9a79o-7b9b17580f59621587f766fb10477f51 av-special-heading-h3 blockquote modern-quote modern-centered  avia-builder-el-61  el_after_av_image  el_before_av_button  av-inherit-size'><h3 class='av-special-heading-tag'  itemprop=\"headline\"  >\u00a1Descarga el folleto de Infantil Newman!<\/h3><div class=\"special-heading-border\"><div class=\"special-heading-inner-border\"><\/div><\/div><\/div><br \/>\n<div  class='avia-button-wrap av-lqtv0krz-bbc1c8ebf0f5cc4bfeb8a6488e5b79e6-wrap avia-button-center  avia-builder-el-62  el_after_av_heading  avia-builder-el-last '><a href='https:\/\/www.colegionewman.org\/wp-content\/uploads\/2024\/03\/Folleto-Infantil_Newman.pdf' class='avia-button av-lqtv0krz-bbc1c8ebf0f5cc4bfeb8a6488e5b79e6 avia-icon_select-yes-left-icon avia-size-x-large avia-position-center avia-color-theme-color' target=\"_blank\" rel=\"noopener noreferrer\"><span class='avia_button_icon avia_button_icon_left' aria-hidden='true' data-av_icon='\ue82d' data-av_iconfont='entypo-fontello'><\/span><span class='avia_iconbox_title' >DESCARGAR<\/span><\/a><\/div><\/p>\n<\/div><\/div><\/div><div id='after_grid_row_2'  class='main_color av_default_container_wrap container_wrap sidebar_right'  ><div class='container av-section-cont-open' ><div class='template-page content  av-content-small alpha units'><div class='post-entry post-entry-type-page post-entry-24'><div class='entry-content-wrapper clearfix'><div  class='flex_column av-2ox7s-aa540b8986501547c4258827e85562f7 av_one_full  avia-builder-el-63  el_after_av_layout_row  el_before_av_one_full  avia-builder-el-first  first flex_column_div  '     ><p>\n<style type=\"text\/css\" data-created_by=\"avia_inline_auto\" id=\"style-css-av-mkuy3x3p-c400a09121d45ef411f895e0f457fb8c\">\n#top .av-special-heading.av-mkuy3x3p-c400a09121d45ef411f895e0f457fb8c{\npadding-bottom:10px;\ncolor:#000000;\nfont-size:40px;\n}\nbody .av-special-heading.av-mkuy3x3p-c400a09121d45ef411f895e0f457fb8c .av-special-heading-tag .heading-char{\nfont-size:25px;\n}\n#top #wrap_all .av-special-heading.av-mkuy3x3p-c400a09121d45ef411f895e0f457fb8c .av-special-heading-tag{\nfont-size:40px;\n}\n.av-special-heading.av-mkuy3x3p-c400a09121d45ef411f895e0f457fb8c .special-heading-inner-border{\nborder-color:#000000;\n}\n.av-special-heading.av-mkuy3x3p-c400a09121d45ef411f895e0f457fb8c .av-subheading{\nfont-size:15px;\n}\n\n@media only screen and (min-width: 480px) and (max-width: 767px){ \n#top #wrap_all .av-special-heading.av-mkuy3x3p-c400a09121d45ef411f895e0f457fb8c .av-special-heading-tag{\nfont-size:0.8em;\n}\n}\n\n@media only screen and (max-width: 479px){ \n#top #wrap_all .av-special-heading.av-mkuy3x3p-c400a09121d45ef411f895e0f457fb8c .av-special-heading-tag{\nfont-size:0.8em;\n}\n}\n<\/style>\n<div  class='av-special-heading av-mkuy3x3p-c400a09121d45ef411f895e0f457fb8c av-special-heading-h2 custom-color-heading blockquote modern-quote modern-centered  avia-builder-el-64  el_before_av_hr  avia-builder-el-first  av-thin-font av-inherit-size'><h2 class='av-special-heading-tag'  itemprop=\"headline\"  ><strong>Metodolog\u00eda<\/strong> Infantil Newman<\/h2><div class=\"special-heading-border\"><div class=\"special-heading-inner-border\"><\/div><\/div><\/div><br \/>\n\n<style type=\"text\/css\" data-created_by=\"avia_inline_auto\" id=\"style-css-av-mkuygyzv-ec47a928f5621c17d8f20bffd484b673\">\n#top .hr.hr-invisible.av-mkuygyzv-ec47a928f5621c17d8f20bffd484b673{\nheight:50px;\n}\n<\/style>\n<div  class='hr av-mkuygyzv-ec47a928f5621c17d8f20bffd484b673 hr-invisible  avia-builder-el-65  el_after_av_heading  el_before_av_icon_box '><span class='hr-inner '><span class=\"hr-inner-style\"><\/span><\/span><\/div><br \/>\n\n<style type=\"text\/css\" data-created_by=\"avia_inline_auto\" id=\"style-css-av-mkuybypv-8b8bf1ae112a8ca5fcdf8f867e58fdae\">\n.iconbox.av-mkuybypv-8b8bf1ae112a8ca5fcdf8f867e58fdae .iconbox_icon{\nborder:1px solid #ffffff;\ncolor:#9dd2db;\n}\n#top #wrap_all .iconbox.av-mkuybypv-8b8bf1ae112a8ca5fcdf8f867e58fdae .iconbox_content_title{\ncolor:#004c6a;\n}\n.iconbox.av-mkuybypv-8b8bf1ae112a8ca5fcdf8f867e58fdae .iconbox_content_container{\nfont-size:12px;\ncolor:#3f3f3f;\n}\n<\/style>\n<article  class='iconbox iconbox_top av-mkuybypv-8b8bf1ae112a8ca5fcdf8f867e58fdae  avia-builder-el-66  el_after_av_hr  avia-builder-el-last  main_color'  itemscope=\"itemscope\" itemtype=\"https:\/\/schema.org\/CreativeWork\" ><div class=\"iconbox_content\"><header class=\"entry-content-header\"><div class=\"iconbox_icon heading-color\" aria-hidden='true' data-av_icon='\ue80b' data-av_iconfont='entypo-fontello'><\/div><h3 class='iconbox_content_title '  itemprop=\"headline\" >Trabajo por Rincones<\/h3><\/header><div class='iconbox_content_container av_inherit_color'  itemprop=\"text\" ><p dir=\"ltr\" style=\"text-align: justify;\">En el <strong>Colegio Newman<\/strong> trabajamos la metodolog\u00eda <strong>por rincones.<\/strong> Esta metodolog\u00eda divide a la clase en zonas que recogen la variedad de destrezas que trabajamos en esta etapa <strong>a trav\u00e9s del juego.<\/strong><\/p>\n<ul>\n<li dir=\"ltr\" style=\"text-align: justify;\">Zona de Movimiento global (espacio de movimientos grandes, arrastres, empujes, saltos\u2026)<\/li>\n<li dir=\"ltr\" style=\"text-align: justify;\">Zona de calma (rinc\u00f3n de biblioteca, rinc\u00f3n de escritor, rinc\u00f3n de juego simb\u00f3lico)<\/li>\n<li dir=\"ltr\" style=\"text-align: justify;\">Zona de manipulaci\u00f3n (espacio para las ciencias: rinc\u00f3n de l\u00f3gica matem\u00e1tica y orientaci\u00f3n espacial, rinc\u00f3n de experimentaci\u00f3n, rinc\u00f3n de naturaleza\u2026)<\/li>\n<li dir=\"ltr\" style=\"text-align: justify;\">Zona de otros lenguajes (Rincones art\u00edsticos: m\u00fasica y pl\u00e1stica).<\/li>\n<\/ul>\n<p dir=\"ltr\" style=\"text-align: justify;\">Son los profesores quienes seleccionan los materiales y propuestas de actividad para cada rinc\u00f3n a partir de la programaci\u00f3n semanal de contenidos. Siempre tienen un matiz l\u00fadico, por lo que los alumnos sienten que est\u00e1n jugando la mayor parte del tiempo, pero desde el punto de vista adulto es la mejor forma de aprender lo que se ha seleccionado como importante.<\/p>\n<p dir=\"ltr\" style=\"text-align: justify;\">En su forma de elecci\u00f3n vemos su estado de \u00e1nimo, su deseo de buscar un espacio m\u00e1s o menos activo, si buscan unos materiales que les atraigan m\u00e1s en esos momentos por las posibilidades de transformaci\u00f3n que tienen o porque que les permitan crear art\u00edsticamente.<\/p>\n<p dir=\"ltr\" style=\"text-align: justify;\">Esta metodolog\u00eda propone observar, elegir, planificar y hacer con autonom\u00eda y evaluar lo realizado cooperativamente para mejorar.<\/p>\n<\/div><\/div><footer class=\"entry-footer\"><\/footer><\/article><\/p><\/div><div  class='flex_column av-av_one_full-516b7eac7a9c6cd1b746245801c7486c av_one_full  avia-builder-el-67  el_after_av_one_full  el_before_av_layout_row  avia-builder-el-last  first flex_column_div  column-top-margin'     ><p>\n<style type=\"text\/css\" data-created_by=\"avia_inline_auto\" id=\"style-css-av-av_hr-82f5be0ae0af6a64fe3091010b237709\">\n#top .hr.hr-invisible.av-av_hr-82f5be0ae0af6a64fe3091010b237709{\nheight:20px;\n}\n<\/style>\n<div  class='hr av-av_hr-82f5be0ae0af6a64fe3091010b237709 hr-invisible  avia-builder-el-68  el_before_av_heading  avia-builder-el-first '><span class='hr-inner '><span class=\"hr-inner-style\"><\/span><\/span><\/div><br \/>\n\n<style type=\"text\/css\" data-created_by=\"avia_inline_auto\" id=\"style-css-av-av_heading-1101fa563b416129b37da8e7d3f83b69\">\n#top .av-special-heading.av-av_heading-1101fa563b416129b37da8e7d3f83b69{\npadding-bottom:10px;\ncolor:#000000;\nfont-size:40px;\n}\nbody .av-special-heading.av-av_heading-1101fa563b416129b37da8e7d3f83b69 .av-special-heading-tag .heading-char{\nfont-size:25px;\n}\n#top #wrap_all .av-special-heading.av-av_heading-1101fa563b416129b37da8e7d3f83b69 .av-special-heading-tag{\nfont-size:40px;\n}\n.av-special-heading.av-av_heading-1101fa563b416129b37da8e7d3f83b69 .special-heading-inner-border{\nborder-color:#000000;\n}\n.av-special-heading.av-av_heading-1101fa563b416129b37da8e7d3f83b69 .av-subheading{\nfont-size:15px;\n}\n\n@media only screen and (min-width: 480px) and (max-width: 767px){ \n#top #wrap_all .av-special-heading.av-av_heading-1101fa563b416129b37da8e7d3f83b69 .av-special-heading-tag{\nfont-size:0.8em;\n}\n}\n\n@media only screen and (max-width: 479px){ \n#top #wrap_all .av-special-heading.av-av_heading-1101fa563b416129b37da8e7d3f83b69 .av-special-heading-tag{\nfont-size:0.8em;\n}\n}\n<\/style>\n<div  class='av-special-heading av-av_heading-1101fa563b416129b37da8e7d3f83b69 av-special-heading-h2 custom-color-heading blockquote modern-quote modern-centered  avia-builder-el-69  el_after_av_hr  el_before_av_hr  av-thin-font av-inherit-size'><h2 class='av-special-heading-tag'  itemprop=\"headline\"  ><strong>Noticias<\/strong> de Infantil<\/h2><div class=\"special-heading-border\"><div class=\"special-heading-inner-border\"><\/div><\/div><\/div><br \/>\n\n<style type=\"text\/css\" data-created_by=\"avia_inline_auto\" id=\"style-css-av-av_hr-82f5be0ae0af6a64fe3091010b237709\">\n#top .hr.hr-invisible.av-av_hr-82f5be0ae0af6a64fe3091010b237709{\nheight:20px;\n}\n<\/style>\n<div  class='hr av-av_hr-82f5be0ae0af6a64fe3091010b237709 hr-invisible  avia-builder-el-70  el_after_av_heading  el_before_av_blog '><span class='hr-inner '><span class=\"hr-inner-style\"><\/span><\/span><\/div><br \/>\n<div  data-slideshow-options=\"{&quot;animation&quot;:&quot;fade&quot;,&quot;autoplay&quot;:false,&quot;loop_autoplay&quot;:&quot;once&quot;,&quot;interval&quot;:5,&quot;loop_manual&quot;:&quot;manual-endless&quot;,&quot;autoplay_stopper&quot;:false,&quot;noNavigation&quot;:false,&quot;show_slide_delay&quot;:90}\" class='avia-content-slider avia-content-grid-active avia-content-slider1 avia-content-slider-odd  avia-builder-el-71  el_after_av_hr  avia-builder-el-last  av-slideshow-ui av-control-default   av-no-slider-navigation av-slideshow-manual av-loop-once av-loop-manual-endless '  itemscope=\"itemscope\" itemtype=\"https:\/\/schema.org\/Blog\" ><div class=\"avia-content-slider-inner\"><div class=\"slide-entry-wrap\"><article class='slide-entry flex_column  post-entry post-entry-31650 slide-entry-overview slide-loop-1 slide-parity-odd  av_one_third first real-thumbnail posttype-post post-format-standard'  itemscope=\"itemscope\" itemtype=\"https:\/\/schema.org\/CreativeWork\" ><a href='https:\/\/www.colegionewman.org\/es_es\/el-trabajo-por-rincones-en-infantil-newman\/' data-rel='slide-1' class='slide-image' title='El trabajo por rincones en Infantil Newman'><img decoding=\"async\" fetchpriority=\"high\" width=\"495\" height=\"400\" src=\"https:\/\/www.colegionewman.org\/wp-content\/uploads\/trabajo-por-rincones-495x400.jpg\" class=\"wp-image-31652 avia-img-lazy-loading-not-31652 attachment-portfolio size-portfolio wp-post-image\" alt=\"\" srcset=\"https:\/\/www.colegionewman.org\/wp-content\/uploads\/trabajo-por-rincones-495x400.jpg 495w, https:\/\/www.colegionewman.org\/wp-content\/uploads\/trabajo-por-rincones-16x12.jpg 16w, https:\/\/www.colegionewman.org\/wp-content\/uploads\/trabajo-por-rincones-845x684.jpg 845w\" sizes=\"(max-width: 495px) 100vw, 495px\" \/><\/a><div class=\"slide-content\"><header class=\"entry-content-header\"><span class=\"blog-categories minor-meta\"><a href=\"https:\/\/www.colegionewman.org\/es_es\/category\/colegio\/\" rel=\"tag\">Colegio<\/a>, <a href=\"https:\/\/www.colegionewman.org\/es_es\/category\/infantil\/\" rel=\"tag\">Infantil<\/a>, <a href=\"https:\/\/www.colegionewman.org\/es_es\/category\/noticias\/\" rel=\"tag\">Noticias<\/a> <\/span><h3 class='slide-entry-title entry-title '  itemprop=\"headline\" ><a href='https:\/\/www.colegionewman.org\/es_es\/el-trabajo-por-rincones-en-infantil-newman\/' title='El trabajo por rincones en Infantil Newman'>El trabajo por rincones en Infantil Newman<\/a><\/h3><span class=\"av-vertical-delimiter\"><\/span><\/header><div class='slide-entry-excerpt entry-content'  itemprop=\"text\" ><div class=\"read-more-link\"><a href=\"https:\/\/www.colegionewman.org\/es_es\/el-trabajo-por-rincones-en-infantil-newman\/\" class=\"more-link\">Leer m\u00e1s<span class=\"more-link-arrow\"><\/span><\/a><\/div><\/div><\/div><footer class=\"entry-footer\"><div class=\"slide-meta\"><time class='slide-meta-time updated'  itemprop=\"datePublished\" datetime=\"2026-02-09T09:26:00+01:00\" >9 de febrero de 2026<\/time><div class=\"slide-meta-del\">\/<\/div><div class=\"slide-meta-comments\"><a href='https:\/\/www.colegionewman.org\/es_es\/el-trabajo-por-rincones-en-infantil-newman\/#respond'>0 Comentarios<\/a><\/div><\/div><\/footer><span class='hidden'>\n\t\t\t\t<span class='av-structured-data'  itemprop=\"image\" itemscope=\"itemscope\" itemtype=\"https:\/\/schema.org\/ImageObject\" >\n\t\t\t\t\t\t<span itemprop='url'>https:\/\/www.colegionewman.org\/wp-content\/uploads\/trabajo-por-rincones.jpg<\/span>\n\t\t\t\t\t\t<span itemprop='height'>750<\/span>\n\t\t\t\t\t\t<span itemprop='width'>1000<\/span>\n\t\t\t\t<\/span>\n\t\t\t\t<span class='av-structured-data'  itemprop=\"publisher\" itemtype=\"https:\/\/schema.org\/Organization\" itemscope=\"itemscope\" >\n\t\t\t\t\t\t<span itemprop='name'>usuario01<\/span>\n\t\t\t\t\t\t<span itemprop='logo' itemscope itemtype='https:\/\/schema.org\/ImageObject'>\n\t\t\t\t\t\t\t<span itemprop='url'>https:\/\/www.colegionewman.org\/wp-content\/uploads\/Logo-newman_1_blanco-scaled-e1768467612132.png<\/span>\n\t\t\t\t\t\t<\/span>\n\t\t\t\t<\/span><span class='av-structured-data'  itemprop=\"author\" itemscope=\"itemscope\" itemtype=\"https:\/\/schema.org\/Person\" ><span itemprop='name'>usuario01<\/span><\/span><span class='av-structured-data'  itemprop=\"datePublished\" datetime=\"2015-02-22T20:09:44+01:00\" >2026-02-09 09:26:00<\/span><span class='av-structured-data'  itemprop=\"dateModified\" itemtype=\"https:\/\/schema.org\/dateModified\" >2026-01-28 11:05:04<\/span><span class='av-structured-data'  itemprop=\"mainEntityOfPage\" itemtype=\"https:\/\/schema.org\/mainEntityOfPage\" ><span itemprop='name'>El trabajo por rincones en Infantil Newman<\/span><\/span><\/span><\/article><article class='slide-entry flex_column  post-entry post-entry-31586 slide-entry-overview slide-loop-2 slide-parity-even  av_one_third  real-thumbnail posttype-post post-format-standard'  itemscope=\"itemscope\" itemtype=\"https:\/\/schema.org\/CreativeWork\" ><a href='https:\/\/www.colegionewman.org\/es_es\/ensenanza-ingles-newman-enfoque-natural-eficiente-practico\/' data-rel='slide-1' class='slide-image' title='La ense\u00f1anza del ingl\u00e9s en el Newman: un enfoque natural, eficiente y pr\u00e1ctico'><img decoding=\"async\" fetchpriority=\"high\" width=\"495\" height=\"400\" src=\"https:\/\/www.colegionewman.org\/wp-content\/uploads\/aprender-ingles-en-el-newman-495x400.jpg\" class=\"wp-image-31608 avia-img-lazy-loading-not-31608 attachment-portfolio size-portfolio wp-post-image\" alt=\"\" \/><\/a><div class=\"slide-content\"><header class=\"entry-content-header\"><span class=\"blog-categories minor-meta\"><a href=\"https:\/\/www.colegionewman.org\/es_es\/category\/colegio\/\" rel=\"tag\">Colegio<\/a>, <a href=\"https:\/\/www.colegionewman.org\/es_es\/category\/infantil\/\" rel=\"tag\">Infantil<\/a>, <a href=\"https:\/\/www.colegionewman.org\/es_es\/category\/primaria\/\" rel=\"tag\">Primaria<\/a> <\/span><h3 class='slide-entry-title entry-title '  itemprop=\"headline\" ><a href='https:\/\/www.colegionewman.org\/es_es\/ensenanza-ingles-newman-enfoque-natural-eficiente-practico\/' title='La ense\u00f1anza del ingl\u00e9s en el Newman: un enfoque natural, eficiente y pr\u00e1ctico'>La ense\u00f1anza del ingl\u00e9s en el Newman: un enfoque natural, eficiente y pr\u00e1ctico<\/a><\/h3><span class=\"av-vertical-delimiter\"><\/span><\/header><div class='slide-entry-excerpt entry-content'  itemprop=\"text\" ><div class=\"read-more-link\"><a href=\"https:\/\/www.colegionewman.org\/es_es\/ensenanza-ingles-newman-enfoque-natural-eficiente-practico\/\" class=\"more-link\">Leer m\u00e1s<span class=\"more-link-arrow\"><\/span><\/a><\/div><\/div><\/div><footer class=\"entry-footer\"><div class=\"slide-meta\"><time class='slide-meta-time updated'  itemprop=\"datePublished\" datetime=\"2026-01-19T10:04:29+01:00\" >19 de enero de 2026<\/time><div class=\"slide-meta-del\">\/<\/div><div class=\"slide-meta-comments\"><a href='https:\/\/www.colegionewman.org\/es_es\/ensenanza-ingles-newman-enfoque-natural-eficiente-practico\/#respond'>0 Comentarios<\/a><\/div><\/div><\/footer><span class='hidden'>\n\t\t\t\t<span class='av-structured-data'  itemprop=\"image\" itemscope=\"itemscope\" itemtype=\"https:\/\/schema.org\/ImageObject\" >\n\t\t\t\t\t\t<span itemprop='url'>https:\/\/www.colegionewman.org\/wp-content\/uploads\/aprender-ingles-en-el-newman.jpg<\/span>\n\t\t\t\t\t\t<span itemprop='height'>563<\/span>\n\t\t\t\t\t\t<span itemprop='width'>1000<\/span>\n\t\t\t\t<\/span>\n\t\t\t\t<span class='av-structured-data'  itemprop=\"publisher\" itemtype=\"https:\/\/schema.org\/Organization\" itemscope=\"itemscope\" >\n\t\t\t\t\t\t<span itemprop='name'>usuario01<\/span>\n\t\t\t\t\t\t<span itemprop='logo' itemscope itemtype='https:\/\/schema.org\/ImageObject'>\n\t\t\t\t\t\t\t<span itemprop='url'>https:\/\/www.colegionewman.org\/wp-content\/uploads\/Logo-newman_1_blanco-scaled-e1768467612132.png<\/span>\n\t\t\t\t\t\t<\/span>\n\t\t\t\t<\/span><span class='av-structured-data'  itemprop=\"author\" itemscope=\"itemscope\" itemtype=\"https:\/\/schema.org\/Person\" ><span itemprop='name'>usuario01<\/span><\/span><span class='av-structured-data'  itemprop=\"datePublished\" datetime=\"2015-02-22T20:09:44+01:00\" >2026-01-19 10:04:29<\/span><span class='av-structured-data'  itemprop=\"dateModified\" itemtype=\"https:\/\/schema.org\/dateModified\" >2026-01-19 10:12:35<\/span><span class='av-structured-data'  itemprop=\"mainEntityOfPage\" itemtype=\"https:\/\/schema.org\/mainEntityOfPage\" ><span itemprop='name'>La ense\u00f1anza del ingl\u00e9s en el Newman: un enfoque natural, eficiente y pr\u00e1ctico<\/span><\/span><\/span><\/article><article class='slide-entry flex_column  post-entry post-entry-31518 slide-entry-overview slide-loop-3 slide-parity-odd  post-entry-last  av_one_third  real-thumbnail posttype-post post-format-standard'  itemscope=\"itemscope\" itemtype=\"https:\/\/schema.org\/CreativeWork\" ><a href='https:\/\/www.colegionewman.org\/es_es\/conoce-el-newman-fechas-visitas-y-admisiones-2\/' data-rel='slide-1' class='slide-image' title='CONOCE EL NEWMAN | FECHAS VISITAS Y ADMISIONES 2026'><img decoding=\"async\" fetchpriority=\"high\" width=\"495\" height=\"400\" src=\"https:\/\/www.colegionewman.org\/wp-content\/uploads\/CONOCE-EL-NEWMAN-FECHAS-495x400.jpg\" class=\"wp-image-31544 avia-img-lazy-loading-not-31544 attachment-portfolio size-portfolio wp-post-image\" alt=\"\" \/><\/a><div class=\"slide-content\"><header class=\"entry-content-header\"><span class=\"blog-categories minor-meta\"><a href=\"https:\/\/www.colegionewman.org\/es_es\/category\/colegio\/20-aniversario\/\" rel=\"tag\">20 aniversario<\/a>, <a href=\"https:\/\/www.colegionewman.org\/es_es\/category\/apa\/\" rel=\"tag\">AMPA<\/a>, <a href=\"https:\/\/www.colegionewman.org\/es_es\/category\/arte\/\" rel=\"tag\">Arte<\/a>, <a href=\"https:\/\/www.colegionewman.org\/es_es\/category\/bachillerato\/\" rel=\"tag\">Bachillerato<\/a>, <a href=\"https:\/\/www.colegionewman.org\/es_es\/category\/ciencias\/\" rel=\"tag\">Ciencias<\/a>, <a href=\"https:\/\/www.colegionewman.org\/es_es\/category\/colegio\/\" rel=\"tag\">Colegio<\/a>, <a href=\"https:\/\/www.colegionewman.org\/es_es\/category\/eventos\/\" rel=\"tag\">Eventos<\/a>, <a href=\"https:\/\/www.colegionewman.org\/es_es\/category\/extraescolares\/\" rel=\"tag\">Extraescolares<\/a>, <a href=\"https:\/\/www.colegionewman.org\/es_es\/category\/infantil\/\" rel=\"tag\">Infantil<\/a>, <a href=\"https:\/\/www.colegionewman.org\/es_es\/category\/internacional\/\" rel=\"tag\">Internacional<\/a>, <a href=\"https:\/\/www.colegionewman.org\/es_es\/category\/noticias\/\" rel=\"tag\">Noticias<\/a>, <a href=\"https:\/\/www.colegionewman.org\/es_es\/category\/orientacion\/\" rel=\"tag\">Orientaci\u00f3n<\/a>, <a href=\"https:\/\/www.colegionewman.org\/es_es\/category\/prensa\/\" rel=\"tag\">Prensa<\/a>, <a href=\"https:\/\/www.colegionewman.org\/es_es\/category\/primaria\/\" rel=\"tag\">Primaria<\/a>, <a href=\"https:\/\/www.colegionewman.org\/es_es\/category\/secundaria\/\" rel=\"tag\">Secundaria<\/a> <\/span><h3 class='slide-entry-title entry-title '  itemprop=\"headline\" ><a href='https:\/\/www.colegionewman.org\/es_es\/conoce-el-newman-fechas-visitas-y-admisiones-2\/' title='CONOCE EL NEWMAN | FECHAS VISITAS Y ADMISIONES 2026'>CONOCE EL NEWMAN | FECHAS VISITAS Y ADMISIONES 2026<\/a><\/h3><span class=\"av-vertical-delimiter\"><\/span><\/header><div class='slide-entry-excerpt entry-content'  itemprop=\"text\" ><div class=\"read-more-link\"><a href=\"https:\/\/www.colegionewman.org\/es_es\/conoce-el-newman-fechas-visitas-y-admisiones-2\/\" class=\"more-link\">Leer m\u00e1s<span class=\"more-link-arrow\"><\/span><\/a><\/div><\/div><\/div><footer class=\"entry-footer\"><div class=\"slide-meta\"><time class='slide-meta-time updated'  itemprop=\"datePublished\" datetime=\"2026-01-12T11:25:25+01:00\" >12 de enero de 2026<\/time><div class=\"slide-meta-del\">\/<\/div><div class=\"slide-meta-comments\"><a href='https:\/\/www.colegionewman.org\/es_es\/conoce-el-newman-fechas-visitas-y-admisiones-2\/#respond'>0 Comentarios<\/a><\/div><\/div><\/footer><span class='hidden'>\n\t\t\t\t<span class='av-structured-data'  itemprop=\"image\" itemscope=\"itemscope\" itemtype=\"https:\/\/schema.org\/ImageObject\" >\n\t\t\t\t\t\t<span itemprop='url'>https:\/\/www.colegionewman.org\/wp-content\/uploads\/CONOCE-EL-NEWMAN-FECHAS.jpg<\/span>\n\t\t\t\t\t\t<span itemprop='height'>600<\/span>\n\t\t\t\t\t\t<span itemprop='width'>1000<\/span>\n\t\t\t\t<\/span>\n\t\t\t\t<span class='av-structured-data'  itemprop=\"publisher\" itemtype=\"https:\/\/schema.org\/Organization\" itemscope=\"itemscope\" >\n\t\t\t\t\t\t<span itemprop='name'>usuario01<\/span>\n\t\t\t\t\t\t<span itemprop='logo' itemscope itemtype='https:\/\/schema.org\/ImageObject'>\n\t\t\t\t\t\t\t<span itemprop='url'>https:\/\/www.colegionewman.org\/wp-content\/uploads\/Logo-newman_1_blanco-scaled-e1768467612132.png<\/span>\n\t\t\t\t\t\t<\/span>\n\t\t\t\t<\/span><span class='av-structured-data'  itemprop=\"author\" itemscope=\"itemscope\" itemtype=\"https:\/\/schema.org\/Person\" ><span itemprop='name'>usuario01<\/span><\/span><span class='av-structured-data'  itemprop=\"datePublished\" datetime=\"2015-02-22T20:09:44+01:00\" >2026-01-12 11:25:25<\/span><span class='av-structured-data'  itemprop=\"dateModified\" itemtype=\"https:\/\/schema.org\/dateModified\" >2026-01-15 09:29:24<\/span><span class='av-structured-data'  itemprop=\"mainEntityOfPage\" itemtype=\"https:\/\/schema.org\/mainEntityOfPage\" ><span itemprop='name'>CONOCE EL NEWMAN | FECHAS VISITAS Y ADMISIONES 2026<\/span><\/span><\/span><\/article><\/div><\/div><\/div><\/p><\/div><\/div><\/div><\/div><!-- close content main div --><\/div><\/div><div id='features'  class='av-layout-grid-container av-1nshk-5cd9e1601cf37646bb0457fdba438830 entry-content-wrapper main_color av-flex-cells  avia-builder-el-72  el_after_av_one_full  el_before_av_section  grid-row-not-first  container_wrap sidebar_right'  >\n\n<style type=\"text\/css\" data-created_by=\"avia_inline_auto\" id=\"style-css-av-lqtvpd9l-54614c88a9d7a83b0db718449f505aad\">\n.flex_cell.av-lqtvpd9l-54614c88a9d7a83b0db718449f505aad{\nvertical-align:middle;\n}\n.responsive #top #wrap_all .flex_cell.av-lqtvpd9l-54614c88a9d7a83b0db718449f505aad{\npadding:0px 0px 0px 0px !important;\n}\n\n@media only screen and (min-width: 990px){ \n.responsive #top #wrap_all .flex_cell.av-lqtvpd9l-54614c88a9d7a83b0db718449f505aad{\npadding:0px 0px 0px 0px !important;\n}\n}\n<\/style>\n<div class='flex_cell av-lqtvpd9l-54614c88a9d7a83b0db718449f505aad av-gridrow-cell av_two_fifth no_margin  avia-builder-el-73  el_before_av_cell_three_fifth  avia-builder-el-first  av-zero-padding'  ><div class='flex_cell_inner'>\n<style type=\"text\/css\" data-created_by=\"avia_inline_auto\" id=\"style-css-av-lqtvtb57-1b69052bd9286d19522a8b29b3df8bed\">\n.avia-image-container.av-lqtvtb57-1b69052bd9286d19522a8b29b3df8bed img.avia_image{\nbox-shadow:none;\n}\n.avia-image-container.av-lqtvtb57-1b69052bd9286d19522a8b29b3df8bed .av-image-caption-overlay-center{\ncolor:#ffffff;\n}\n<\/style>\n<div  class='avia-image-container av-lqtvtb57-1b69052bd9286d19522a8b29b3df8bed av-styling- avia_animated_image av-animated-when-visible-95 bottom-to-top avia-align-center  avia-builder-el-74  avia-builder-el-no-sibling '   itemprop=\"image\" itemscope=\"itemscope\" itemtype=\"https:\/\/schema.org\/ImageObject\" ><div class=\"avia-image-container-inner\"><div class=\"avia-image-overlay-wrap\"><img decoding=\"async\" fetchpriority=\"high\" class='wp-image-645 avia-img-lazy-loading-not-645 avia_image ' src=\"https:\/\/www.colegionewman.org\/wp-content\/uploads\/2023\/12\/infantil_newman_2.jpg\" alt='Actividad educativa en el colegio educaci\u00f3n infantil.' title='infantil_newman_2'  height=\"1500\" width=\"1000\"  itemprop=\"thumbnailUrl\" srcset=\"https:\/\/www.colegionewman.org\/wp-content\/uploads\/2023\/12\/infantil_newman_2.jpg 1000w, https:\/\/www.colegionewman.org\/wp-content\/uploads\/2023\/12\/infantil_newman_2-200x300.jpg 200w, https:\/\/www.colegionewman.org\/wp-content\/uploads\/2023\/12\/infantil_newman_2-687x1030.jpg 687w, https:\/\/www.colegionewman.org\/wp-content\/uploads\/2023\/12\/infantil_newman_2-768x1152.jpg 768w, https:\/\/www.colegionewman.org\/wp-content\/uploads\/2023\/12\/infantil_newman_2-470x705.jpg 470w\" sizes=\"(max-width: 1000px) 100vw, 1000px\" \/><\/div><\/div><\/div>\n<\/div><\/div>\n<style type=\"text\/css\" data-created_by=\"avia_inline_auto\" id=\"style-css-av-lqtvs3uq-76d360bd9f605fe06fa0c45f88235d6a\">\n.flex_cell.av-lqtvs3uq-76d360bd9f605fe06fa0c45f88235d6a{\nvertical-align:middle;\nbackground-color:#f7f7f7;\n}\n.responsive #top #wrap_all .flex_cell.av-lqtvs3uq-76d360bd9f605fe06fa0c45f88235d6a{\npadding:50px 50px 50px 50px !important;\n}\n<\/style>\n<div class='flex_cell av-lqtvs3uq-76d360bd9f605fe06fa0c45f88235d6a av-gridrow-cell av_three_fifth no_margin  avia-builder-el-75  el_after_av_cell_two_fifth  avia-builder-el-last  avia-full-stretch'  ><div class='flex_cell_inner'><p>\n<style type=\"text\/css\" data-created_by=\"avia_inline_auto\" id=\"style-css-av-lqtvn6sj-78e6c9ff1c44d814d2d92a974340ef68\">\n#top .av-rotator-container.av-lqtvn6sj-78e6c9ff1c44d814d2d92a974340ef68{\ntext-align:center;\ncolor:#000000;\n}\n#top #wrap_all .av-rotator-container.av-lqtvn6sj-78e6c9ff1c44d814d2d92a974340ef68 .av-rotator-container-inner{\nfont-size:39px;\n}\n\n@media only screen and (min-width: 990px){ \n#top #wrap_all .av-rotator-container.av-lqtvn6sj-78e6c9ff1c44d814d2d92a974340ef68 .av-rotator-container-inner{\nfont-size:39px;\n}\n}\n\n@media only screen and (min-width: 768px) and (max-width: 989px){ \n#top #wrap_all .av-rotator-container.av-lqtvn6sj-78e6c9ff1c44d814d2d92a974340ef68 .av-rotator-container-inner{\nfont-size:28px;\n}\n}\n\n@media only screen and (min-width: 480px) and (max-width: 767px){ \n#top #wrap_all .av-rotator-container.av-lqtvn6sj-78e6c9ff1c44d814d2d92a974340ef68 .av-rotator-container-inner{\nfont-size:24px;\n}\n}\n\n@media only screen and (max-width: 479px){ \n#top #wrap_all .av-rotator-container.av-lqtvn6sj-78e6c9ff1c44d814d2d92a974340ef68 .av-rotator-container-inner{\nfont-size:23px;\n}\n}\n<\/style>\n<div  id=\"FAQ\"  class='av-rotator-container av-rotation-container-center av-lqtvn6sj-78e6c9ff1c44d814d2d92a974340ef68  avia-builder-el-76  el_before_av_hr  avia-builder-el-first  av-fixed-rotator-width av-typewriter' data-interval='3' data-animation='typewriter' data-fixWidth='1'><h3 class='av-rotator-container-inner'><strong>Infantil Newman<\/strong><span class='av-rotator-text av-rotator-multiline-off'>\n<span class='av-rotator-text-single av-lqtvlvmp-5dcd75199e591117f9c4a69708b57944 av-rotator-text-single-1' >Preguntas <\/span>\n<span class='av-rotator-text-single av-lqtvm0re-0ea0c2c4120d93d3e5b7475bfd9502c1 av-rotator-text-single-2' >y Respuestas<\/span>\n<\/span><\/h3><\/div><br \/>\n\n<style type=\"text\/css\" data-created_by=\"avia_inline_auto\" id=\"style-css-av-lrccrn2u-0de1ad660af969f31450083791e4d6c9\">\n#top .hr.hr-invisible.av-lrccrn2u-0de1ad660af969f31450083791e4d6c9{\nheight:90px;\n}\n<\/style>\n<div  class='hr av-lrccrn2u-0de1ad660af969f31450083791e4d6c9 hr-invisible  avia-builder-el-77  el_after_av_headline_rotator  el_before_av_one_half '><span class='hr-inner '><span class=\"hr-inner-style\"><\/span><\/span><\/div><br \/>\n<div  class='flex_column av-p79s-a23c9fc979610e141c878176a93c6718 av_one_half  avia-builder-el-78  el_after_av_hr  el_before_av_one_half  first flex_column_div  '     ><style type=\"text\/css\" data-created_by=\"avia_inline_auto\" id=\"style-css-av-lqtvizn9-fbab9d7d88af22d9ef3abe89cb3a6f8b\">\n#top .togglecontainer.av-lqtvizn9-fbab9d7d88af22d9ef3abe89cb3a6f8b p.toggler{\nbackground-color:#ffffff;\n}\n#top .togglecontainer.av-lqtvizn9-fbab9d7d88af22d9ef3abe89cb3a6f8b .toggle_wrap .toggle_content{\nbackground-color:#ffffff;\n}\n<\/style>\n<div  class='togglecontainer av-lqtvizn9-fbab9d7d88af22d9ef3abe89cb3a6f8b av-minimal-toggle  avia-builder-el-79  avia-builder-el-no-sibling  toggle_close_all'  itemscope=\"itemscope\" itemtype=\"https:\/\/schema.org\/FAQPage\" >\n<section class='av_toggle_section av-lqtvqd9r-2085d6a9455f97a6981449de61d0d206'  itemscope=\"itemscope\" itemprop=\"mainEntity\" itemtype=\"https:\/\/schema.org\/Question\" ><div role=\"tablist\" class=\"single_toggle\" data-tags=\"{Todo} \"  ><p data-fake-id='#toggle-id-21' class='toggler   '  itemprop=\"name\"  role='tab' tabindex='0' aria-controls='toggle-id-21'>\u00bfHay per\u00edodo de adaptaci\u00f3n para 3 a\u00f1os?<span class=\"toggle_icon\"><span class=\"vert_icon\"><\/span><span class=\"hor_icon\"><\/span><\/span><\/p><div id='toggle-id-21' class='toggle_wrap  '   itemscope=\"itemscope\" itemprop=\"acceptedAnswer\" itemtype=\"https:\/\/schema.org\/Answer\" ><div class='toggle_content invers-color '  itemprop=\"text\" ><p><strong>S\u00ed.<\/strong> El colegio empieza un d\u00eda antes para los alumnos de Infantil que para los alumnos de las otras etapas; vienen dos horas para una toma de contacto con su tutor.<\/p>\n<\/div><\/div><\/div><\/section>\n<section class='av_toggle_section av-lqtvqd9r-33-da89f81c16f4f6f9cfd6195f0ca8c693'  itemscope=\"itemscope\" itemprop=\"mainEntity\" itemtype=\"https:\/\/schema.org\/Question\" ><div role=\"tablist\" class=\"single_toggle\" data-tags=\"{Todo} \"  ><p data-fake-id='#toggle-id-22' class='toggler   '  itemprop=\"name\"  role='tab' tabindex='0' aria-controls='toggle-id-22'>\u00bfHay auxiliares en Infantil?<span class=\"toggle_icon\"><span class=\"vert_icon\"><\/span><span class=\"hor_icon\"><\/span><\/span><\/p><div id='toggle-id-22' class='toggle_wrap  '   itemscope=\"itemscope\" itemprop=\"acceptedAnswer\" itemtype=\"https:\/\/schema.org\/Answer\" ><div class='toggle_content invers-color '  itemprop=\"text\" ><p><strong>S\u00ed.<\/strong> Contamos con tres auxiliares en la etapa. Apoyan a todos los cursos pero en el primer trimestre del a\u00f1o su presencia es fundamentalmente para los alumnos de 3 a\u00f1os.<\/p>\n<\/div><\/div><\/div><\/section>\n<section class='av_toggle_section av-lqtvqd9r-32-c4dd1d829116bd2b38512647f5a12928'  itemscope=\"itemscope\" itemprop=\"mainEntity\" itemtype=\"https:\/\/schema.org\/Question\" ><div role=\"tablist\" class=\"single_toggle\" data-tags=\"{Todo} \"  ><p data-fake-id='#toggle-id-23' class='toggler   '  itemprop=\"name\"  role='tab' tabindex='0' aria-controls='toggle-id-23'>\u00bfC\u00f3mo se procede con el control de esf\u00ednteres?<span class=\"toggle_icon\"><span class=\"vert_icon\"><\/span><span class=\"hor_icon\"><\/span><\/span><\/p><div id='toggle-id-23' class='toggle_wrap  '   itemscope=\"itemscope\" itemprop=\"acceptedAnswer\" itemtype=\"https:\/\/schema.org\/Answer\" ><div class='toggle_content invers-color '  itemprop=\"text\" ><p>Cuando un alumno comienza la escolarizaci\u00f3n en Infantil, lo habitual es que ya haya conseguido el control de esf\u00ednteres. En caso de que esto no haya ocurrido, en colaboraci\u00f3n con la familias, ayudamos en este proceso para alcanzar este autocontrol.<\/p>\n<\/div><\/div><\/div><\/section>\n<section class='av_toggle_section av-lqtvqd9r-31-d796cfa996ee6ec5c100b3b34ca48bd8'  itemscope=\"itemscope\" itemprop=\"mainEntity\" itemtype=\"https:\/\/schema.org\/Question\" ><div role=\"tablist\" class=\"single_toggle\" data-tags=\"{Todo} \"  ><p data-fake-id='#toggle-id-24' class='toggler   '  itemprop=\"name\"  role='tab' tabindex='0' aria-controls='toggle-id-24'>\u00bfSe echan la siesta los alumnos?<span class=\"toggle_icon\"><span class=\"vert_icon\"><\/span><span class=\"hor_icon\"><\/span><\/span><\/p><div id='toggle-id-24' class='toggle_wrap  '   itemscope=\"itemscope\" itemprop=\"acceptedAnswer\" itemtype=\"https:\/\/schema.org\/Answer\" ><div class='toggle_content invers-color '  itemprop=\"text\" ><p><strong>Solo los alumnos de 1\u00ba de Infantil.<\/strong> A partir del segundo a\u00f1o, las familias que lo deseen tambi\u00e9n pueden apuntarse a una actividad extraescolar en ese momento (13:30h-14:30h).<\/p>\n<\/div><\/div><\/div><\/section>\n<section class='av_toggle_section av-lqtvqd9r-30-3665395c25b4b21d61393ba2e3bf87c8'  itemscope=\"itemscope\" itemprop=\"mainEntity\" itemtype=\"https:\/\/schema.org\/Question\" ><div role=\"tablist\" class=\"single_toggle\" data-tags=\"{Todo} \"  ><p data-fake-id='#toggle-id-25' class='toggler   '  itemprop=\"name\"  role='tab' tabindex='0' aria-controls='toggle-id-25'>\u00bfPuede otra persona autorizada recoger al alumno?<span class=\"toggle_icon\"><span class=\"vert_icon\"><\/span><span class=\"hor_icon\"><\/span><\/span><\/p><div id='toggle-id-25' class='toggle_wrap  '   itemscope=\"itemscope\" itemprop=\"acceptedAnswer\" itemtype=\"https:\/\/schema.org\/Answer\" ><div class='toggle_content invers-color '  itemprop=\"text\" ><p><strong>S\u00ed. S\u00f3lo las personas autorizadas para ello.<\/strong> Los primeros d\u00edas de colegio se facilita unos carn\u00e9s de recogida a la familia para que puedan autorizar a aquellas personas que consideren y que tendr\u00e1n que mostrar al tutor en el momento de recogida del alumno\/a.<\/p>\n<\/div><\/div><\/div><\/section>\n<section class='av_toggle_section av-lqtvqd9r-29-3a9bd32cd2f9c77aedcb6d65d445f385'  itemscope=\"itemscope\" itemprop=\"mainEntity\" itemtype=\"https:\/\/schema.org\/Question\" ><div role=\"tablist\" class=\"single_toggle\" data-tags=\"{Todo} \"  ><p data-fake-id='#toggle-id-26' class='toggler   '  itemprop=\"name\"  role='tab' tabindex='0' aria-controls='toggle-id-26'>\u00bfHay actividades extraescolares para Infantil?<span class=\"toggle_icon\"><span class=\"vert_icon\"><\/span><span class=\"hor_icon\"><\/span><\/span><\/p><div id='toggle-id-26' class='toggle_wrap  '   itemscope=\"itemscope\" itemprop=\"acceptedAnswer\" itemtype=\"https:\/\/schema.org\/Answer\" ><div class='toggle_content invers-color '  itemprop=\"text\" ><p><strong>S\u00ed.<\/strong> Se ofertan a comienzo de curso para los alumnos de 2\u00ba y 3\u00ba, (4 y 5 a\u00f1os). Dan respuesta a sus intereses deportivos o inclinaciones teatrales y de refuerzo del aprendizaje de ingl\u00e9s; pod\u00e9is encontrarlas en la p\u00e1gina web del colegio.<\/p>\n<\/div><\/div><\/div><\/section>\n<section class='av_toggle_section av-lqtvqd9r-28-9b768bce62fe2f6f9a155c6a4aefc374'  itemscope=\"itemscope\" itemprop=\"mainEntity\" itemtype=\"https:\/\/schema.org\/Question\" ><div role=\"tablist\" class=\"single_toggle\" data-tags=\"{Todo} \"  ><p data-fake-id='#toggle-id-27' class='toggler   '  itemprop=\"name\"  role='tab' tabindex='0' aria-controls='toggle-id-27'>\u00bfHay servicio de logopedia en el colegio?<span class=\"toggle_icon\"><span class=\"vert_icon\"><\/span><span class=\"hor_icon\"><\/span><\/span><\/p><div id='toggle-id-27' class='toggle_wrap  '   itemscope=\"itemscope\" itemprop=\"acceptedAnswer\" itemtype=\"https:\/\/schema.org\/Answer\" ><div class='toggle_content invers-color '  itemprop=\"text\" ><p><strong>S\u00ed.<\/strong> En el horario escolar contamos con una especialista en Audici\u00f3n y Lenguaje que trabaja reforzando dificultades de articulaci\u00f3n o estimulaci\u00f3n del lenguaje. Como a\u00f1adido, tenemos un Servicio de Logopedia extraescolar que trabaja internamente en el colegio para detectar, trabajar y solucionar posibles dificultades en el lenguaje o aprendizaje.<\/p>\n<\/div><\/div><\/div><\/section>\n<section class='av_toggle_section av-lqtvqd9r-27-b99685b86e4b00fec58a62b21046b858'  itemscope=\"itemscope\" itemprop=\"mainEntity\" itemtype=\"https:\/\/schema.org\/Question\" ><div role=\"tablist\" class=\"single_toggle\" data-tags=\"{Todo} \"  ><p data-fake-id='#toggle-id-28' class='toggler   '  itemprop=\"name\"  role='tab' tabindex='0' aria-controls='toggle-id-28'>\u00bfC\u00f3mo se comunica el centro con las familias?<span class=\"toggle_icon\"><span class=\"vert_icon\"><\/span><span class=\"hor_icon\"><\/span><\/span><\/p><div id='toggle-id-28' class='toggle_wrap  '   itemscope=\"itemscope\" itemprop=\"acceptedAnswer\" itemtype=\"https:\/\/schema.org\/Answer\" ><div class='toggle_content invers-color '  itemprop=\"text\" ><p>A trav\u00e9s de diferentes v\u00edas: Plataforma de comunicaci\u00f3n CIFRA, que es la v\u00eda oficial de comunicaci\u00f3n del centro, correo particular de los padres, redes sociales y web.<\/p>\n<\/div><\/div><\/div><\/section>\n<section class='av_toggle_section av-lqtvqd9r-27-15-d5aa4369fe28ffbbc1fcacce1e092f57'  itemscope=\"itemscope\" itemprop=\"mainEntity\" itemtype=\"https:\/\/schema.org\/Question\" ><div role=\"tablist\" class=\"single_toggle\" data-tags=\"{Todo} \"  ><p data-fake-id='#toggle-id-29' class='toggler   '  itemprop=\"name\"  role='tab' tabindex='0' aria-controls='toggle-id-29'>\u00bfCu\u00e1l es el horario de Educaci\u00f3n Infantil?<span class=\"toggle_icon\"><span class=\"vert_icon\"><\/span><span class=\"hor_icon\"><\/span><\/span><\/p><div id='toggle-id-29' class='toggle_wrap  '   itemscope=\"itemscope\" itemprop=\"acceptedAnswer\" itemtype=\"https:\/\/schema.org\/Answer\" ><div class='toggle_content invers-color '  itemprop=\"text\" ><ul>\n<li>9:00 \u2013 12:30h Horario de ma\u00f1ana.<\/li>\n<li>12:30 \u2013 13:15h Comida.<\/li>\n<li>13:15 \u2013 14:45h Siesta (tres a\u00f1os) \/ recreo o extraescolares.<\/li>\n<li>14:45 \u2013 16:45h Horario de tarde.<\/li>\n<\/ul>\n<\/div><\/div><\/div><\/section>\n<section class='av_toggle_section av-lqtvqd9r-27-14-024005270fa645164dac9d3beab6ed5e'  itemscope=\"itemscope\" itemprop=\"mainEntity\" itemtype=\"https:\/\/schema.org\/Question\" ><div role=\"tablist\" class=\"single_toggle\" data-tags=\"{Todo} \"  ><p data-fake-id='#toggle-id-30' class='toggler   '  itemprop=\"name\"  role='tab' tabindex='0' aria-controls='toggle-id-30'>\u00bfExiste la posibilidad de ampliaci\u00f3n de horario?<span class=\"toggle_icon\"><span class=\"vert_icon\"><\/span><span class=\"hor_icon\"><\/span><\/span><\/p><div id='toggle-id-30' class='toggle_wrap  '   itemscope=\"itemscope\" itemprop=\"acceptedAnswer\" itemtype=\"https:\/\/schema.org\/Answer\" ><div class='toggle_content invers-color '  itemprop=\"text\" ><p><strong>S\u00ed.<\/strong> Hay posibilidad de ampliar el horario para las familias que lo necesiten por la ma\u00f1ana y por la tarde. Desde las 7:30h hasta las 9:00h y de 16:45h a 18:00h. Con posibilidad de acogerse en franjas de media hora en la ma\u00f1ana.<\/p>\n<\/div><\/div><\/div><\/section>\n<section class='av_toggle_section av-lqtvqd9r-27-13-ad73c8f71dce7be44f57dd549462f911'  itemscope=\"itemscope\" itemprop=\"mainEntity\" itemtype=\"https:\/\/schema.org\/Question\" ><div role=\"tablist\" class=\"single_toggle\" data-tags=\"{Todo} \"  ><p data-fake-id='#toggle-id-31' class='toggler   '  itemprop=\"name\"  role='tab' tabindex='0' aria-controls='toggle-id-31'>\u00bfCu\u00e1l es el horario de comedor del colegio?<span class=\"toggle_icon\"><span class=\"vert_icon\"><\/span><span class=\"hor_icon\"><\/span><\/span><\/p><div id='toggle-id-31' class='toggle_wrap  '   itemscope=\"itemscope\" itemprop=\"acceptedAnswer\" itemtype=\"https:\/\/schema.org\/Answer\" ><div class='toggle_content invers-color '  itemprop=\"text\" ><p>El horario de comedor para Educaci\u00f3n Infantil es de 12.30h a 13.15h.<\/p>\n<\/div><\/div><\/div><\/section>\n<section class='av_toggle_section av-lqtvqd9r-27-12-a9b1343649d8ef352e11cffd9034f024'  itemscope=\"itemscope\" itemprop=\"mainEntity\" itemtype=\"https:\/\/schema.org\/Question\" ><div role=\"tablist\" class=\"single_toggle\" data-tags=\"{Todo} \"  ><p data-fake-id='#toggle-id-32' class='toggler   '  itemprop=\"name\"  role='tab' tabindex='0' aria-controls='toggle-id-32'>\u00bfHay cocina propia en el colegio?<span class=\"toggle_icon\"><span class=\"vert_icon\"><\/span><span class=\"hor_icon\"><\/span><\/span><\/p><div id='toggle-id-32' class='toggle_wrap  '   itemscope=\"itemscope\" itemprop=\"acceptedAnswer\" itemtype=\"https:\/\/schema.org\/Answer\" ><div class='toggle_content invers-color '  itemprop=\"text\" ><p><strong>S\u00ed.<\/strong> Las cocinas se encuentran en el colegio y la comida se prepara diariamente en las mismas. Los padres pueden ver el men\u00fa de comedor a trav\u00e9s de la p\u00e1gina web del colegio o de CIFRA.<\/p>\n<\/div><\/div><\/div><\/section>\n<\/div><\/div><div  class='flex_column av-6ykuo-6a20ec387919073949eb5debd0f4b715 av_one_half  avia-builder-el-80  el_after_av_one_half  avia-builder-el-last  flex_column_div  '     ><style type=\"text\/css\" data-created_by=\"avia_inline_auto\" id=\"style-css-av-lrccr7ha-b5242da6ed4eb8abc69f6fa79f556bc6\">\n#top .togglecontainer.av-lrccr7ha-b5242da6ed4eb8abc69f6fa79f556bc6 p.toggler{\nbackground-color:#ffffff;\n}\n#top .togglecontainer.av-lrccr7ha-b5242da6ed4eb8abc69f6fa79f556bc6 .toggle_wrap .toggle_content{\nbackground-color:#ffffff;\n}\n<\/style>\n<div  class='togglecontainer av-lrccr7ha-b5242da6ed4eb8abc69f6fa79f556bc6 av-minimal-toggle  avia-builder-el-81  avia-builder-el-no-sibling  toggle_close_all' >\n<section class='av_toggle_section av-662dw-73bd95b1e146dfa49188f68083ce3a1c'  itemscope=\"itemscope\" itemprop=\"mainEntity\" itemtype=\"https:\/\/schema.org\/Question\" ><div role=\"tablist\" class=\"single_toggle\" data-tags=\"{Todo} \"  ><p data-fake-id='#toggle-id-33' class='toggler   '  itemprop=\"name\"  role='tab' tabindex='0' aria-controls='toggle-id-33'>\u00bfD\u00f3nde comen los alumnos?<span class=\"toggle_icon\"><span class=\"vert_icon\"><\/span><span class=\"hor_icon\"><\/span><\/span><\/p><div id='toggle-id-33' class='toggle_wrap  '   itemscope=\"itemscope\" itemprop=\"acceptedAnswer\" itemtype=\"https:\/\/schema.org\/Answer\" ><div class='toggle_content invers-color '  itemprop=\"text\" ><p>En el comedor de alumnos, en un horario diferenciado del resto de etapas y en una zona habilitada para ellos.<\/p>\n<\/div><\/div><\/div><\/section>\n<section class='av_toggle_section av-5x1uk-6ea6f619b5a9165d63da32e03614ed30'  itemscope=\"itemscope\" itemprop=\"mainEntity\" itemtype=\"https:\/\/schema.org\/Question\" ><div role=\"tablist\" class=\"single_toggle\" data-tags=\"{Todo} \"  ><p data-fake-id='#toggle-id-34' class='toggler   '  itemprop=\"name\"  role='tab' tabindex='0' aria-controls='toggle-id-34'>\u00bfTiene Infantil un patio exclusivo?<span class=\"toggle_icon\"><span class=\"vert_icon\"><\/span><span class=\"hor_icon\"><\/span><\/span><\/p><div id='toggle-id-34' class='toggle_wrap  '   itemscope=\"itemscope\" itemprop=\"acceptedAnswer\" itemtype=\"https:\/\/schema.org\/Answer\" ><div class='toggle_content invers-color '  itemprop=\"text\" ><p><strong>S\u00ed.<\/strong> Es de uso exclusivo para Infantil, con acceso directo desde las clases, acondicionado con todo lo necesario para reforzar los procesos mot\u00f3ricos evolutivos propios de su edad: arenero, suelo de goma, triciclos, zona de f\u00fatbol, columpios colgantes, columpios de escalada, casitas de juego\u2026de uso exclusivo para los alumnos de nuestra etapa.<\/p>\n<\/div><\/div><\/div><\/section>\n<section class='av_toggle_section av-lrccqxjg-0695000b6a597482524da6047418745c'  itemscope=\"itemscope\" itemprop=\"mainEntity\" itemtype=\"https:\/\/schema.org\/Question\" ><div role=\"tablist\" class=\"single_toggle\" data-tags=\"{Todo} \"  ><p data-fake-id='#toggle-id-35' class='toggler   '  itemprop=\"name\"  role='tab' tabindex='0' aria-controls='toggle-id-35'>\u00bfHay espacio y sala de psicomotricidad?<span class=\"toggle_icon\"><span class=\"vert_icon\"><\/span><span class=\"hor_icon\"><\/span><\/span><\/p><div id='toggle-id-35' class='toggle_wrap  '   itemscope=\"itemscope\" itemprop=\"acceptedAnswer\" itemtype=\"https:\/\/schema.org\/Answer\" ><div class='toggle_content invers-color '  itemprop=\"text\" ><p><strong>S\u00ed.<\/strong> Tenemos una sala para trabajar la psicomotricidad de los alumnos, provista de todo el material necesario para dicha actividad y con las particularidades t\u00e9cnicas que requiere la materia: pared de espejos, escaleras de braquiaci\u00f3n\u2026<\/p>\n<\/div><\/div><\/div><\/section>\n<section class='av_toggle_section av-4ub3g-d023792dba66e0a38c1a168607dacd8b'  itemscope=\"itemscope\" itemprop=\"mainEntity\" itemtype=\"https:\/\/schema.org\/Question\" ><div role=\"tablist\" class=\"single_toggle\" data-tags=\"{Todo} \"  ><p data-fake-id='#toggle-id-36' class='toggler   '  itemprop=\"name\"  role='tab' tabindex='0' aria-controls='toggle-id-36'>\u00bfQu\u00e9 materiales se necesitan para iniciar el curso?<span class=\"toggle_icon\"><span class=\"vert_icon\"><\/span><span class=\"hor_icon\"><\/span><\/span><\/p><div id='toggle-id-36' class='toggle_wrap  '   itemscope=\"itemscope\" itemprop=\"acceptedAnswer\" itemtype=\"https:\/\/schema.org\/Answer\" ><div class='toggle_content invers-color '  itemprop=\"text\" ><p>El colegio se encargar\u00e1 de facilitar el material escolar necesario para todo el curso con el fin de que todos cuenten con los mismos recursos y puedan compartirlos para su uso.<\/p>\n<\/div><\/div><\/div><\/section>\n<section class='av_toggle_section av-4qprw-0fd350e0639001b6628501c6065d8b28'  itemscope=\"itemscope\" itemprop=\"mainEntity\" itemtype=\"https:\/\/schema.org\/Question\" ><div role=\"tablist\" class=\"single_toggle\" data-tags=\"{Todo} \"  ><p data-fake-id='#toggle-id-37' class='toggler   '  itemprop=\"name\"  role='tab' tabindex='0' aria-controls='toggle-id-37'>\u00bfLos alumnos tienen uniforme?<span class=\"toggle_icon\"><span class=\"vert_icon\"><\/span><span class=\"hor_icon\"><\/span><\/span><\/p><div id='toggle-id-37' class='toggle_wrap  '   itemscope=\"itemscope\" itemprop=\"acceptedAnswer\" itemtype=\"https:\/\/schema.org\/Answer\" ><div class='toggle_content invers-color '  itemprop=\"text\" ><p><strong>S\u00ed.<\/strong> El uniforme en Infantil consiste en un ch\u00e1ndal, camiseta y el baby.<\/p>\n<\/div><\/div><\/div><\/section>\n<section class='av_toggle_section av-3nbpw-36bb4aab3273f7c339199a0485646d41'  itemscope=\"itemscope\" itemprop=\"mainEntity\" itemtype=\"https:\/\/schema.org\/Question\" ><div role=\"tablist\" class=\"single_toggle\" data-tags=\"{Todo} \"  ><p data-fake-id='#toggle-id-38' class='toggler   '  itemprop=\"name\"  role='tab' tabindex='0' aria-controls='toggle-id-38'>\u00bfCu\u00e1l es la propuesta de biling\u00fcismo en Infantil?<span class=\"toggle_icon\"><span class=\"vert_icon\"><\/span><span class=\"hor_icon\"><\/span><\/span><\/p><div id='toggle-id-38' class='toggle_wrap  '   itemscope=\"itemscope\" itemprop=\"acceptedAnswer\" itemtype=\"https:\/\/schema.org\/Answer\" ><div class='toggle_content invers-color '  itemprop=\"text\" ><p>Para el aprendizaje del ingl\u00e9s utilizamos un m\u00e9todo de <em><strong>Full immersion<\/strong><\/em> con <strong>profesoras nativas y biling\u00fces.<\/strong> Todos los d\u00edas tenemos entre 1 y 2 sesiones de ingl\u00e9s, dependiendo del curso. Adem\u00e1s, trabajamos con un m\u00e9todo m\u00e9todo propio de Phonics en un entorno comunicativo biling\u00fce y con grupos reducidos en desdobles. Para m\u00e1s informaci\u00f3n sobre biling\u00fcismo, visita nuestra web.<\/p>\n<\/div><\/div><\/div><\/section>\n<section class='av_toggle_section av-clew-75e989d0fc84f635488450a95a63f56c'  itemscope=\"itemscope\" itemprop=\"mainEntity\" itemtype=\"https:\/\/schema.org\/Question\" ><div role=\"tablist\" class=\"single_toggle\" data-tags=\"{Todo} \"  ><p data-fake-id='#toggle-id-39' class='toggler   '  itemprop=\"name\"  role='tab' tabindex='0' aria-controls='toggle-id-39'>\u00bfTienen religi\u00f3n los alumnos?<span class=\"toggle_icon\"><span class=\"vert_icon\"><\/span><span class=\"hor_icon\"><\/span><\/span><\/p><div id='toggle-id-39' class='toggle_wrap  '   itemscope=\"itemscope\" itemprop=\"acceptedAnswer\" itemtype=\"https:\/\/schema.org\/Answer\" ><div class='toggle_content invers-color '  itemprop=\"text\" ><p>Contamos con una sesi\u00f3n por semana de religi\u00f3n adaptada a estas edades: un primer acercamiento a trav\u00e9s de la m\u00fasica, peque\u00f1as oraciones, di\u00e1logo en clase, y celebraci\u00f3n de algunas festividades.<\/p>\n<\/div><\/div><\/div><\/section>\n<section class='av_toggle_section av-2q9io-015414d41ff087d1f2c9942d43f93b7d'  itemscope=\"itemscope\" itemprop=\"mainEntity\" itemtype=\"https:\/\/schema.org\/Question\" ><div role=\"tablist\" class=\"single_toggle\" data-tags=\"{Todo} \"  ><p data-fake-id='#toggle-id-40' class='toggler   '  itemprop=\"name\"  role='tab' tabindex='0' aria-controls='toggle-id-40'>\u00bfC\u00f3mo se procede con la administraci\u00f3n de medicamentos?<span class=\"toggle_icon\"><span class=\"vert_icon\"><\/span><span class=\"hor_icon\"><\/span><\/span><\/p><div id='toggle-id-40' class='toggle_wrap  '   itemscope=\"itemscope\" itemprop=\"acceptedAnswer\" itemtype=\"https:\/\/schema.org\/Answer\" ><div class='toggle_content invers-color '  itemprop=\"text\" ><p>En el colegio contamos con un Servicio de Enfermer\u00eda. Es la enfermera quien registra y controla cualquier necesidad relacionada con este \u00e1mbito.<\/p>\n<\/div><\/div><\/div><\/section>\n<section class='av_toggle_section av-7rf0-4c14ff29c1d622e7af059e31459cd996'  itemscope=\"itemscope\" itemprop=\"mainEntity\" itemtype=\"https:\/\/schema.org\/Question\" ><div role=\"tablist\" class=\"single_toggle\" data-tags=\"{Todo} \"  ><p data-fake-id='#toggle-id-41' class='toggler   '  itemprop=\"name\"  role='tab' tabindex='0' aria-controls='toggle-id-41'>\u00bfC\u00f3mo se procede con las alergias e intolerancias?<span class=\"toggle_icon\"><span class=\"vert_icon\"><\/span><span class=\"hor_icon\"><\/span><\/span><\/p><div id='toggle-id-41' class='toggle_wrap  '   itemscope=\"itemscope\" itemprop=\"acceptedAnswer\" itemtype=\"https:\/\/schema.org\/Answer\" ><div class='toggle_content invers-color '  itemprop=\"text\" ><p>Desde la enfermer\u00eda se contacta con las familias con alguna intolerancia o alergia y se establece un plan de vigilancia sobre la misma. En el momento del comedor, disponemos de diferentes variedades de men\u00fas de acuerdo a las distintas necesidades. Los alumnos con alguna particularidad alimentaria, acuden al comedor con alg\u00fan indicativo y adem\u00e1s, en su mesa, queda registrada la alergia o intolerancia correspondiente. Todo ello contribuye a que este momento est\u00e9 especialmente cuidado para estos alumnos.<\/p>\n<\/div><\/div><\/div><\/section>\n<section class='av_toggle_section av-1a0yo-de1437fedb162d969b6ae16928754c4f'  itemscope=\"itemscope\" itemprop=\"mainEntity\" itemtype=\"https:\/\/schema.org\/Question\" ><div role=\"tablist\" class=\"single_toggle\" data-tags=\"{Todo} \"  ><p data-fake-id='#toggle-id-42' class='toggler   '  itemprop=\"name\"  role='tab' tabindex='0' aria-controls='toggle-id-42'>\u00bfSe ofrece seguro escolar de accidentes?<span class=\"toggle_icon\"><span class=\"vert_icon\"><\/span><span class=\"hor_icon\"><\/span><\/span><\/p><div id='toggle-id-42' class='toggle_wrap  '   itemscope=\"itemscope\" itemprop=\"acceptedAnswer\" itemtype=\"https:\/\/schema.org\/Answer\" ><div class='toggle_content invers-color '  itemprop=\"text\" ><p><strong>S\u00ed.<\/strong> El colegio ofrece un seguro de accidentes voluntario para ser atendido en caso de necesidad<\/p>\n<\/div><\/div><\/div><\/section>\n<section class='av_toggle_section av-10dl4-493dec40f9c3957e0dbf4001c975b704'  itemscope=\"itemscope\" itemprop=\"mainEntity\" itemtype=\"https:\/\/schema.org\/Question\" ><div role=\"tablist\" class=\"single_toggle\" data-tags=\"{Todo} \"  ><p data-fake-id='#toggle-id-43' class='toggler   '  itemprop=\"name\"  role='tab' tabindex='0' aria-controls='toggle-id-43'>\u00bfExiste AMPA en el colegio?<span class=\"toggle_icon\"><span class=\"vert_icon\"><\/span><span class=\"hor_icon\"><\/span><\/span><\/p><div id='toggle-id-43' class='toggle_wrap  '   itemscope=\"itemscope\" itemprop=\"acceptedAnswer\" itemtype=\"https:\/\/schema.org\/Answer\" ><div class='toggle_content invers-color '  itemprop=\"text\" ><p><strong>S\u00ed.<\/strong> El AMPA hace de v\u00ednculo entre los padres, el colegio y los alumnos con la idea de facilitar apoyo y recursos para el mejor funcionamiento de todos. En la web hay m\u00e1s informaci\u00f3n sobre su labor y la posibilidad de inscripci\u00f3n para participar en ella.<\/p>\n<\/div><\/div><\/div><\/section>\n<\/div><\/div><\/p>\n<\/div><\/div>\n<\/div><\/p>\n\n<style type=\"text\/css\" data-created_by=\"avia_inline_auto\" id=\"style-css-av-uaj0-97fe8153026b92dffc3401ce1ab1e665\">\n.avia-section.av-uaj0-97fe8153026b92dffc3401ce1ab1e665 .av-parallax .av-parallax-inner{\nbackground-repeat:no-repeat;\nbackground-image:url(https:\/\/www.colegionewman.org\/wp-content\/uploads\/2023\/12\/Fachada_Newman.jpg);\nbackground-position:50% 100%;\nbackground-attachment:scroll;\n}\n.avia-section.av-uaj0-97fe8153026b92dffc3401ce1ab1e665 .av-section-color-overlay{\nopacity:0.5;\nbackground-color:#0a0a0a;\n}\n<\/style>\n<div id='year'  class='avia-section av-uaj0-97fe8153026b92dffc3401ce1ab1e665 main_color avia-section-huge avia-no-border-styling  avia-builder-el-82  el_after_av_layout_row  avia-builder-el-last  avia-full-stretch av-parallax-section avia-bg-style-parallax av-section-color-overlay-active av-minimum-height av-minimum-height-75 av-height-75  container_wrap sidebar_right'  data-section-bg-repeat='stretch' data-av_minimum_height_pc='75' data-av_min_height_opt='75'><div class='av-parallax' data-avia-parallax-ratio='0.3' ><div class='av-parallax-inner main_color avia-full-stretch'><\/div><\/div><div class=\"av-section-color-overlay-wrap\"><div class=\"av-section-color-overlay\"><\/div><div class='container av-section-cont-open' ><div class='template-page content  av-content-small alpha units'><div class='post-entry post-entry-type-page post-entry-24'><div class='entry-content-wrapper clearfix'>\n<div  class='flex_column av-7t93g-0d0c9feb9dbfcf0a1c7d4a63922fd827 av_one_fifth  avia-builder-el-83  el_before_av_three_fifth  avia-builder-el-first  first flex_column_div  '     ><\/div><div  class='flex_column av-7abro-6b71bf1d5b185e8f1b719354cbc79a19 av_three_fifth  avia-builder-el-84  el_after_av_one_fifth  el_before_av_one_fifth  flex_column_div  '     ><p>\n<style type=\"text\/css\" data-created_by=\"avia_inline_auto\" id=\"style-css-av-poeg-99e0ea42a49333f57b6fa5f1ae1b0411\">\n#top .av-special-heading.av-poeg-99e0ea42a49333f57b6fa5f1ae1b0411{\npadding-bottom:10px;\ncolor:#ffffff;\nfont-size:40px;\n}\nbody .av-special-heading.av-poeg-99e0ea42a49333f57b6fa5f1ae1b0411 .av-special-heading-tag .heading-char{\nfont-size:25px;\n}\n#top #wrap_all .av-special-heading.av-poeg-99e0ea42a49333f57b6fa5f1ae1b0411 .av-special-heading-tag{\nfont-size:40px;\n}\n.av-special-heading.av-poeg-99e0ea42a49333f57b6fa5f1ae1b0411 .special-heading-inner-border{\nborder-color:#ffffff;\n}\n.av-special-heading.av-poeg-99e0ea42a49333f57b6fa5f1ae1b0411 .av-subheading{\nfont-size:15px;\n}\n\n@media only screen and (min-width: 480px) and (max-width: 767px){ \n#top #wrap_all .av-special-heading.av-poeg-99e0ea42a49333f57b6fa5f1ae1b0411 .av-special-heading-tag{\nfont-size:0.8em;\n}\n}\n\n@media only screen and (max-width: 479px){ \n#top #wrap_all .av-special-heading.av-poeg-99e0ea42a49333f57b6fa5f1ae1b0411 .av-special-heading-tag{\nfont-size:0.8em;\n}\n}\n<\/style>\n<div  class='av-special-heading av-poeg-99e0ea42a49333f57b6fa5f1ae1b0411 av-special-heading-h2 custom-color-heading blockquote modern-quote modern-centered  avia-builder-el-85  el_before_av_hr  avia-builder-el-first  av-thin-font av-inherit-size'><h2 class='av-special-heading-tag'  itemprop=\"headline\"  >\u00bfQuieres <strong>conocer el colegio<\/strong>?<\/h2><div class=\"special-heading-border\"><div class=\"special-heading-inner-border\"><\/div><\/div><\/div><br \/>\n\n<style type=\"text\/css\" data-created_by=\"avia_inline_auto\" id=\"style-css-av-62rhc-4704a3386a4eb2950923d74e12de1195\">\n#top .hr.av-62rhc-4704a3386a4eb2950923d74e12de1195{\nmargin-top:40px;\nmargin-bottom:40px;\n}\n.hr.av-62rhc-4704a3386a4eb2950923d74e12de1195 .hr-inner{\nwidth:50px;\nborder-color:#000000;\n}\n<\/style>\n<div  class='hr av-62rhc-4704a3386a4eb2950923d74e12de1195 hr-custom  avia-builder-el-86  el_after_av_heading  el_before_av_button  hr-center hr-icon-no'><span class='hr-inner inner-border-av-border-fat'><span class=\"hr-inner-style\"><\/span><\/span><\/div><br \/>\n<div  class='avia-button-wrap av-lqtw23xl-911f1a3366fcc8e6dadbd36c05d38b06-wrap avia-button-center  avia-builder-el-87  el_after_av_hr  avia-builder-el-last '><a href='https:\/\/www.colegionewman.org\/admision\/'  class='avia-button av-lqtw23xl-911f1a3366fcc8e6dadbd36c05d38b06 avia-icon_select-no avia-size-x-large avia-position-center avia-color-theme-color'  ><span class='avia_iconbox_title' >SOLICITA UNA ENTREVISTA<\/span><\/a><\/div><\/p><\/div><div  class='flex_column av-5y5ic-2b30a21394c3769609a0dabd01a1cf85 av_one_fifth  avia-builder-el-88  el_after_av_three_fifth  avia-builder-el-last  flex_column_div  '     ><\/div>\n<\/div><\/div><\/div><!-- close content main div --><\/div><\/div><\/div><div id='after_section_5'  class='main_color av_default_container_wrap container_wrap sidebar_right'  ><div class='container av-section-cont-open' ><div class='template-page content  av-content-small alpha units'><div class='post-entry post-entry-type-page post-entry-24'><div class='entry-content-wrapper clearfix'>\n","protected":false},"excerpt":{"rendered":"","protected":false},"author":1,"featured_media":0,"parent":0,"menu_order":0,"comment_status":"open","ping_status":"closed","template":"","meta":{"footnotes":""},"class_list":["post-24","page","type-page","status-publish","hentry"],"yoast_head":"<!-- This site is optimized with the Yoast SEO plugin v27.3 - https:\/\/yoast.com\/product\/yoast-seo-wordpress\/ -->\n<title>Educaci\u00f3n Infantil | Newman<\/title>\n<meta name=\"description\" content=\"El Proyecto del colegio de Educaci\u00f3n Infantil en el Colegio J.H. Newman: la aventura de descubrir la vida y su significado.\" \/>\n<meta name=\"robots\" content=\"index, follow, max-snippet:-1, max-image-preview:large, max-video-preview:-1\" \/>\n<link rel=\"canonical\" href=\"https:\/\/www.colegionewman.org\/es_es\/infantil\/\" \/>\n<meta property=\"og:locale\" content=\"es_ES\" \/>\n<meta property=\"og:type\" content=\"article\" \/>\n<meta property=\"og:title\" content=\"Infantil\" \/>\n<meta property=\"og:description\" content=\"Proyecto de Educaci\u00f3n Infantil en el Colegio J.H. Newman: la aventura de descubrir la vida y su significado. \u00a1Te lo contamos todo!\" \/>\n<meta property=\"og:url\" content=\"https:\/\/www.colegionewman.org\/es_es\/infantil\/\" \/>\n<meta property=\"og:site_name\" content=\"Colegio Internacional J.H. Newman\" \/>\n<meta property=\"article:modified_time\" content=\"2026-01-26T09:19:13+00:00\" \/>\n<meta property=\"og:image\" content=\"https:\/\/www.colegionewman.org\/wp-content\/uploads\/2024\/01\/pintando-en-infantil-1.jpg\" \/>\n\t<meta property=\"og:image:width\" content=\"2000\" \/>\n\t<meta property=\"og:image:height\" content=\"1333\" \/>\n\t<meta property=\"og:image:type\" content=\"image\/jpeg\" \/>\n<meta name=\"twitter:card\" content=\"summary_large_image\" \/>\n<meta name=\"twitter:title\" content=\"Infantil\" \/>\n<meta name=\"twitter:description\" content=\"Proyecto de Educaci\u00f3n Infantil en el Colegio J.H. Newman: la aventura de descubrir la vida y su significado. \u00a1Te lo contamos todo!\" \/>\n<meta name=\"twitter:image\" content=\"https:\/\/www.colegionewman.org\/wp-content\/uploads\/2024\/01\/pintando-en-infantil-1.jpg\" \/>\n<meta name=\"twitter:label1\" content=\"Tiempo de lectura\" \/>\n\t<meta name=\"twitter:data1\" content=\"19 minutos\" \/>\n<script type=\"application\/ld+json\" class=\"yoast-schema-graph\">{\"@context\":\"https:\\\/\\\/schema.org\",\"@graph\":[{\"@type\":\"WebPage\",\"@id\":\"https:\\\/\\\/www.colegionewman.org\\\/infantil\\\/\",\"url\":\"https:\\\/\\\/www.colegionewman.org\\\/infantil\\\/\",\"name\":\"Educaci\u00f3n Infantil | Newman\",\"isPartOf\":{\"@id\":\"https:\\\/\\\/www.colegionewman.org\\\/#website\"},\"datePublished\":\"2015-02-22T20:09:44+00:00\",\"dateModified\":\"2026-01-26T09:19:13+00:00\",\"description\":\"El Proyecto del colegio de Educaci\u00f3n Infantil en el Colegio J.H. Newman: la aventura de descubrir la vida y su significado.\",\"breadcrumb\":{\"@id\":\"https:\\\/\\\/www.colegionewman.org\\\/infantil\\\/#breadcrumb\"},\"inLanguage\":\"es\",\"potentialAction\":[{\"@type\":\"ReadAction\",\"target\":[\"https:\\\/\\\/www.colegionewman.org\\\/infantil\\\/\"]}]},{\"@type\":\"BreadcrumbList\",\"@id\":\"https:\\\/\\\/www.colegionewman.org\\\/infantil\\\/#breadcrumb\",\"itemListElement\":[{\"@type\":\"ListItem\",\"position\":1,\"name\":\"Portada\",\"item\":\"https:\\\/\\\/www.colegionewman.org\\\/\"},{\"@type\":\"ListItem\",\"position\":2,\"name\":\"Educaci\u00f3n Infantil\"}]},{\"@type\":\"WebSite\",\"@id\":\"https:\\\/\\\/www.colegionewman.org\\\/#website\",\"url\":\"https:\\\/\\\/www.colegionewman.org\\\/\",\"name\":\"Colegio Internacional J.H. Newman\",\"description\":\"Un colegio que te abre al mundo\",\"publisher\":{\"@id\":\"https:\\\/\\\/www.colegionewman.org\\\/#organization\"},\"alternateName\":\"Colegio Newman\",\"potentialAction\":[{\"@type\":\"SearchAction\",\"target\":{\"@type\":\"EntryPoint\",\"urlTemplate\":\"https:\\\/\\\/www.colegionewman.org\\\/?s={search_term_string}\"},\"query-input\":{\"@type\":\"PropertyValueSpecification\",\"valueRequired\":true,\"valueName\":\"search_term_string\"}}],\"inLanguage\":\"es\"},{\"@type\":\"Organization\",\"@id\":\"https:\\\/\\\/www.colegionewman.org\\\/#organization\",\"name\":\"Colegio Internacional J.H. Newman\",\"alternateName\":\"Colegio Newman\",\"url\":\"https:\\\/\\\/www.colegionewman.org\\\/\",\"logo\":{\"@type\":\"ImageObject\",\"inLanguage\":\"es\",\"@id\":\"https:\\\/\\\/www.colegionewman.org\\\/#\\\/schema\\\/logo\\\/image\\\/\",\"url\":\"https:\\\/\\\/www.colegionewman.org\\\/wp-content\\\/uploads\\\/logo_mini_newman_Mesa-de-trabajo-1.png\",\"contentUrl\":\"https:\\\/\\\/www.colegionewman.org\\\/wp-content\\\/uploads\\\/logo_mini_newman_Mesa-de-trabajo-1.png\",\"width\":750,\"height\":750,\"caption\":\"Colegio Internacional J.H. Newman\"},\"image\":{\"@id\":\"https:\\\/\\\/www.colegionewman.org\\\/#\\\/schema\\\/logo\\\/image\\\/\"},\"sameAs\":[\"https:\\\/\\\/www.instagram.com\\\/colegiojhnewman\\\/\",\"https:\\\/\\\/www.youtube.com\\\/channel\\\/UCUEVCANGRsznbp-DRfSrexw\",\"https:\\\/\\\/www.linkedin.com\\\/company\\\/colegio-internacional-jh-newman\"]}]}<\/script>\n<!-- \/ Yoast SEO plugin. -->","yoast_head_json":{"title":"Educaci\u00f3n Infantil | Newman","description":"El Proyecto del colegio de Educaci\u00f3n Infantil en el Colegio J.H. Newman: la aventura de descubrir la vida y su significado.","robots":{"index":"index","follow":"follow","max-snippet":"max-snippet:-1","max-image-preview":"max-image-preview:large","max-video-preview":"max-video-preview:-1"},"canonical":"https:\/\/www.colegionewman.org\/es_es\/infantil\/","og_locale":"es_ES","og_type":"article","og_title":"Infantil","og_description":"Proyecto de Educaci\u00f3n Infantil en el Colegio J.H. Newman: la aventura de descubrir la vida y su significado. \u00a1Te lo contamos todo!","og_url":"https:\/\/www.colegionewman.org\/es_es\/infantil\/","og_site_name":"Colegio Internacional J.H. Newman","article_modified_time":"2026-01-26T09:19:13+00:00","og_image":[{"width":2000,"height":1333,"url":"https:\/\/www.colegionewman.org\/wp-content\/uploads\/2024\/01\/pintando-en-infantil-1.jpg","type":"image\/jpeg"}],"twitter_card":"summary_large_image","twitter_title":"Infantil","twitter_description":"Proyecto de Educaci\u00f3n Infantil en el Colegio J.H. Newman: la aventura de descubrir la vida y su significado. \u00a1Te lo contamos todo!","twitter_image":"https:\/\/www.colegionewman.org\/wp-content\/uploads\/2024\/01\/pintando-en-infantil-1.jpg","twitter_misc":{"Tiempo de lectura":"19 minutos"},"schema":{"@context":"https:\/\/schema.org","@graph":[{"@type":"WebPage","@id":"https:\/\/www.colegionewman.org\/infantil\/","url":"https:\/\/www.colegionewman.org\/infantil\/","name":"Educaci\u00f3n Infantil | Newman","isPartOf":{"@id":"https:\/\/www.colegionewman.org\/#website"},"datePublished":"2015-02-22T20:09:44+00:00","dateModified":"2026-01-26T09:19:13+00:00","description":"El Proyecto del colegio de Educaci\u00f3n Infantil en el Colegio J.H. Newman: la aventura de descubrir la vida y su significado.","breadcrumb":{"@id":"https:\/\/www.colegionewman.org\/infantil\/#breadcrumb"},"inLanguage":"es","potentialAction":[{"@type":"ReadAction","target":["https:\/\/www.colegionewman.org\/infantil\/"]}]},{"@type":"BreadcrumbList","@id":"https:\/\/www.colegionewman.org\/infantil\/#breadcrumb","itemListElement":[{"@type":"ListItem","position":1,"name":"Portada","item":"https:\/\/www.colegionewman.org\/"},{"@type":"ListItem","position":2,"name":"Educaci\u00f3n Infantil"}]},{"@type":"WebSite","@id":"https:\/\/www.colegionewman.org\/#website","url":"https:\/\/www.colegionewman.org\/","name":"Colegio Internacional J.H. Newman","description":"Un colegio que te abre al mundo","publisher":{"@id":"https:\/\/www.colegionewman.org\/#organization"},"alternateName":"Colegio Newman","potentialAction":[{"@type":"SearchAction","target":{"@type":"EntryPoint","urlTemplate":"https:\/\/www.colegionewman.org\/?s={search_term_string}"},"query-input":{"@type":"PropertyValueSpecification","valueRequired":true,"valueName":"search_term_string"}}],"inLanguage":"es"},{"@type":"Organization","@id":"https:\/\/www.colegionewman.org\/#organization","name":"Colegio Internacional J.H. Newman","alternateName":"Colegio Newman","url":"https:\/\/www.colegionewman.org\/","logo":{"@type":"ImageObject","inLanguage":"es","@id":"https:\/\/www.colegionewman.org\/#\/schema\/logo\/image\/","url":"https:\/\/www.colegionewman.org\/wp-content\/uploads\/logo_mini_newman_Mesa-de-trabajo-1.png","contentUrl":"https:\/\/www.colegionewman.org\/wp-content\/uploads\/logo_mini_newman_Mesa-de-trabajo-1.png","width":750,"height":750,"caption":"Colegio Internacional J.H. Newman"},"image":{"@id":"https:\/\/www.colegionewman.org\/#\/schema\/logo\/image\/"},"sameAs":["https:\/\/www.instagram.com\/colegiojhnewman\/","https:\/\/www.youtube.com\/channel\/UCUEVCANGRsznbp-DRfSrexw","https:\/\/www.linkedin.com\/company\/colegio-internacional-jh-newman"]}]}},"_links":{"self":[{"href":"https:\/\/www.colegionewman.org\/es_es\/wp-json\/wp\/v2\/pages\/24","targetHints":{"allow":["GET"]}}],"collection":[{"href":"https:\/\/www.colegionewman.org\/es_es\/wp-json\/wp\/v2\/pages"}],"about":[{"href":"https:\/\/www.colegionewman.org\/es_es\/wp-json\/wp\/v2\/types\/page"}],"author":[{"embeddable":true,"href":"https:\/\/www.colegionewman.org\/es_es\/wp-json\/wp\/v2\/users\/1"}],"replies":[{"embeddable":true,"href":"https:\/\/www.colegionewman.org\/es_es\/wp-json\/wp\/v2\/comments?post=24"}],"version-history":[{"count":130,"href":"https:\/\/www.colegionewman.org\/es_es\/wp-json\/wp\/v2\/pages\/24\/revisions"}],"predecessor-version":[{"id":31647,"href":"https:\/\/www.colegionewman.org\/es_es\/wp-json\/wp\/v2\/pages\/24\/revisions\/31647"}],"wp:attachment":[{"href":"https:\/\/www.colegionewman.org\/es_es\/wp-json\/wp\/v2\/media?parent=24"}],"curies":[{"name":"wp","href":"https:\/\/api.w.org\/{rel}","templated":true}]}}