{"id":1108,"date":"2024-01-04T13:28:18","date_gmt":"2024-01-04T12:28:18","guid":{"rendered":"https:\/\/www.colegionewman.org\/?page_id=1108"},"modified":"2026-02-11T09:55:49","modified_gmt":"2026-02-11T08:55:49","slug":"secundaria","status":"publish","type":"page","link":"https:\/\/www.colegionewman.org\/es_es\/secundaria\/","title":{"rendered":"Educaci\u00f3n Secundaria"},"content":{"rendered":"\n<style type=\"text\/css\" data-created_by=\"avia_inline_auto\" id=\"style-css-av-13reyk-2dae01b5cb7a47ee154d8a166718080d\">\n.avia-section.av-13reyk-2dae01b5cb7a47ee154d8a166718080d .av-parallax .av-parallax-inner{\nbackground-repeat:no-repeat;\nbackground-image:url(https:\/\/www.colegionewman.org\/wp-content\/uploads\/2024\/01\/en-clase-newman.jpg);\nbackground-position:50% 100%;\nbackground-attachment:scroll;\n}\n.avia-section.av-13reyk-2dae01b5cb7a47ee154d8a166718080d .av-section-color-overlay{\nopacity:0.7;\nbackground-color:#004c6a;\n}\n<\/style>\n<div id='av_section_1'  class='avia-section av-13reyk-2dae01b5cb7a47ee154d8a166718080d main_color avia-section-large avia-no-border-styling  avia-builder-el-0  el_before_av_layout_row  avia-builder-el-first  avia-full-stretch av-parallax-section avia-bg-style-parallax av-section-color-overlay-active av-minimum-height av-minimum-height-50 av-height-50  container_wrap sidebar_right'  data-section-bg-repeat='stretch' data-av_minimum_height_pc='50' data-av_min_height_opt='50'><div class='av-parallax' data-avia-parallax-ratio='0.3' ><div class='av-parallax-inner main_color avia-full-stretch'><\/div><\/div><div class=\"av-section-color-overlay-wrap\"><div class=\"av-section-color-overlay\"><\/div><a href='#next-section' title='' class='scroll-down-link ' aria-hidden='true' data-av_icon='\ue877' data-av_iconfont='entypo-fontello'><\/a><div class='container av-section-cont-open' ><main  role=\"main\" itemprop=\"mainContentOfPage\"  class='template-page content  av-content-small alpha units'><div class='post-entry post-entry-type-page post-entry-1108'><div class='entry-content-wrapper clearfix'>\n<div  class='flex_column av-137uhg-58c291db5e6e80c398723a2e792f979e av_one_fifth  avia-builder-el-1  el_before_av_three_fifth  avia-builder-el-first  first flex_column_div  '     ><\/div><div  class='flex_column av-12jbow-d7c8146710a7668f0cd578592cd0743d av_three_fifth  avia-builder-el-2  el_after_av_one_fifth  el_before_av_one_fifth  flex_column_div  '     ><p>\n<style type=\"text\/css\" data-created_by=\"avia_inline_auto\" id=\"style-css-av-3sr38-60d1625ba4f62235d6da62c1e923fb2b\">\n#top .av-special-heading.av-3sr38-60d1625ba4f62235d6da62c1e923fb2b{\npadding-bottom:10px;\ncolor:#ffffff;\nfont-size:40px;\n}\nbody .av-special-heading.av-3sr38-60d1625ba4f62235d6da62c1e923fb2b .av-special-heading-tag .heading-char{\nfont-size:25px;\n}\n#top #wrap_all .av-special-heading.av-3sr38-60d1625ba4f62235d6da62c1e923fb2b .av-special-heading-tag{\nfont-size:40px;\n}\n.av-special-heading.av-3sr38-60d1625ba4f62235d6da62c1e923fb2b .special-heading-inner-border{\nborder-color:#ffffff;\n}\n.av-special-heading.av-3sr38-60d1625ba4f62235d6da62c1e923fb2b .av-subheading{\nfont-size:15px;\n}\n\n@media only screen and (min-width: 480px) and (max-width: 767px){ \n#top #wrap_all .av-special-heading.av-3sr38-60d1625ba4f62235d6da62c1e923fb2b .av-special-heading-tag{\nfont-size:0.8em;\n}\n}\n\n@media only screen and (max-width: 479px){ \n#top #wrap_all .av-special-heading.av-3sr38-60d1625ba4f62235d6da62c1e923fb2b .av-special-heading-tag{\nfont-size:0.8em;\n}\n}\n<\/style>\n<div  class='av-special-heading av-3sr38-60d1625ba4f62235d6da62c1e923fb2b av-special-heading-h1 custom-color-heading blockquote modern-quote modern-centered  avia-builder-el-3  el_before_av_hr  avia-builder-el-first  av-thin-font av-inherit-size'><h1 class='av-special-heading-tag'  itemprop=\"headline\"  >EDUCACI\u00d3N SECUNDARIA<strong> NEWMAN<\/strong><\/h1><div class=\"special-heading-border\"><div class=\"special-heading-inner-border\"><\/div><\/div><\/div><br \/>\n\n<style type=\"text\/css\" data-created_by=\"avia_inline_auto\" id=\"style-css-av-11ab8s-441257565a7d69bad3da7abf390648f7\">\n#top .hr.av-11ab8s-441257565a7d69bad3da7abf390648f7{\nmargin-top:40px;\nmargin-bottom:40px;\n}\n.hr.av-11ab8s-441257565a7d69bad3da7abf390648f7 .hr-inner{\nwidth:50px;\nborder-color:#ffffff;\n}\n<\/style>\n<div  class='hr av-11ab8s-441257565a7d69bad3da7abf390648f7 hr-custom  avia-builder-el-4  el_after_av_heading  avia-builder-el-last  hr-center hr-icon-no'><span class='hr-inner inner-border-av-border-fat'><span class=\"hr-inner-style\"><\/span><\/span><\/div><\/p><\/div><div  class='flex_column av-10gvlk-bc9aec6204ef9f0bce739cadc150729a av_one_fifth  avia-builder-el-5  el_after_av_three_fifth  avia-builder-el-last  flex_column_div  '     ><\/div>\n\n<\/div><\/div><\/main><!-- close content main element --><\/div><\/div><\/div><div id='intro'  class='av-layout-grid-container av-vyr98-5719add1145f5f21fd2948f1ec56a2ac entry-content-wrapper main_color av-flex-cells  avia-builder-el-6  el_after_av_section  el_before_av_hr  grid-row-not-first  container_wrap sidebar_right'  >\n\n<style type=\"text\/css\" data-created_by=\"avia_inline_auto\" id=\"style-css-av-vbqh4-30ef1f8c4878a5cc35b4d16d9fe0e425\">\n.flex_cell.av-vbqh4-30ef1f8c4878a5cc35b4d16d9fe0e425{\nvertical-align:middle;\n}\n.responsive #top #wrap_all .flex_cell.av-vbqh4-30ef1f8c4878a5cc35b4d16d9fe0e425{\npadding:30px 30px 30px 30px !important;\n}\n<\/style>\n<div class='flex_cell av-vbqh4-30ef1f8c4878a5cc35b4d16d9fe0e425 av-gridrow-cell av_one_half no_margin  avia-builder-el-7  el_before_av_cell_one_half  avia-builder-el-first '  ><div class='flex_cell_inner'><p>\n<style type=\"text\/css\" data-created_by=\"avia_inline_auto\" id=\"style-css-av-lr0lmkpd-5d788bc75688e9fab534ed0f8a3af4ff\">\n#top .hr.av-lr0lmkpd-5d788bc75688e9fab534ed0f8a3af4ff{\nmargin-top:10px;\nmargin-bottom:20px;\n}\n.hr.av-lr0lmkpd-5d788bc75688e9fab534ed0f8a3af4ff .hr-inner{\nwidth:50px;\nborder-color:#000000;\n}\n<\/style>\n<div  class='hr av-lr0lmkpd-5d788bc75688e9fab534ed0f8a3af4ff hr-custom  avia-builder-el-8  el_before_av_heading  avia-builder-el-first  hr-center hr-icon-no'><span class='hr-inner inner-border-av-border-fat'><span class=\"hr-inner-style\"><\/span><\/span><\/div><br \/>\n\n<style type=\"text\/css\" data-created_by=\"avia_inline_auto\" id=\"style-css-av-un5oc-bcdc3b36c5a107d9eb1677cbd84be86e\">\n#top .av-special-heading.av-un5oc-bcdc3b36c5a107d9eb1677cbd84be86e{\npadding-bottom:10px;\nfont-size:40px;\n}\nbody .av-special-heading.av-un5oc-bcdc3b36c5a107d9eb1677cbd84be86e .av-special-heading-tag .heading-char{\nfont-size:25px;\n}\n#top #wrap_all .av-special-heading.av-un5oc-bcdc3b36c5a107d9eb1677cbd84be86e .av-special-heading-tag{\nfont-size:40px;\n}\n.av-special-heading.av-un5oc-bcdc3b36c5a107d9eb1677cbd84be86e .av-subheading{\nfont-size:15px;\n}\n\n@media only screen and (min-width: 480px) and (max-width: 767px){ \n#top #wrap_all .av-special-heading.av-un5oc-bcdc3b36c5a107d9eb1677cbd84be86e .av-special-heading-tag{\nfont-size:0.8em;\n}\n}\n\n@media only screen and (max-width: 479px){ \n#top #wrap_all .av-special-heading.av-un5oc-bcdc3b36c5a107d9eb1677cbd84be86e .av-special-heading-tag{\nfont-size:0.8em;\n}\n}\n<\/style>\n<div  class='av-special-heading av-un5oc-bcdc3b36c5a107d9eb1677cbd84be86e av-special-heading-h2 blockquote modern-quote modern-centered  avia-builder-el-9  el_after_av_hr  el_before_av_hr  av-thin-font av-inherit-size'><h2 class='av-special-heading-tag'  itemprop=\"headline\"  >Una experiencia <strong>educativa <\/strong> <span class='special_amp'>&amp;<\/span> un ideal <strong>para la vida<\/strong><\/h2><div class=\"special-heading-border\"><div class=\"special-heading-inner-border\"><\/div><\/div><\/div><br \/>\n\n<style type=\"text\/css\" data-created_by=\"avia_inline_auto\" id=\"style-css-av-uaurw-51f8542ff1762eaf3b640f5413e117fa\">\n#top .hr.av-uaurw-51f8542ff1762eaf3b640f5413e117fa{\nmargin-top:40px;\nmargin-bottom:40px;\n}\n.hr.av-uaurw-51f8542ff1762eaf3b640f5413e117fa .hr-inner{\nwidth:50px;\nborder-color:#000000;\n}\n<\/style>\n<div  class='hr av-uaurw-51f8542ff1762eaf3b640f5413e117fa hr-custom  avia-builder-el-10  el_after_av_heading  el_before_av_textblock  hr-center hr-icon-no'><span class='hr-inner inner-border-av-border-fat'><span class=\"hr-inner-style\"><\/span><\/span><\/div><br \/>\n\n<style type=\"text\/css\" data-created_by=\"avia_inline_auto\" id=\"style-css-av-lqtjtxvz-0f432b34b406645c7799dbdcd91afe72\">\n#top .av_textblock_section.av-lqtjtxvz-0f432b34b406645c7799dbdcd91afe72 .avia_textblock{\ntext-align:justify;\n}\n<\/style>\n<section  class='av_textblock_section av-lqtjtxvz-0f432b34b406645c7799dbdcd91afe72 '   itemscope=\"itemscope\" itemtype=\"https:\/\/schema.org\/CreativeWork\" ><div class='avia_textblock'  itemprop=\"text\" ><p>El objetivo de la ense\u00f1anza del<b> Colegio concertado J.H. Newman de Madrid <\/b>es el crecimiento de cada alumno. Ni siquiera la transmisi\u00f3n de la cultura, que es una de las tareas espec\u00edficas de un colegio, es el fin \u00faltimo y exhaustivo, porque no podr\u00eda alcanzarse sin el crecimiento de aquel al que se le transmite esa cultura.<\/p>\n<p><b>El saber es una conquista personal<\/b>\u00a0que cada uno realiza, y que se ve\u00a0<b>favorecida en el encuentro con un maestro que sabe hacerlo revivir.<\/b> Se trata de que el estudiante llegue a <b>\u00abhacer suyos\u00bb los conocimientos que adquiere,<\/b>\u00a0no s\u00f3lo en funci\u00f3n de \u201ccompetencias\u201d que pueda ejercitar, sino como conciencia de s\u00ed mismo y de la realidad. El estudio, la did\u00e1ctica en clase, y las\u00a0actividades complementarias est\u00e1n en funci\u00f3n del crecimiento del estudiante.<\/p>\n<p>Se educa en el acto de dar clase porque exige que el alumno salga de s\u00ed mismo para introducirse en el conocimiento de las cosas. En clase es necesario <strong>dialogar, operar y razonar juntos<\/strong> introduciendo al estudiante dentro de la experiencia de hacer ciencia, de leer, de expresarse, de hablar una lengua extranjera\u2026 de este modo se pone en el centro del proceso de aprendizaje a los dos actores principales: <strong>qui\u00e9n ense\u00f1a y qui\u00e9n aprende.<\/strong><\/p>\n<\/div><\/section><br \/>\n\n<style type=\"text\/css\" data-created_by=\"avia_inline_auto\" id=\"style-css-av-lqty4k3n-86375a95e8db4134808585dff10be682\">\n#top .hr.hr-invisible.av-lqty4k3n-86375a95e8db4134808585dff10be682{\nheight:50px;\n}\n<\/style>\n<div  class='hr av-lqty4k3n-86375a95e8db4134808585dff10be682 hr-invisible  avia-builder-el-12  el_after_av_textblock  el_before_av_button '><span class='hr-inner '><span class=\"hr-inner-style\"><\/span><\/span><\/div><br \/>\n<div  class='avia-button-wrap av-lqty3pdq-43412e13ead4f4e0b37f9d75f13925af-wrap avia-button-center  avia-builder-el-13  el_after_av_hr  avia-builder-el-last '><a href='https:\/\/www.colegionewman.org\/es_es\/admision\/'  class='avia-button av-lqty3pdq-43412e13ead4f4e0b37f9d75f13925af avia-icon_select-no avia-size-large avia-position-center avia-color-theme-color'  ><span class='avia_iconbox_title' >VEN A CONOCERNOS<\/span><\/a><\/div><\/p>\n<\/div><\/div>\n<style type=\"text\/css\" data-created_by=\"avia_inline_auto\" id=\"style-css-av-t251w-7dc7746533650fd263b6a3ae1ab2867f\">\n.flex_cell.av-t251w-7dc7746533650fd263b6a3ae1ab2867f{\nvertical-align:middle;\n}\n.responsive #top #wrap_all .flex_cell.av-t251w-7dc7746533650fd263b6a3ae1ab2867f{\npadding:0px 0px 0px 0px !important;\n}\n\n@media only screen and (min-width: 990px){ \n.responsive #top #wrap_all .flex_cell.av-t251w-7dc7746533650fd263b6a3ae1ab2867f{\npadding:0 0 0 0 !important;\n}\n}\n<\/style>\n<div class='flex_cell av-t251w-7dc7746533650fd263b6a3ae1ab2867f av-gridrow-cell av_one_half no_margin  avia-builder-el-14  el_after_av_cell_one_half  avia-builder-el-last  av-zero-padding'  ><div class='flex_cell_inner'>\n<style type=\"text\/css\" data-created_by=\"avia_inline_auto\" id=\"style-css-av-lqttq52k-4eb0eed9a71d65cfa3823def548f6997\">\n.avia-image-container.av-lqttq52k-4eb0eed9a71d65cfa3823def548f6997 img.avia_image{\nbox-shadow:none;\n}\n.avia-image-container.av-lqttq52k-4eb0eed9a71d65cfa3823def548f6997 .av-image-caption-overlay-center{\ncolor:#ffffff;\n}\n<\/style>\n<div  class='avia-image-container av-lqttq52k-4eb0eed9a71d65cfa3823def548f6997 av-styling- avia-align-center  avia-builder-el-15  avia-builder-el-no-sibling '   itemprop=\"image\" itemscope=\"itemscope\" itemtype=\"https:\/\/schema.org\/ImageObject\" ><div class=\"avia-image-container-inner\"><div class=\"avia-image-overlay-wrap\"><img decoding=\"async\" fetchpriority=\"high\" class='wp-image-1624 avia-img-lazy-loading-not-1624 avia_image ' src=\"https:\/\/www.colegionewman.org\/wp-content\/uploads\/2024\/01\/secundaria-1030x686.jpg\" alt='Grupo de alumnas de Secundaria del instituto concertado Madrid trabajando en equipo.' title='secundaria'  height=\"686\" width=\"1030\"  itemprop=\"thumbnailUrl\" srcset=\"https:\/\/www.colegionewman.org\/wp-content\/uploads\/2024\/01\/secundaria-1030x686.jpg 1030w, https:\/\/www.colegionewman.org\/wp-content\/uploads\/2024\/01\/secundaria-300x200.jpg 300w, https:\/\/www.colegionewman.org\/wp-content\/uploads\/2024\/01\/secundaria-768x512.jpg 768w, https:\/\/www.colegionewman.org\/wp-content\/uploads\/2024\/01\/secundaria-1536x1024.jpg 1536w, https:\/\/www.colegionewman.org\/wp-content\/uploads\/2024\/01\/secundaria-1500x1000.jpg 1500w, https:\/\/www.colegionewman.org\/wp-content\/uploads\/2024\/01\/secundaria-705x470.jpg 705w, https:\/\/www.colegionewman.org\/wp-content\/uploads\/2024\/01\/secundaria.jpg 2000w\" sizes=\"(max-width: 1030px) 100vw, 1030px\" \/><\/div><\/div><\/div>\n<\/div><\/div>\n<\/div><div id='after_grid_row_1'  class='main_color av_default_container_wrap container_wrap sidebar_right'  ><div class='container av-section-cont-open' ><div class='template-page content  av-content-small alpha units'><div class='post-entry post-entry-type-page post-entry-1108'><div class='entry-content-wrapper clearfix'>\n\n<style type=\"text\/css\" data-created_by=\"avia_inline_auto\" id=\"style-css-av-lqtuw73p-cc56e389390bf66d07c24886651c859b\">\n#top .hr.hr-invisible.av-lqtuw73p-cc56e389390bf66d07c24886651c859b{\nheight:5px;\n}\n<\/style>\n<div  class='hr av-lqtuw73p-cc56e389390bf66d07c24886651c859b hr-invisible  avia-builder-el-16  el_after_av_layout_row  el_before_av_section  avia-builder-el-no-sibling '><span class='hr-inner '><span class=\"hr-inner-style\"><\/span><\/span><\/div>\n<\/div><\/div><\/div><!-- close content main div --><\/div><\/div>\n<style type=\"text\/css\" data-created_by=\"avia_inline_auto\" id=\"style-css-av-pbkgc-dda70053387556f0ce0f82cacb48f4f5\">\n.avia-section.av-pbkgc-dda70053387556f0ce0f82cacb48f4f5 .av-parallax .av-parallax-inner{\nbackground-repeat:no-repeat;\nbackground-image:url(https:\/\/www.colegionewman.org\/wp-content\/uploads\/2024\/01\/trabajos-arte.jpg);\nbackground-position:50% 0%;\nbackground-attachment:scroll;\n}\n.avia-section.av-pbkgc-dda70053387556f0ce0f82cacb48f4f5 .av-section-color-overlay{\nopacity:0.7;\nbackground-color:#000000;\n}\n<\/style>\n<div id='video'  class='avia-section av-pbkgc-dda70053387556f0ce0f82cacb48f4f5 main_color avia-section-huge avia-no-shadow  avia-builder-el-17  el_after_av_hr  el_before_av_one_full  avia-full-stretch av-parallax-section avia-bg-style-parallax av-section-color-overlay-active container_wrap sidebar_right'  data-section-bg-repeat='stretch'><div class='av-parallax' data-avia-parallax-ratio='0.3' ><div class='av-parallax-inner main_color avia-full-stretch'><\/div><\/div><div class=\"av-section-color-overlay-wrap\"><div class=\"av-section-color-overlay\"><\/div><div class='container av-section-cont-open' ><div class='template-page content  av-content-small alpha units'><div class='post-entry post-entry-type-page post-entry-1108'><div class='entry-content-wrapper clearfix'>\n<div  class='flex_column av-flob8-23fe0d524d8c30cb81975765ac1184a9 av_one_full  avia-builder-el-18  avia-builder-el-no-sibling  first flex_column_div  '     ><style type=\"text\/css\" data-created_by=\"avia_inline_auto\" id=\"style-css-av-lqtt5ag5-375011881b1955ffc34797cde8185bd9\">\n#top .av-special-heading.av-lqtt5ag5-375011881b1955ffc34797cde8185bd9{\npadding-bottom:10px;\ncolor:#ffffff;\nfont-size:40px;\n}\nbody .av-special-heading.av-lqtt5ag5-375011881b1955ffc34797cde8185bd9 .av-special-heading-tag .heading-char{\nfont-size:25px;\n}\n#top #wrap_all .av-special-heading.av-lqtt5ag5-375011881b1955ffc34797cde8185bd9 .av-special-heading-tag{\nfont-size:40px;\n}\n.av-special-heading.av-lqtt5ag5-375011881b1955ffc34797cde8185bd9 .special-heading-inner-border{\nborder-color:#ffffff;\n}\n.av-special-heading.av-lqtt5ag5-375011881b1955ffc34797cde8185bd9 .av-subheading{\nfont-size:15px;\n}\n\n@media only screen and (min-width: 480px) and (max-width: 767px){ \n#top #wrap_all .av-special-heading.av-lqtt5ag5-375011881b1955ffc34797cde8185bd9 .av-special-heading-tag{\nfont-size:0.8em;\n}\n}\n\n@media only screen and (max-width: 479px){ \n#top #wrap_all .av-special-heading.av-lqtt5ag5-375011881b1955ffc34797cde8185bd9 .av-special-heading-tag{\nfont-size:0.8em;\n}\n}\n<\/style>\n<div  class='av-special-heading av-lqtt5ag5-375011881b1955ffc34797cde8185bd9 av-special-heading-h2 custom-color-heading blockquote modern-quote modern-centered  avia-builder-el-19  avia-builder-el-no-sibling  av-thin-font av-inherit-size'><h2 class='av-special-heading-tag'  itemprop=\"headline\"  ><strong>Proyecto<\/strong> educativo por cursos<\/h2><div class=\"special-heading-border\"><div class=\"special-heading-inner-border\"><\/div><\/div><\/div><\/div>\n<\/div><\/div><\/div><!-- close content main div --><\/div><\/div><\/div><div id='after_section_2'  class='main_color av_default_container_wrap container_wrap sidebar_right'  ><div class='container av-section-cont-open' ><div class='template-page content  av-content-small alpha units'><div class='post-entry post-entry-type-page post-entry-1108'><div class='entry-content-wrapper clearfix'>\n<div  class='flex_column av-fe0m8-56e932e3c65f960bc1b09a9212646715 av_one_full  avia-builder-el-20  el_after_av_section  el_before_av_section  avia-builder-el-no-sibling  first flex_column_div  '     ><style type=\"text\/css\" data-created_by=\"avia_inline_auto\" id=\"style-css-av-lqttf1fu-ccb44cab350ca21f0b186bca7ef97d73\">\n.avia-timeline-container.av-lqttf1fu-ccb44cab350ca21f0b186bca7ef97d73 .av-milestone-date{\ncolor:#025984;\n}\n.avia-timeline-container.av-lqttf1fu-ccb44cab350ca21f0b186bca7ef97d73 .av-milestone-content{\nfont-size:13px;\n}\n.avia-timeline-container.av-lqttf1fu-ccb44cab350ca21f0b186bca7ef97d73 .av-milestone-icon-inner{\nbackground-color:#025984;\n}\n.avia-timeline-container.av-lqttf1fu-ccb44cab350ca21f0b186bca7ef97d73 .av-milestone-indicator{\nbackground-color:#025984;\n}\n.avia-timeline-container.av-lqttf1fu-ccb44cab350ca21f0b186bca7ef97d73 .av-milestone-article-footer{\nbackground-color:#025984;\n}\n<\/style>\n<div  id=\"avia-timeline-1\"  class='avia-timeline-container av-lqttf1fu-ccb44cab350ca21f0b186bca7ef97d73 av-slideshow-ui  avia-builder-el-21  avia-builder-el-no-sibling  avia-slideshow-carousel' avia-data-slides='3'><ul class='avia-timeline avia-timeline-horizontal av-milestone-placement-top avia-timeline- avia_animate_when_almost_visible avia-timeline-animate'>\n<li  class='av-milestone av-lqttcaq7-3174097699406c5f1ac67f4b36504b22 av-animated-generic fade-in av-milestone-odd'><h2 class='av-milestone-date ' id='milestone-1o-ciclo-1o-y-2o-eso'><strong>1\u00ba Ciclo (1\u00ba y 2\u00ba ESO)<span class='av-milestone-indicator'><\/span><\/strong><\/h2><div class=\"av-milestone-icon-wrap\"><span class='av-milestone-icon milestone_icon avia-font-entypo-fontello'><span class='av-milestone-icon-inner milestone_inner'><i class='milestone-char' aria-hidden='true' data-av_icon='\ue8a0' data-av_iconfont='entypo-fontello'><\/i><\/span><\/span><\/div><article class='av-milestone-content-wrap'><div class='av-milestone-contentbox'><header class=\"entry-content-header\"><h4 class='av-milestone-title '>Aprender haciendo<\/h4><\/header><div class='av-milestone-content'><p style=\"text-align: justify;\">El alumno aprende a trav\u00e9s de las acciones que realiza si <strong>alguien le ayuda a tomar conciencia de ellas.<\/strong> De ah\u00ed la variedad metodol\u00f3gica y la riqueza de propuestas que se hacen en las distintas materias: son necesarios muchos pasos, compuestos de palabras y, sobre todo, de gestos y acciones.<\/span><\/p>\n<\/div><\/div><footer class='av-milestone-article-footer entry-footer'><\/footer><\/article><\/li>\n<li  class='av-milestone av-lqttctcs-0c8084621e711738d4269a08c2fdfa3e av-animated-generic fade-in av-milestone-even'><h2 class='av-milestone-date ' id='milestone-2o-ciclo-3o-y-4o-eso'><strong>2\u00ba Ciclo (3\u00ba y 4\u00ba ESO)<span class='av-milestone-indicator'><\/span><\/strong><\/h2><div class=\"av-milestone-icon-wrap\"><span class='av-milestone-icon milestone_icon avia-font-entypo-fontello'><span class='av-milestone-icon-inner milestone_inner'><i class='milestone-char' aria-hidden='true' data-av_icon='\ue8a1' data-av_iconfont='entypo-fontello'><\/i><\/span><\/span><\/div><article class='av-milestone-content-wrap'><div class='av-milestone-contentbox'><header class=\"entry-content-header\"><h4 class='av-milestone-title '>Seriedad en el uso de la raz\u00f3n<\/h4><\/header><div class='av-milestone-content'><p style=\"text-align: justify;\">Es uno de los pilares metodol\u00f3gicos de nuestra educaci\u00f3n. Tal seriedad consiste, sobre todo, en el rigor con el cual se siguen los distintos m\u00e9todos de investigaci\u00f3n y estudio dentro de las distintas disciplinas acad\u00e9micas. Queremos <b>introducir<\/b>\u00a0a nuestros alumnos\u00a0<b>en la forma de pensar y razonar <\/b>que exige una materia y en el\u00a0<b>dominio de sus categor\u00edas<\/b>\u00a0con el fin de que\u00a0<b>descubra el sentido de lo que estudia y lo haga suyo.<\/b><\/p>\n<\/div><\/div><footer class='av-milestone-article-footer entry-footer'><\/footer><\/article><\/li>\n<li  class='av-milestone av-lqtteu8s-5b5d92254f60ad11b5c454d1c3ec4406 av-animated-generic fade-in av-milestone-odd'><h2 class='av-milestone-date ' id='milestone-exigencia-didactica-permanente'><strong>Exigencia did\u00e1ctica permanente<span class='av-milestone-indicator'><\/span><\/strong><\/h2><div class=\"av-milestone-icon-wrap\"><span class='av-milestone-icon milestone_icon avia-font-entypo-fontello'><span class='av-milestone-icon-inner milestone_inner'><i class='milestone-char' aria-hidden='true' data-av_icon='\ue8a2' data-av_iconfont='entypo-fontello'><\/i><\/span><\/span><\/div><article class='av-milestone-content-wrap'><div class='av-milestone-contentbox'><header class=\"entry-content-header\"><h4 class='av-milestone-title '>Dimensi\u00f3n ling\u00fc\u00edstica de la raz\u00f3n<\/h4><\/header><div class='av-milestone-content'><p style=\"text-align: justify;\">Para alcanzar la verdad \u201ces necesario hablar bien y razonar correctamente\u201d. Efectivamente, ambos aspectos -lenguaje y raz\u00f3n, reflejados en la palabra griega logos- son necesarios para aprender a pensar con el <strong>objetivo de descubrir la verdad.<\/strong><\/span><\/p>\n<\/div><\/div><footer class='av-milestone-article-footer entry-footer'><\/footer><\/article><\/li>\n<\/ul><div class='avia-slideshow-arrows avia-slideshow-controls av-timeline-nav ' ><a href='#prev' class='prev-slide prev-slide av-timeline-nav-prev av-nav-btn' aria-hidden='true' data-av_icon='\ue87c' data-av_iconfont='entypo-fontello'  tabindex='-1'>Anterior<\/a><a href='#next' class='next-slide next-slide av-timeline-nav-next av-nav-btn' aria-hidden='true' data-av_icon='\ue87d' data-av_iconfont='entypo-fontello'  tabindex='-1'>Posterior<\/a><\/div><\/div><\/div>\n<\/div><\/div><\/div><!-- close content main div --><\/div><\/div>\n<style type=\"text\/css\" data-created_by=\"avia_inline_auto\" id=\"style-css-av-lqttol0r-d4a1d121ee7537fae19bff79b656264d\">\n.avia-section.av-lqttol0r-d4a1d121ee7537fae19bff79b656264d .av-parallax .av-parallax-inner{\nbackground-repeat:no-repeat;\nbackground-image:url(https:\/\/www.colegionewman.org\/wp-content\/uploads\/2024\/01\/laboratorio-bachillerato.jpg);\nbackground-position:50% 100%;\nbackground-attachment:scroll;\n}\n.avia-section.av-lqttol0r-d4a1d121ee7537fae19bff79b656264d .av-section-color-overlay{\nopacity:0.4;\nbackground-color:#000000;\n}\n<\/style>\n<div id='video'  class='avia-section av-lqttol0r-d4a1d121ee7537fae19bff79b656264d main_color avia-section-huge avia-no-shadow  avia-builder-el-22  el_after_av_one_full  el_before_av_section  avia-full-stretch av-parallax-section avia-bg-style-parallax av-section-color-overlay-active container_wrap sidebar_right'  data-section-bg-repeat='stretch'><div class='av-parallax' data-avia-parallax-ratio='0.3' ><div class='av-parallax-inner main_color avia-full-stretch'><\/div><\/div><div class=\"av-section-color-overlay-wrap\"><div class=\"av-section-color-overlay\"><\/div><div class='container av-section-cont-open' ><div class='template-page content  av-content-small alpha units'><div class='post-entry post-entry-type-page post-entry-1108'><div class='entry-content-wrapper clearfix'>\n<div  class='flex_column av-euppk-3e7c2553582ea9a12f11476bcbc4e13a av_one_full  avia-builder-el-23  avia-builder-el-no-sibling  first flex_column_div  '     ><style type=\"text\/css\" data-created_by=\"avia_inline_auto\" id=\"style-css-av-lqtw508z-2ee53e959182100fad93e7937da98b2c\">\n#top .av-special-heading.av-lqtw508z-2ee53e959182100fad93e7937da98b2c{\nmargin:10px 10px 10px 10px;\npadding-bottom:10px;\ncolor:#ffffff;\nfont-size:40px;\n}\nbody .av-special-heading.av-lqtw508z-2ee53e959182100fad93e7937da98b2c .av-special-heading-tag .heading-char{\nfont-size:25px;\n}\n#top #wrap_all .av-special-heading.av-lqtw508z-2ee53e959182100fad93e7937da98b2c .av-special-heading-tag{\nfont-size:40px;\npadding:10px 10px 10px 10px;\n}\n.av-special-heading.av-lqtw508z-2ee53e959182100fad93e7937da98b2c .special-heading-inner-border{\nborder-color:#ffffff;\n}\n.av-special-heading.av-lqtw508z-2ee53e959182100fad93e7937da98b2c .av-subheading{\nfont-size:15px;\n}\n\n@media only screen and (min-width: 990px){ \n#top .av-special-heading.av-lqtw508z-2ee53e959182100fad93e7937da98b2c{\nmargin:10px 10px 10px 10px;\n}\n}\n\n@media only screen and (min-width: 480px) and (max-width: 767px){ \n#top #wrap_all .av-special-heading.av-lqtw508z-2ee53e959182100fad93e7937da98b2c .av-special-heading-tag{\nfont-size:0.8em;\n}\n}\n\n@media only screen and (max-width: 479px){ \n#top #wrap_all .av-special-heading.av-lqtw508z-2ee53e959182100fad93e7937da98b2c .av-special-heading-tag{\nfont-size:0.8em;\n}\n}\n<\/style>\n<div  class='av-special-heading av-lqtw508z-2ee53e959182100fad93e7937da98b2c av-special-heading-h2 custom-color-heading blockquote modern-quote modern-centered  avia-builder-el-24  avia-builder-el-no-sibling  av-thin-font av-inherit-size'><h2 class='av-special-heading-tag'  itemprop=\"headline\"  >Una propuesta <strong>\u00fanica e integral<\/strong><\/h2><div class=\"special-heading-border\"><div class=\"special-heading-inner-border\"><\/div><\/div><\/div><\/div>\n\n<\/div><\/div><\/div><!-- close content main div --><\/div><\/div><\/div>\n<style type=\"text\/css\" data-created_by=\"avia_inline_auto\" id=\"style-css-av-lqtthkmr-9c100c64361e0869ac7ea354382611ec\">\n.avia-section.av-lqtthkmr-9c100c64361e0869ac7ea354382611ec{\nbackground-color:#efefef;\nbackground-image:unset;\n}\n<\/style>\n<div id='video'  class='avia-section av-lqtthkmr-9c100c64361e0869ac7ea354382611ec main_color avia-section-huge avia-no-shadow  avia-builder-el-25  el_after_av_section  el_before_av_layout_row  avia-bg-style-parallax container_wrap sidebar_right'  ><div class='container av-section-cont-open' ><div class='template-page content  av-content-small alpha units'><div class='post-entry post-entry-type-page post-entry-1108'><div class='entry-content-wrapper clearfix'>\n<div  class='flex_column av-e6cuw-52662463734a396b13b02320e5ef3548 av_one_half  avia-builder-el-26  el_before_av_one_half  avia-builder-el-first  first flex_column_div  '     ><p>\n<style type=\"text\/css\" data-created_by=\"avia_inline_auto\" id=\"style-css-av-lqttwh9z-cf4749897f7fd5d86e1c246df6ef4980\">\n#top .av-special-heading.av-lqttwh9z-cf4749897f7fd5d86e1c246df6ef4980{\npadding-bottom:10px;\ncolor:#0a0a0a;\nfont-size:40px;\n}\nbody .av-special-heading.av-lqttwh9z-cf4749897f7fd5d86e1c246df6ef4980 .av-special-heading-tag .heading-char{\nfont-size:25px;\n}\n#top #wrap_all .av-special-heading.av-lqttwh9z-cf4749897f7fd5d86e1c246df6ef4980 .av-special-heading-tag{\nfont-size:40px;\n}\n.av-special-heading.av-lqttwh9z-cf4749897f7fd5d86e1c246df6ef4980 .special-heading-inner-border{\nborder-color:#0a0a0a;\n}\n.av-special-heading.av-lqttwh9z-cf4749897f7fd5d86e1c246df6ef4980 .av-subheading{\nfont-size:15px;\n}\n\n@media only screen and (min-width: 480px) and (max-width: 767px){ \n#top #wrap_all .av-special-heading.av-lqttwh9z-cf4749897f7fd5d86e1c246df6ef4980 .av-special-heading-tag{\nfont-size:0.8em;\n}\n}\n\n@media only screen and (max-width: 479px){ \n#top #wrap_all .av-special-heading.av-lqttwh9z-cf4749897f7fd5d86e1c246df6ef4980 .av-special-heading-tag{\nfont-size:0.8em;\n}\n}\n<\/style>\n<div  class='av-special-heading av-lqttwh9z-cf4749897f7fd5d86e1c246df6ef4980 av-special-heading-h2 custom-color-heading blockquote modern-quote modern-centered  avia-builder-el-27  el_before_av_toggle_container  avia-builder-el-first  av-thin-font av-inherit-size'><h2 class='av-special-heading-tag'  itemprop=\"headline\"  ><strong>Objetivos <\/strong>educativos<\/h2><div class=\"special-heading-border\"><div class=\"special-heading-inner-border\"><\/div><\/div><\/div><br \/>\n\n<style type=\"text\/css\" data-created_by=\"avia_inline_auto\" id=\"style-css-av-cn29s-5f3abfcb830ded3e0b9ff1fd75d43314\">\n#top .togglecontainer.av-cn29s-5f3abfcb830ded3e0b9ff1fd75d43314 p.toggler{\ncolor:#000000;\nbackground-color:#ffffff;\n}\n#top .togglecontainer.av-cn29s-5f3abfcb830ded3e0b9ff1fd75d43314 p.toggler.activeTitle{\ncolor:#004c6a;\nborder-color:#004c6a;\n}\n#top .togglecontainer.av-cn29s-5f3abfcb830ded3e0b9ff1fd75d43314 p.toggler:not(.activeTitle):hover .toggle_icon, #top .togglecontainer.av-cn29s-5f3abfcb830ded3e0b9ff1fd75d43314 p.toggler:not(.activeTitle):hover .toggle_icon *{\nborder-color: !important;\n}\n#top .togglecontainer.av-cn29s-5f3abfcb830ded3e0b9ff1fd75d43314 p.toggler .toggle_icon{\ncolor:#004c6a;\nborder-color:#004c6a;\n}\n#top .togglecontainer.av-cn29s-5f3abfcb830ded3e0b9ff1fd75d43314 p.toggler .toggle_icon > span{\ncolor:#004c6a;\nborder-color:#004c6a;\n}\n#top .togglecontainer.av-cn29s-5f3abfcb830ded3e0b9ff1fd75d43314 .toggle_wrap .toggle_content{\ncolor:#000000;\nbackground-color:#ffffff;\n}\n<\/style>\n<div  class='togglecontainer av-cn29s-5f3abfcb830ded3e0b9ff1fd75d43314 av-elegant-toggle  avia-builder-el-28  el_after_av_heading  avia-builder-el-last  toggle_close_all' >\n<section class='av_toggle_section av-cd7so-c6a6cd5b7a26227af3b856c130059596'  itemscope=\"itemscope\" itemtype=\"https:\/\/schema.org\/CreativeWork\" ><div role=\"tablist\" class=\"single_toggle\" data-tags=\"{Todo} \"  ><p data-fake-id='#toggle-id-1' class='toggler   '  itemprop=\"headline\"  role='tab' tabindex='0' aria-controls='toggle-id-1'>Uso de la raz\u00f3n<span class=\"toggle_icon\"><span class=\"vert_icon\"><\/span><span class=\"hor_icon\"><\/span><\/span><\/p><div id='toggle-id-1' class='toggle_wrap  '  ><div class='toggle_content invers-color '  itemprop=\"text\" ><p style=\"text-align: justify;\"><Educar en un uso de la raz\u00f3n\u00a0como instrumento de conocimiento que se abre apasionadamente a todos los aspectos de la realidad, considerando todas las posibilidades y sin censurar nada.<\/span><\/p>\n<\/div><\/div><\/div><\/section>\n<section class='av_toggle_section av-btjb4-b21b0c999fe3e6417fb554f140e254c1'  itemscope=\"itemscope\" itemtype=\"https:\/\/schema.org\/CreativeWork\" ><div role=\"tablist\" class=\"single_toggle\" data-tags=\"{Todo} \"  ><p data-fake-id='#toggle-id-2' class='toggler   '  itemprop=\"headline\"  role='tab' tabindex='0' aria-controls='toggle-id-2'>B\u00fasqueda de la verdad<span class=\"toggle_icon\"><span class=\"vert_icon\"><\/span><span class=\"hor_icon\"><\/span><\/span><\/p><div id='toggle-id-2' class='toggle_wrap  '  ><div class='toggle_content invers-color '  itemprop=\"text\" ><p style=\"text-align: justify;\">Estimular la b\u00fasqueda racional de la verdad y el amor a ella\u00a0de modo que interpele y pueda llegar a determinar la relaci\u00f3n que el alumno establece con la realidad.<\/p>\n<\/div><\/div><\/div><\/section>\n<section class='av_toggle_section av-b5pto-cb8854745dc6ffde84bee319a24a2d6b'  itemscope=\"itemscope\" itemtype=\"https:\/\/schema.org\/CreativeWork\" ><div role=\"tablist\" class=\"single_toggle\" data-tags=\"{Todo} \"  ><p data-fake-id='#toggle-id-3' class='toggler   '  itemprop=\"headline\"  role='tab' tabindex='0' aria-controls='toggle-id-3'>Gusto por la belleza<span class=\"toggle_icon\"><span class=\"vert_icon\"><\/span><span class=\"hor_icon\"><\/span><\/span><\/p><div id='toggle-id-3' class='toggle_wrap  '  ><div class='toggle_content invers-color '  itemprop=\"text\" ><p style=\"text-align: justify;\">Educar en el reconocimiento y en el gusto por la belleza\u00a0de modo que se convierta en la modalidad m\u00e1s adecuada de ayudar al descubrimiento<\/span> de la verdad.<\/span><\/p>\n<\/div><\/div><\/div><\/section>\n<section class='av_toggle_section av-aleng-ca57e34eb9dd3d2841ad529d201cd099'  itemscope=\"itemscope\" itemtype=\"https:\/\/schema.org\/CreativeWork\" ><div role=\"tablist\" class=\"single_toggle\" data-tags=\"{Todo} \"  ><p data-fake-id='#toggle-id-4' class='toggler   '  itemprop=\"headline\"  role='tab' tabindex='0' aria-controls='toggle-id-4'>Descubrir el significado de la realidad<span class=\"toggle_icon\"><span class=\"vert_icon\"><\/span><span class=\"hor_icon\"><\/span><\/span><\/p><div id='toggle-id-4' class='toggle_wrap  '  ><div class='toggle_content invers-color '  itemprop=\"text\" ><p style=\"text-align: justify;\">Implicarse en el descubrimiento del significado\u00a0que tienen los distintos aspectos de la realidad que se estudia o afronta, de modo que se pueda llegar a una s\u00edntesis personal entre los problemas de la vida y los conocimientos adquiridos a trav\u00e9s de las distintas disciplinas.<\/span><\/p>\n<\/div><\/div><\/div><\/section>\n<section class='av_toggle_section av-aleng-9-062e0f23bdb08b11a1116fa4952e8891'  itemscope=\"itemscope\" itemtype=\"https:\/\/schema.org\/CreativeWork\" ><div role=\"tablist\" class=\"single_toggle\" data-tags=\"{Todo} \"  ><p data-fake-id='#toggle-id-5' class='toggler   '  itemprop=\"headline\"  role='tab' tabindex='0' aria-controls='toggle-id-5'>Educar la libertad<span class=\"toggle_icon\"><span class=\"vert_icon\"><\/span><span class=\"hor_icon\"><\/span><\/span><\/p><div id='toggle-id-5' class='toggle_wrap  '  ><div class='toggle_content invers-color '  itemprop=\"text\" ><p style=\"text-align: justify;\">Educar en una consideraci\u00f3n y un uso de la libertad\u00a0como adhesi\u00f3n de toda la persona a lo que la inteligencia reconoce como bien.<\/span><\/p>\n<\/div><\/div><\/div><\/section>\n<section class='av_toggle_section av-aleng-8-51953637ad8b0385adb4f07c13aa9fd0'  itemscope=\"itemscope\" itemtype=\"https:\/\/schema.org\/CreativeWork\" ><div role=\"tablist\" class=\"single_toggle\" data-tags=\"{Todo} \"  ><p data-fake-id='#toggle-id-6' class='toggler   '  itemprop=\"headline\"  role='tab' tabindex='0' aria-controls='toggle-id-6'>Favorecer la vida comunitaria<span class=\"toggle_icon\"><span class=\"vert_icon\"><\/span><span class=\"hor_icon\"><\/span><\/span><\/p><div id='toggle-id-6' class='toggle_wrap  '  ><div class='toggle_content invers-color '  itemprop=\"text\" ><p style=\"text-align: justify;\">Favorecer la participaci\u00f3n activa en la vida comunitaria del colegio\u00a0de modo que, a trav\u00e9s del encuentro y del di\u00e1logo, el alumno permanezca en una posici\u00f3n afectiva e intelectual de viva curiosidad y continua pregunta.<\/span><\/p>\n<\/div><\/div><\/div><\/section>\n<section class='av_toggle_section av-aleng-7-967c1d93ce59d2ea7f58870379364555'  itemscope=\"itemscope\" itemtype=\"https:\/\/schema.org\/CreativeWork\" ><div role=\"tablist\" class=\"single_toggle\" data-tags=\"{Todo} \"  ><p data-fake-id='#toggle-id-7' class='toggler   '  itemprop=\"headline\"  role='tab' tabindex='0' aria-controls='toggle-id-7'>Conocer la tradici\u00f3n<span class=\"toggle_icon\"><span class=\"vert_icon\"><\/span><span class=\"hor_icon\"><\/span><\/span><\/p><div id='toggle-id-7' class='toggle_wrap  '  ><div class='toggle_content invers-color '  itemprop=\"text\" ><p style=\"text-align: justify;\">Conocer las creencias, actitudes y valores b\u00e1sicos\u00a0de la tradici\u00f3n que constituye y configura nuestra cultura, valor\u00e1ndolos cr\u00edticamente y reconoci\u00e9ndolos a trav\u00e9s del contenido de las distintas disciplinas.<\/span><\/p>\n<\/div><\/div><\/div><\/section>\n<section class='av_toggle_section av-aleng-6-ec3e4cfe53a209481643c6087ad719b1'  itemscope=\"itemscope\" itemtype=\"https:\/\/schema.org\/CreativeWork\" ><div role=\"tablist\" class=\"single_toggle\" data-tags=\"{Todo} \"  ><p data-fake-id='#toggle-id-8' class='toggler   '  itemprop=\"headline\"  role='tab' tabindex='0' aria-controls='toggle-id-8'>Toma de conciencia de uno mismo<span class=\"toggle_icon\"><span class=\"vert_icon\"><\/span><span class=\"hor_icon\"><\/span><\/span><\/p><div id='toggle-id-8' class='toggle_wrap  '  ><div class='toggle_content invers-color '  itemprop=\"text\" ><p style=\"text-align: justify;\">Favorecer la toma de conciencia de uno mismo\u00a0ayudando a reconocer y valorar las exigencias de verdad, bien, belleza y felicidad que constituyen a toda persona y que suponen la dote fundamental desde la que valorar cualquier experiencia humana.<\/span><\/p>\n<\/div><\/div><\/div><\/section>\n<section class='av_toggle_section av-aleng-5-e939a9c9adfa96c71f6ec9f48f1a1bf5'  itemscope=\"itemscope\" itemtype=\"https:\/\/schema.org\/CreativeWork\" ><div role=\"tablist\" class=\"single_toggle\" data-tags=\"{Todo} \"  ><p data-fake-id='#toggle-id-9' class='toggler   '  itemprop=\"headline\"  role='tab' tabindex='0' aria-controls='toggle-id-9'>Reconocer el significado bueno de la realidad<span class=\"toggle_icon\"><span class=\"vert_icon\"><\/span><span class=\"hor_icon\"><\/span><\/span><\/p><div id='toggle-id-9' class='toggle_wrap  '  ><div class='toggle_content invers-color '  itemprop=\"text\" ><p style=\"text-align: justify;\">Reconocer el significado bueno de la realidad y de la vida humana\u00a0que nacen de la visi\u00f3n cristiana de la existencia.<\/span><\/p>\n<\/div><\/div><\/div><\/section>\n<\/div><\/p><\/div><div  class='flex_column av-dgs3o-04ef7da2cad8d4a68d83bcefdcbbf039 av_one_half  avia-builder-el-29  el_after_av_one_half  avia-builder-el-last  flex_column_div  '     ><p>\n<style type=\"text\/css\" data-created_by=\"avia_inline_auto\" id=\"style-css-av-lqttwoe6-f2670e9fe24ddf3b6b6bf3d71070d82f\">\n#top .av-special-heading.av-lqttwoe6-f2670e9fe24ddf3b6b6bf3d71070d82f{\npadding-bottom:10px;\ncolor:#000000;\nfont-size:40px;\n}\nbody .av-special-heading.av-lqttwoe6-f2670e9fe24ddf3b6b6bf3d71070d82f .av-special-heading-tag .heading-char{\nfont-size:25px;\n}\n#top #wrap_all .av-special-heading.av-lqttwoe6-f2670e9fe24ddf3b6b6bf3d71070d82f .av-special-heading-tag{\nfont-size:40px;\n}\n.av-special-heading.av-lqttwoe6-f2670e9fe24ddf3b6b6bf3d71070d82f .special-heading-inner-border{\nborder-color:#000000;\n}\n.av-special-heading.av-lqttwoe6-f2670e9fe24ddf3b6b6bf3d71070d82f .av-subheading{\nfont-size:15px;\n}\n\n@media only screen and (min-width: 480px) and (max-width: 767px){ \n#top #wrap_all .av-special-heading.av-lqttwoe6-f2670e9fe24ddf3b6b6bf3d71070d82f .av-special-heading-tag{\nfont-size:0.8em;\n}\n}\n\n@media only screen and (max-width: 479px){ \n#top #wrap_all .av-special-heading.av-lqttwoe6-f2670e9fe24ddf3b6b6bf3d71070d82f .av-special-heading-tag{\nfont-size:0.8em;\n}\n}\n<\/style>\n<div  class='av-special-heading av-lqttwoe6-f2670e9fe24ddf3b6b6bf3d71070d82f av-special-heading-h2 custom-color-heading blockquote modern-quote modern-centered  avia-builder-el-30  el_before_av_toggle_container  avia-builder-el-first  av-thin-font av-inherit-size'><h2 class='av-special-heading-tag'  itemprop=\"headline\"  ><strong>Criterios<\/strong>  did\u00e1cticos<\/h2><div class=\"special-heading-border\"><div class=\"special-heading-inner-border\"><\/div><\/div><\/div><br \/>\n\n<style type=\"text\/css\" data-created_by=\"avia_inline_auto\" id=\"style-css-av-lqttzg3k-470207c41477099fef829a615e8bab47\">\n#top .togglecontainer.av-lqttzg3k-470207c41477099fef829a615e8bab47 p.toggler{\ncolor:#000000;\nbackground-color:#ffffff;\n}\n#top .togglecontainer.av-lqttzg3k-470207c41477099fef829a615e8bab47 p.toggler.activeTitle{\ncolor:#004c6a;\nborder-color:#004c6a;\n}\n#top .togglecontainer.av-lqttzg3k-470207c41477099fef829a615e8bab47 p.toggler:not(.activeTitle):hover .toggle_icon, #top .togglecontainer.av-lqttzg3k-470207c41477099fef829a615e8bab47 p.toggler:not(.activeTitle):hover .toggle_icon *{\nborder-color: !important;\n}\n#top .togglecontainer.av-lqttzg3k-470207c41477099fef829a615e8bab47 p.toggler .toggle_icon{\ncolor:#004c6a;\nborder-color:#004c6a;\n}\n#top .togglecontainer.av-lqttzg3k-470207c41477099fef829a615e8bab47 p.toggler .toggle_icon > span{\ncolor:#004c6a;\nborder-color:#004c6a;\n}\n#top .togglecontainer.av-lqttzg3k-470207c41477099fef829a615e8bab47 .toggle_wrap .toggle_content{\ncolor:#000000;\nbackground-color:#ffffff;\n}\n<\/style>\n<div  class='togglecontainer av-lqttzg3k-470207c41477099fef829a615e8bab47 av-elegant-toggle  avia-builder-el-31  el_after_av_heading  avia-builder-el-last  toggle_close_all' >\n<section class='av_toggle_section av-lqtuixmj-4728978d13515e1dbb6f430f2e52e8c9'  itemscope=\"itemscope\" itemtype=\"https:\/\/schema.org\/CreativeWork\" ><div role=\"tablist\" class=\"single_toggle\" data-tags=\"{Todo} \"  ><p data-fake-id='#toggle-id-10' class='toggler   '  itemprop=\"headline\"  role='tab' tabindex='0' aria-controls='toggle-id-10'>B\u00fasqueda de la belleza<span class=\"toggle_icon\"><span class=\"vert_icon\"><\/span><span class=\"hor_icon\"><\/span><\/span><\/p><div id='toggle-id-10' class='toggle_wrap  '  ><div class='toggle_content invers-color '  itemprop=\"text\" ><p style=\"text-align: justify;\">La belleza es el esplendor de la verdad, de ah\u00ed su primordial valor educativo: la belleza, por la atracci\u00f3n que provoca, es el camino para el descubrimiento y la valoraci\u00f3n de lo que es verdadero. Nosotros miramos las cosas (la poes\u00eda, la m\u00fasica, las matem\u00e1ticas, el arte, el juego, el amor, la convivencia\u2026 \u00a1todo!) dej\u00e1ndonos sorprender por su belleza, contempl\u00e1ndolas. Es necesario apreciar la belleza de aquello que se estudia o se realiza, reconociendo su significado y su valor.<\/span><\/p>\n<p style=\"text-align: justify;\">La vida del colegio tiene que estar marcada por un permanente mirar la belleza. El cuidado del orden y la limpieza, la atenci\u00f3n a los detalles y el gusto por la obra bien hecha, son consecuencias importantes. Favorece esta educaci\u00f3n el mostrar p\u00fablicamente lo que se hace, manifestando que el fruto del trabajo personal es para todos.<\/span><\/p>\n<\/div><\/div><\/div><\/section>\n<section class='av_toggle_section av-lqtuixmj-36-1bec18faa9087f7e3feaa1a79a2e61f0'  itemscope=\"itemscope\" itemtype=\"https:\/\/schema.org\/CreativeWork\" ><div role=\"tablist\" class=\"single_toggle\" data-tags=\"{Todo} \"  ><p data-fake-id='#toggle-id-11' class='toggler   '  itemprop=\"headline\"  role='tab' tabindex='0' aria-controls='toggle-id-11'>Educar en el asombro y en la b\u00fasqueda de la verdad<span class=\"toggle_icon\"><span class=\"vert_icon\"><\/span><span class=\"hor_icon\"><\/span><\/span><\/p><div id='toggle-id-11' class='toggle_wrap  '  ><div class='toggle_content invers-color '  itemprop=\"text\" ><p style=\"text-align: justify;\">Fomentar la apertura a la realidad a partir de la atracci\u00f3n que provoca es uno de nuestros objetivos principales porque s\u00f3lo del asombro nace una b\u00fasqueda sincera de la verdad. Es necesario ense\u00f1ar a mirar y sorprenderse, a preguntarse y preguntar, a buscar una explicaci\u00f3n y valorar despu\u00e9s aquello que se est\u00e1 considerando.<\/span><\/p>\n<p style=\"text-align: justify;\">La educaci\u00f3n en una aut\u00e9ntica actitud cr\u00edtica nace de esta apertura a la realidad. Queremos favorecer que nuestros alumnos est\u00e9n abiertos a todo, pero ayud\u00e1ndoles a implicar la raz\u00f3n en ello, a juzgar; es decir a confrontar todo con las exigencias b\u00e1sicas que nos constituyen como seres humanos y nos mueven en todo lo que hacemos: exigencia de bien, verdad, amor, justicia, belleza y felicidad.<\/span><\/p>\n<\/div><\/div><\/div><\/section>\n<section class='av_toggle_section av-lqtuixmj-35-af50f7bb704fc7fc37f38b57e8c5e30a'  itemscope=\"itemscope\" itemtype=\"https:\/\/schema.org\/CreativeWork\" ><div role=\"tablist\" class=\"single_toggle\" data-tags=\"{Todo} \"  ><p data-fake-id='#toggle-id-12' class='toggler   '  itemprop=\"headline\"  role='tab' tabindex='0' aria-controls='toggle-id-12'>La clase argumentativa<span class=\"toggle_icon\"><span class=\"vert_icon\"><\/span><span class=\"hor_icon\"><\/span><\/span><\/p><div id='toggle-id-12' class='toggle_wrap  '  ><div class='toggle_content invers-color '  itemprop=\"text\" ><p style=\"text-align: justify;\">Hay verdadera transmisi\u00f3n de conocimiento cuando en clase el alumno usa la raz\u00f3n. Para ello el profesor ha de proponer una hip\u00f3tesis de trabajo con los objetivos de:<\/span><\/p>\n<blockquote>\n<p style=\"text-align: justify;\">Implicar personalmente al alumno, de modo que pueda reconocer qu\u00e9 relaci\u00f3n existe entre lo que tiene que estudiar, el trabajo que se le propone, y su propia vida, su experiencia personal.<\/span><\/p>\n<p style=\"text-align: justify;\">Posibilitar que el alumno haga un uso serio y riguroso de la raz\u00f3n dentro de la metodolog\u00eda propia de una disciplina.<\/span><\/p>\n<p style=\"text-align: justify;\">Hacer que la clase sea un verdadero acto de comunicaci\u00f3n con un estilo argumentativo, que pone en primer plano el objeto a estudiar (un texto, un aspecto de la realidad f\u00edsica, un periodo hist\u00f3rico, una cuesti\u00f3n matem\u00e1tica, etc.) y lo presenta como algo sobre lo que indagar desde un punto de vista preciso, permitiendo un conocimiento m\u00e1s profundo, suscitando preguntas, hasta llegar hasta su sentido \u00faltimo.<\/span><\/p>\n<\/blockquote>\n<\/div><\/div><\/div><\/section>\n<section class='av_toggle_section av-lqtuixmj-34-31ef9ba31a239000a3e85cd040fedeb1'  itemscope=\"itemscope\" itemtype=\"https:\/\/schema.org\/CreativeWork\" ><div role=\"tablist\" class=\"single_toggle\" data-tags=\"{Todo} \"  ><p data-fake-id='#toggle-id-13' class='toggler   '  itemprop=\"headline\"  role='tab' tabindex='0' aria-controls='toggle-id-13'>Estudiar: aprender el uso de la raz\u00f3n y adentrarse en el descubrimiento del sentido de las cosas<span class=\"toggle_icon\"><span class=\"vert_icon\"><\/span><span class=\"hor_icon\"><\/span><\/span><\/p><div id='toggle-id-13' class='toggle_wrap  '  ><div class='toggle_content invers-color '  itemprop=\"text\" ><p style=\"text-align: justify;\">No nos interesa ense\u00f1ar una simple t\u00e9cnica de estudio sino despertar una pasi\u00f3n por lo que se estudia, educar en una consideraci\u00f3n del estudio como una aventura de descubrimiento del sentido de las cosas.<\/span><\/p>\n<p style=\"text-align: justify;\">Estudiar exige aprender a usar la raz\u00f3n seg\u00fan la metodolog\u00eda propia de cada disciplina, lo cual implica: atender, preguntar, comprender, conceptualizar, relacionar, sintetizar, juzgar y razonar. Todas estas acciones se desarrollan a trav\u00e9s de los instrumentos que tenemos en nuestra mano: la lecci\u00f3n, los libros de texto, el di\u00e1logo, los ejercicios, los apuntes, los trabajos, los proyectos y exposiciones, las lecturas y las actividades culturales que se proponen.<\/span><\/p>\n<\/div><\/div><\/div><\/section>\n<section class='av_toggle_section av-lqtuixmj-34-4-a262b716ed174673deb452e5805ead9e'  itemscope=\"itemscope\" itemtype=\"https:\/\/schema.org\/CreativeWork\" ><div role=\"tablist\" class=\"single_toggle\" data-tags=\"{Todo} \"  ><p data-fake-id='#toggle-id-14' class='toggler   '  itemprop=\"headline\"  role='tab' tabindex='0' aria-controls='toggle-id-14'>La personalizaci\u00f3n del camino educativo, la b\u00fasqueda de la excelencia y la atenci\u00f3n a la diversidad<span class=\"toggle_icon\"><span class=\"vert_icon\"><\/span><span class=\"hor_icon\"><\/span><\/span><\/p><div id='toggle-id-14' class='toggle_wrap  '  ><div class='toggle_content invers-color '  itemprop=\"text\" ><p style=\"text-align: justify;\">Uno de los objetivos prioritarios en nuestra tarea educativa es la integraci\u00f3n de todos los alumnos, teniendo en cuenta las diferentes condiciones personales y acad\u00e9micas: mirar las necesidades, condicionamientos y capacidades de cada uno posibilita la igualdad de oportunidades y ampl\u00eda el horizonte de sus expectativas. Las medidas organizativas y metodol\u00f3gicas que establecemos en esta etapa contribuyen a lograr este objetivo.<\/span><\/p>\n<p style=\"text-align: justify;\">Queremos evitar el riesgo de buscar una uniformidad porque creemos que la diferencia no es inferioridad y que las capacidades, las dificultades y los condicionamientos que cada uno tiene forman parte de su propio camino de maduraci\u00f3n.<\/span><\/p>\n<p style=\"text-align: justify;\">Creemos que cada ser humano es alguien \u00fanico, con valor en s\u00ed mismo por el s\u00f3lo hecho de existir, es libre y con una dignidad que no puede estar en funci\u00f3n de sus capacidades y, mucho menos, de su \u00e9xito escolar.<\/span><\/p>\n<\/div><\/div><\/div><\/section>\n<section class='av_toggle_section av-lqtuixmj-34-3-0fe57dd3675ac14f304210e861e924d2'  itemscope=\"itemscope\" itemtype=\"https:\/\/schema.org\/CreativeWork\" ><div role=\"tablist\" class=\"single_toggle\" data-tags=\"{Todo} \"  ><p data-fake-id='#toggle-id-15' class='toggler   '  itemprop=\"headline\"  role='tab' tabindex='0' aria-controls='toggle-id-15'>Actividades culturales, salidas extraescolares, intercambios y viajes de estudio <span class=\"toggle_icon\"><span class=\"vert_icon\"><\/span><span class=\"hor_icon\"><\/span><\/span><\/p><div id='toggle-id-15' class='toggle_wrap  '  ><div class='toggle_content invers-color '  itemprop=\"text\" ><p style=\"text-align: justify;\">Las salidas y actividades complementarias a la vida en el aula forman parte del proyecto curricular y tienen unos objetivos educativos y acad\u00e9micos de acuerdo con nuestro proyecto educativo y con los objetivos de las programaciones de las \u00e1reas que las proponen.<\/span><\/p>\n<p style=\"text-align: justify;\">El valor educativo de estas actividades en nuestro colegio radica en que se proponen como gesto. Un gesto humano es una acci\u00f3n que al realizarse expresa en su forma las razones y el significado que lo origina. Los profesores preparan y cuidan todos los aspectos de las actividades, implicando y acompa\u00f1ando a los alumnos en ellas y no siendo un mero organizador de las mismas.\u00a0<\/span><\/p>\n<p style=\"text-align: justify;\">Especial relevancia en este sentido tienen los viajes de estudios. Estos viajes se realizan con una programaci\u00f3n espec\u00edfica e incluyen un programa de clases en los lugares que se visitan. Estos viajes se realizan en todos los cursos, culminando en la ESO con el intercambio con un colegio italiano que se realiza en 4\u00ba. En Bachillerato el viaje es a Londres y Oxford, visitando all\u00ed los lugares emblem\u00e1ticos de la vida de John Henry Newman.<\/span><\/p>\n<\/div><\/div><\/div><\/section>\n<section class='av_toggle_section av-lqtuixmj-34-2-91d00f93be87b234dc2528c072ac8351'  itemscope=\"itemscope\" itemtype=\"https:\/\/schema.org\/CreativeWork\" ><div role=\"tablist\" class=\"single_toggle\" data-tags=\"{Todo} \"  ><p data-fake-id='#toggle-id-16' class='toggler   '  itemprop=\"headline\"  role='tab' tabindex='0' aria-controls='toggle-id-16'>La relaci\u00f3n con los padres<span class=\"toggle_icon\"><span class=\"vert_icon\"><\/span><span class=\"hor_icon\"><\/span><\/span><\/p><div id='toggle-id-16' class='toggle_wrap  '  ><div class='toggle_content invers-color '  itemprop=\"text\" ><p style=\"text-align: justify;\">Partimos de la convicci\u00f3n de que los padres son los primeros responsables de la educaci\u00f3n de sus hijos y nos los conf\u00edan como colaboradores en esa tarea. Con esta confianza, el colegio realiza su labor acad\u00e9mica partiendo del car\u00e1cter propio establecido en su Proyecto Educativo.<\/span><\/p>\n<p style=\"text-align: justify;\">Un proceso formativo se realiza s\u00f3lo con la efectiva colaboraci\u00f3n entre los diversos sujetos educativos implicados (alumnos, familia, profesores). Por ello la relaci\u00f3n con las familias ha de ser fluida, cordial y con gran disponibilidad por parte del colegio, de ah\u00ed la variedad de cauces de comunicaci\u00f3n que el colegio ofrece. El encuentro de familias es una de las iniciativas que el colegio ha fomentado en los \u00faltimos a\u00f1os para acompa\u00f1arnos en la educaci\u00f3n de hijos y alumnos.\u00a0<\/span><\/p>\n<\/div><\/div><\/div><\/section>\n<section class='av_toggle_section av-lqtuixmj-34-1-66bb8ec14530f7699b0fb95a9c828b04'  itemscope=\"itemscope\" itemtype=\"https:\/\/schema.org\/CreativeWork\" ><div role=\"tablist\" class=\"single_toggle\" data-tags=\"{Todo} \"  ><p data-fake-id='#toggle-id-17' class='toggler   '  itemprop=\"headline\"  role='tab' tabindex='0' aria-controls='toggle-id-17'>La raz\u00f3n de la disciplina: la educaci\u00f3n de la libertad<span class=\"toggle_icon\"><span class=\"vert_icon\"><\/span><span class=\"hor_icon\"><\/span><\/span><\/p><div id='toggle-id-17' class='toggle_wrap  '  ><div class='toggle_content invers-color '  itemprop=\"text\" ><p style=\"text-align: justify;\">La disciplina es lo contrario a la instintividad y posibilita tener en cuenta la realidad y su significado de modo que sea instrumento para el crecimiento de la persona.<\/span><\/p>\n<p style=\"text-align: justify;\">La personalidad crece en la medida en que profundiza en una verdadera libertad de juicio y de elecci\u00f3n. Ahora bien, para juzgar y elegir hace falta tener un criterio. El criterio m\u00e1s humano es el que parte de lo m\u00e1s propio de nuestra naturaleza: el conjunto de exigencias que emergen dentro de cualquier experiencia humana (exigencia de verdad, bien, belleza, libertad, justicia\u2026). La disciplina implica una relaci\u00f3n educativa que favorezca que el alumno reconozca y valore esas exigencias dentro de lo que sucede en la vida escolar.<\/span><\/p>\n<p style=\"text-align: justify;\">La disciplina no es un fin en s\u00ed misma sino una condici\u00f3n para desarrollar nuestra tarea y establecer una relaci\u00f3n educativa que posibilite el aprendizaje. Las normas de convivencia y conducta siempre nos introducen en el valor de alg\u00fan aspecto de la realidad escolar finando las condiciones que hacen posible el desarrollo de nuestros criterios educativos; por ejemplo, valor de la puntualidad, del orden, de la limpieza, de la atenci\u00f3n, del silencio, del respeto, etc.<\/span><\/p>\n<\/div><\/div><\/div><\/section>\n<\/div><\/p><\/div>\n\n<\/div><\/div><\/div><!-- close content main div --><\/div><\/div><div id='features'  class='av-layout-grid-container av-kxnf8-e7981cbbd24d92c2be2bd483ec2c04fe entry-content-wrapper main_color av-flex-cells  avia-builder-el-32  el_after_av_section  el_before_av_one_full  grid-row-not-first  container_wrap sidebar_right'  >\n\n<style type=\"text\/css\" data-created_by=\"avia_inline_auto\" id=\"style-css-av-kbbc0-52d49720e8f5eb8a32bb66cca20fa302\">\n.flex_cell.av-kbbc0-52d49720e8f5eb8a32bb66cca20fa302{\nvertical-align:middle;\nbackground-color:#004c6a;\n}\n.responsive #top #wrap_all .flex_cell.av-kbbc0-52d49720e8f5eb8a32bb66cca20fa302{\npadding:50px 50px 50px 50px !important;\n}\n\n@media only screen and (min-width: 990px){ \n.responsive #top #wrap_all .flex_cell.av-kbbc0-52d49720e8f5eb8a32bb66cca20fa302{\npadding:50px 50px 50px 50px !important;\n}\n}\n<\/style>\n<div class='flex_cell av-kbbc0-52d49720e8f5eb8a32bb66cca20fa302 av-gridrow-cell av_two_third no_margin  avia-builder-el-33  el_before_av_cell_one_third  avia-builder-el-first '  ><div class='flex_cell_inner'><p><div  class='flex_column av-a25ts-8713e845dcd95f1fee7f314f0bb82dbc av_one_full  avia-builder-el-34  el_before_av_one_half  avia-builder-el-first  first flex_column_div  '     ><style type=\"text\/css\" data-created_by=\"avia_inline_auto\" id=\"style-css-av-lqtu2lgk-1df2a4036e6f7c7af167cdc457088376\">\n#top .av-special-heading.av-lqtu2lgk-1df2a4036e6f7c7af167cdc457088376{\npadding-bottom:10px;\ncolor:#ffffff;\nfont-size:40px;\n}\nbody .av-special-heading.av-lqtu2lgk-1df2a4036e6f7c7af167cdc457088376 .av-special-heading-tag .heading-char{\nfont-size:25px;\n}\n#top #wrap_all .av-special-heading.av-lqtu2lgk-1df2a4036e6f7c7af167cdc457088376 .av-special-heading-tag{\nfont-size:40px;\n}\n.av-special-heading.av-lqtu2lgk-1df2a4036e6f7c7af167cdc457088376 .special-heading-inner-border{\nborder-color:#ffffff;\n}\n.av-special-heading.av-lqtu2lgk-1df2a4036e6f7c7af167cdc457088376 .av-subheading{\nfont-size:15px;\n}\n\n@media only screen and (min-width: 480px) and (max-width: 767px){ \n#top #wrap_all .av-special-heading.av-lqtu2lgk-1df2a4036e6f7c7af167cdc457088376 .av-special-heading-tag{\nfont-size:0.8em;\n}\n}\n\n@media only screen and (max-width: 479px){ \n#top #wrap_all .av-special-heading.av-lqtu2lgk-1df2a4036e6f7c7af167cdc457088376 .av-special-heading-tag{\nfont-size:0.8em;\n}\n}\n<\/style>\n<div  class='av-special-heading av-lqtu2lgk-1df2a4036e6f7c7af167cdc457088376 av-special-heading-h2 custom-color-heading blockquote modern-quote modern-centered  avia-builder-el-35  avia-builder-el-no-sibling  av-thin-font av-inherit-size'><h2 class='av-special-heading-tag'  itemprop=\"headline\"  ><strong>Propuesta<\/strong> pedag\u00f3gica<\/h2><div class=\"special-heading-border\"><div class=\"special-heading-inner-border\"><\/div><\/div><\/div><\/div><div  class='flex_column av-90s5c-0350978add40efba27ba916dbe741dd6 av_one_half  avia-builder-el-36  el_after_av_one_full  el_before_av_one_half  first flex_column_div  column-top-margin'     ><style type=\"text\/css\" data-created_by=\"avia_inline_auto\" id=\"style-css-av-lqtur1ic-2f00b6390309a896d7847bc4780432ce\">\n.iconbox.av-lqtur1ic-2f00b6390309a896d7847bc4780432ce .iconbox_icon{\nborder:1px solid #ffffff;\ncolor:#9dd2db;\n}\n#top #wrap_all .iconbox.av-lqtur1ic-2f00b6390309a896d7847bc4780432ce .iconbox_content_title{\ncolor:#004c6a;\n}\n.iconbox.av-lqtur1ic-2f00b6390309a896d7847bc4780432ce .iconbox_content_container{\nfont-size:12px;\ncolor:#3f3f3f;\n}\n<\/style>\n<article  class='iconbox iconbox_top av-lqtur1ic-2f00b6390309a896d7847bc4780432ce  avia-builder-el-37  avia-builder-el-no-sibling  main_color'  itemscope=\"itemscope\" itemtype=\"https:\/\/schema.org\/CreativeWork\" ><div class=\"iconbox_content\"><header class=\"entry-content-header\"><div class=\"iconbox_icon heading-color\" aria-hidden='true' data-av_icon='\ue83a' data-av_iconfont='entypo-fontello'><\/div><h3 class='iconbox_content_title '  itemprop=\"headline\" >Proyecto Chromebook<\/h3><\/header><div class='iconbox_content_container av_inherit_color'  itemprop=\"text\" ><p style=\"text-align: justify;\">El trabajo con el dispositivo en el aula nos permite introducirles en un uso adecuado de las nuevas tecnolog\u00edas. Los beneficios son muchos. El uso del Chromebook favorece el desarrollo en los alumnos de competencias como \u2018aprender a aprender\u2019, la competencia tecnol\u00f3gica, el trabajo por grupos as\u00ed como mejorar el grado de motivaci\u00f3n ante el trabajo.<\/p>\n<\/div><\/div><footer class=\"entry-footer\"><\/footer><\/article><\/div><div  class='flex_column av-8l4n8-244c558b391d7b73e259cde84520bbdd av_one_half  avia-builder-el-38  el_after_av_one_half  el_before_av_one_half  flex_column_div  column-top-margin'     ><style type=\"text\/css\" data-created_by=\"avia_inline_auto\" id=\"style-css-av-7x0o0-da0f7e580c40c5e0b20d2bf61a479efd\">\n.iconbox.av-7x0o0-da0f7e580c40c5e0b20d2bf61a479efd .iconbox_icon{\nborder:1px solid #ffffff;\ncolor:#9dd2db;\n}\n#top #wrap_all .iconbox.av-7x0o0-da0f7e580c40c5e0b20d2bf61a479efd .iconbox_content_title{\ncolor:#004c6a;\n}\n.iconbox.av-7x0o0-da0f7e580c40c5e0b20d2bf61a479efd .iconbox_content_container{\nfont-size:12px;\ncolor:#3f3f3f;\n}\n<\/style>\n<article  class='iconbox iconbox_top av-7x0o0-da0f7e580c40c5e0b20d2bf61a479efd  avia-builder-el-39  avia-builder-el-no-sibling  main_color'  itemscope=\"itemscope\" itemtype=\"https:\/\/schema.org\/CreativeWork\" ><div class=\"iconbox_content\"><header class=\"entry-content-header\"><div class=\"iconbox_icon heading-color\" aria-hidden='true' data-av_icon='\ue864' data-av_iconfont='entypo-fontello'><\/div><h3 class='iconbox_content_title '  itemprop=\"headline\" >Club de ciencias<\/h3><\/header><div class='iconbox_content_container av_inherit_color'  itemprop=\"text\" ><p style=\"text-align: justify;\">Un espacio a disposici\u00f3n de aquellos alumnos que deseen profundizar y aprender m\u00e1s c\u00f3mo es el mundo material y c\u00f3mo se comporta, investigar y experimentar distintos aspectos de lo que nos rodea o nos constituye, desde lo infinitamente grande a lo infinitamente peque\u00f1o. En realidad se podr\u00eda decir que el Club de Ciencias comienza en las aulas, en las clases de cada d\u00eda, poniendo a disposici\u00f3n de aquellos alumnos que lo deseen tiempo y recursos para ampliar estos conocimientos.<\/p>\n<div  class='avia-button-wrap av-2jlrzo-c0441ed92ed6a6cbca6ab1d75e0ef6a9-wrap avia-button-center  avia-builder-el-40  avia-builder-el-no-sibling '><a href='https:\/\/clubnewmanciencia.wordpress.com\/' class='avia-button av-2jlrzo-c0441ed92ed6a6cbca6ab1d75e0ef6a9 avia-icon_select-no avia-size-medium avia-position-center avia-color-theme-color' target=\"_blank\" rel=\"noopener noreferrer\"><span class='avia_iconbox_title' >WEB CLUB DE CIENCIAS<\/span><\/a><\/div>\n<\/div><\/div><footer class=\"entry-footer\"><\/footer><\/article><\/div><div  class='flex_column av-7pdwc-41943ab66a2beecfab8d7dd650f5db01 av_one_half  avia-builder-el-41  el_after_av_one_half  el_before_av_one_half  first flex_column_div  column-top-margin'     ><style type=\"text\/css\" data-created_by=\"avia_inline_auto\" id=\"style-css-av-700h0-e33045b4dac9e29b005a6c449b6dd116\">\n.iconbox.av-700h0-e33045b4dac9e29b005a6c449b6dd116 .iconbox_icon{\nborder:1px solid #ffffff;\ncolor:#9dd2db;\n}\n#top #wrap_all .iconbox.av-700h0-e33045b4dac9e29b005a6c449b6dd116 .iconbox_content_title{\ncolor:#004c6a;\n}\n.iconbox.av-700h0-e33045b4dac9e29b005a6c449b6dd116 .iconbox_content_container{\nfont-size:12px;\ncolor:#3f3f3f;\n}\n<\/style>\n<article  class='iconbox iconbox_top av-700h0-e33045b4dac9e29b005a6c449b6dd116  avia-builder-el-42  avia-builder-el-no-sibling  main_color'  itemscope=\"itemscope\" itemtype=\"https:\/\/schema.org\/CreativeWork\" ><div class=\"iconbox_content\"><header class=\"entry-content-header\"><div class=\"iconbox_icon heading-color\" aria-hidden='true' data-av_icon='\ue826' data-av_iconfont='entypo-fontello'><\/div><h3 class='iconbox_content_title '  itemprop=\"headline\" >Observatorio de la actualidad<\/h3><\/header><div class='iconbox_content_container av_inherit_color'  itemprop=\"text\" ><p style=\"text-align: justify;\">En nuestro colegio existe un lugar en el que crear, proponer, preguntar y debatir sobre cuestiones de la actualidad que interesan, con alumnos, profesores y otras personas. Se trabajan proyectos sobre diversos aspectos de Espa\u00f1a y del mundo a los que, cuando se ve necesario, se invita a expertos para dialogar con ellos. Adem\u00e1s, se trabaja el d\u00eda a d\u00eda entendiendo y dialogando sobre las noticias m\u00e1s relevantes que aparecen en los peri\u00f3dicos espa\u00f1oles, contrast\u00e1ndolas y compar\u00e1ndolas.<\/p>\n<div  class='avia-button-wrap av-1ykymc-aaf605fb88d181a02b430f884dd895f4-wrap avia-button-center  avia-builder-el-43  avia-builder-el-no-sibling '><a href='https:\/\/www.youtube.com\/watch?v=WZQ_NzM3Z9U' class='avia-button av-1ykymc-aaf605fb88d181a02b430f884dd895f4 avia-icon_select-no avia-size-medium avia-position-center avia-color-theme-color' target=\"_blank\" rel=\"noopener noreferrer\"><span class='avia_iconbox_title' >VER V\u00cdDEO<\/span><\/a><\/div>\n<\/div><\/div><footer class=\"entry-footer\"><\/footer><\/article><\/div><div  class='flex_column av-451ls-f06016ca5848ec3bf6394c1d1437b765 av_one_half  avia-builder-el-44  el_after_av_one_half  el_before_av_one_half  flex_column_div  column-top-margin'     ><style type=\"text\/css\" data-created_by=\"avia_inline_auto\" id=\"style-css-av-3fijo-b533d14c16fb0dd155620cdc3cd4a577\">\n.iconbox.av-3fijo-b533d14c16fb0dd155620cdc3cd4a577 .iconbox_icon{\nborder:1px solid #ffffff;\ncolor:#9dd2db;\n}\n#top #wrap_all .iconbox.av-3fijo-b533d14c16fb0dd155620cdc3cd4a577 .iconbox_content_title{\ncolor:#004c6a;\n}\n.iconbox.av-3fijo-b533d14c16fb0dd155620cdc3cd4a577 .iconbox_content_container{\nfont-size:12px;\ncolor:#3f3f3f;\n}\n<\/style>\n<article  class='iconbox iconbox_top av-3fijo-b533d14c16fb0dd155620cdc3cd4a577  avia-builder-el-45  avia-builder-el-no-sibling  main_color'  itemscope=\"itemscope\" itemtype=\"https:\/\/schema.org\/CreativeWork\" ><div class=\"iconbox_content\"><header class=\"entry-content-header\"><div class=\"iconbox_icon heading-color\" aria-hidden='true' data-av_icon='\ue8c9' data-av_iconfont='entypo-fontello'><\/div><h3 class='iconbox_content_title '  itemprop=\"headline\" >Semana de las Artes y las Ciencias<\/h3><\/header><div class='iconbox_content_container av_inherit_color'  itemprop=\"text\" ><p style=\"text-align: justify;\"><strong><a href=\"https:\/\/www.colegionewman.org\/es_es\/sacnewman\/\">Semana de las Artes y las Ciencias<\/a><\/strong> que nos permite disfrutar, contar y conocer mejor aquello que ya estudiamos, pero con una gran expresividad y esplendor, puesto que se muestra de un modo muy significativo el gusto por las materias que trabajamos durante todo el curso. La semana afronta dos grandes \u00e1mbitos: el primero, profundizaci\u00f3n, dirigido a grupos espec\u00edficos de alumnos, donde se engloban las conferencias de grandes expertos, concursos y talleres; y el segundo, m\u00e1s expresivo, abierto a toda la comunidad del <strong><a href=\"https:\/\/www.colegionewman.org\/es_es\/\">colegio Newman<\/a><\/strong>, consta de exposiciones, conciertos de nuestros alumnos y ferias de ciencias y emprendimiento.<\/p>\n<\/div><\/div><footer class=\"entry-footer\"><\/footer><\/article><\/div><div  class='flex_column av-6j4iw-b7b5b26dfd45689eaae2acdf3f5c437d av_one_half  avia-builder-el-46  el_after_av_one_half  el_before_av_one_half  first flex_column_div  column-top-margin'     ><style type=\"text\/css\" data-created_by=\"avia_inline_auto\" id=\"style-css-av-5hx0o-dc612f09722a69d1c019850d856ed5bc\">\n.iconbox.av-5hx0o-dc612f09722a69d1c019850d856ed5bc .iconbox_icon{\nborder:1px solid #ffffff;\ncolor:#9dd2db;\n}\n#top #wrap_all .iconbox.av-5hx0o-dc612f09722a69d1c019850d856ed5bc .iconbox_content_title{\ncolor:#004c6a;\n}\n.iconbox.av-5hx0o-dc612f09722a69d1c019850d856ed5bc .iconbox_content_container{\nfont-size:12px;\ncolor:#3f3f3f;\n}\n<\/style>\n<article  class='iconbox iconbox_top av-5hx0o-dc612f09722a69d1c019850d856ed5bc  avia-builder-el-47  avia-builder-el-no-sibling  main_color'  itemscope=\"itemscope\" itemtype=\"https:\/\/schema.org\/CreativeWork\" ><div class=\"iconbox_content\"><header class=\"entry-content-header\"><div class=\"iconbox_icon heading-color\" aria-hidden='true' data-av_icon='\ue863' data-av_iconfont='entypo-fontello'><\/div><h3 class='iconbox_content_title '  itemprop=\"headline\" >Laboratorios<\/h3><\/header><div class='iconbox_content_container av_inherit_color'  itemprop=\"text\" ><p style=\"text-align: justify;\">Los laboratorios del Newman est\u00e1n dotados con toda la equipaci\u00f3n necesaria para que el alumno descubra por s\u00ed mismo los grandes principios de la ciencia. Durante las lecciones se desarrollan las pr\u00e1cticas asociadas a los contenidos que se est\u00e1n estudiando. Contamos con laboratorio de f\u00edsica, de qu\u00edmica y de biolog\u00eda.<\/p>\n<\/div><\/div><footer class=\"entry-footer\"><\/footer><\/article><\/div><div  class='flex_column av-4vobo-d155e515501279327c6d146c3241b6d1 av_one_half  avia-builder-el-48  el_after_av_one_half  avia-builder-el-last  flex_column_div  column-top-margin'     ><style type=\"text\/css\" data-created_by=\"avia_inline_auto\" id=\"style-css-av-4b5ig-ec504dfd6f6869e2f2e2ac2bc9289599\">\n.iconbox.av-4b5ig-ec504dfd6f6869e2f2e2ac2bc9289599 .iconbox_icon{\nborder:1px solid #ffffff;\ncolor:#9dd2db;\n}\n#top #wrap_all .iconbox.av-4b5ig-ec504dfd6f6869e2f2e2ac2bc9289599 .iconbox_content_title{\ncolor:#004c6a;\n}\n.iconbox.av-4b5ig-ec504dfd6f6869e2f2e2ac2bc9289599 .iconbox_content_container{\nfont-size:12px;\ncolor:#3f3f3f;\n}\n<\/style>\n<article  class='iconbox iconbox_top av-4b5ig-ec504dfd6f6869e2f2e2ac2bc9289599  avia-builder-el-49  avia-builder-el-no-sibling  main_color'  itemscope=\"itemscope\" itemtype=\"https:\/\/schema.org\/CreativeWork\" ><div class=\"iconbox_content\"><header class=\"entry-content-header\"><div class=\"iconbox_icon heading-color\" aria-hidden='true' data-av_icon='\ue837' data-av_iconfont='entypo-fontello'><\/div><h3 class='iconbox_content_title '  itemprop=\"headline\" >Proyectos de artes y m\u00fasica<\/h3><\/header><div class='iconbox_content_container av_inherit_color'  itemprop=\"text\" ><p style=\"text-align: justify;\">El colegio\u00a0apuesta por la belleza como modo privilegiado de conocimiento, por ello, se propone en todos los cursos y de un modo transversal trabajar en la educaci\u00f3n de la mirada. El coro, el concurso de Literatura, el Festival de Cortos y las exposiciones art\u00edsticas son una expresi\u00f3n concreta de ello. <span style=\"font-weight: 400;\">El proyecto de ense\u00f1anza del arte en el Newman valora la investigaci\u00f3n como una herramienta fundamental para generar un proyecto art\u00edstico. Muchos de ellos se desarrollan en\u00a0<\/span><span style=\"font-weight: 400;\">colaboraci\u00f3n con profesionales e instituciones nacionales e internacionales.<\/span><\/p>\n<\/div><\/div><footer class=\"entry-footer\"><\/footer><\/article><\/div><\/p>\n<\/div><\/div>\n<style type=\"text\/css\" data-created_by=\"avia_inline_auto\" id=\"style-css-av-aad74-eafddd47e983aed3fec85016fa2736ce\">\n.flex_cell.av-aad74-eafddd47e983aed3fec85016fa2736ce{\nvertical-align:middle;\nbackground-color:#fcfcfc;\n}\n.responsive #top #wrap_all .flex_cell.av-aad74-eafddd47e983aed3fec85016fa2736ce{\npadding:0px 0px 0px 0px !important;\n}\n\n@media only screen and (min-width: 990px){ \n.responsive #top #wrap_all .flex_cell.av-aad74-eafddd47e983aed3fec85016fa2736ce{\npadding:0 0 0 0 !important;\n}\n}\n<\/style>\n<div class='flex_cell av-aad74-eafddd47e983aed3fec85016fa2736ce av-gridrow-cell av_one_third no_margin  avia-builder-el-50  el_after_av_cell_two_third  avia-builder-el-last  av-zero-padding avia-full-stretch'  ><div class='flex_cell_inner'><p>\n<style type=\"text\/css\" data-created_by=\"avia_inline_auto\" id=\"style-css-av-3i94-788fbac0f90c3366f966098f79a9dccf\">\n.avia-image-container.av-3i94-788fbac0f90c3366f966098f79a9dccf img.avia_image{\nbox-shadow:none;\n}\n.avia-image-container.av-3i94-788fbac0f90c3366f966098f79a9dccf .av-image-caption-overlay-center{\ncolor:#ffffff;\n}\n<\/style>\n<div  class='avia-image-container av-3i94-788fbac0f90c3366f966098f79a9dccf av-styling- avia_animated_image av-animated-when-visible-95 bottom-to-top avia-align-center  avia-builder-el-51  el_before_av_heading  avia-builder-el-first '   itemprop=\"image\" itemscope=\"itemscope\" itemtype=\"https:\/\/schema.org\/ImageObject\" ><div class=\"avia-image-container-inner\"><div class=\"avia-image-overlay-wrap\"><img decoding=\"async\" fetchpriority=\"high\" class='wp-image-1626 avia-img-lazy-loading-not-1626 avia_image ' src=\"https:\/\/www.colegionewman.org\/wp-content\/uploads\/2024\/01\/eso-newman.jpg\" alt='Estudiantes de ESO del institutos concertados Madrid participando en una din\u00e1mica educativa.' title='eso newman'  height=\"2000\" width=\"1333\"  itemprop=\"thumbnailUrl\" srcset=\"https:\/\/www.colegionewman.org\/wp-content\/uploads\/2024\/01\/eso-newman.jpg 1333w, https:\/\/www.colegionewman.org\/wp-content\/uploads\/2024\/01\/eso-newman-200x300.jpg 200w, https:\/\/www.colegionewman.org\/wp-content\/uploads\/2024\/01\/eso-newman-686x1030.jpg 686w, https:\/\/www.colegionewman.org\/wp-content\/uploads\/2024\/01\/eso-newman-768x1152.jpg 768w, https:\/\/www.colegionewman.org\/wp-content\/uploads\/2024\/01\/eso-newman-1024x1536.jpg 1024w, https:\/\/www.colegionewman.org\/wp-content\/uploads\/2024\/01\/eso-newman-1000x1500.jpg 1000w, https:\/\/www.colegionewman.org\/wp-content\/uploads\/2024\/01\/eso-newman-470x705.jpg 470w\" sizes=\"(max-width: 1333px) 100vw, 1333px\" \/><\/div><\/div><\/div><br \/>\n\n<style type=\"text\/css\" data-created_by=\"avia_inline_auto\" id=\"style-css-av-9a79o-9f8cc2b39962d261841245eb2c442785\">\n#top .av-special-heading.av-9a79o-9f8cc2b39962d261841245eb2c442785{\npadding-bottom:10px;\nfont-size:40px;\n}\nbody .av-special-heading.av-9a79o-9f8cc2b39962d261841245eb2c442785 .av-special-heading-tag .heading-char{\nfont-size:25px;\n}\n#top #wrap_all .av-special-heading.av-9a79o-9f8cc2b39962d261841245eb2c442785 .av-special-heading-tag{\nfont-size:40px;\n}\n.av-special-heading.av-9a79o-9f8cc2b39962d261841245eb2c442785 .av-subheading{\nfont-size:15px;\n}\n\n@media only screen and (min-width: 480px) and (max-width: 767px){ \n#top #wrap_all .av-special-heading.av-9a79o-9f8cc2b39962d261841245eb2c442785 .av-special-heading-tag{\nfont-size:0.8em;\n}\n}\n\n@media only screen and (max-width: 479px){ \n#top #wrap_all .av-special-heading.av-9a79o-9f8cc2b39962d261841245eb2c442785 .av-special-heading-tag{\nfont-size:0.8em;\n}\n}\n<\/style>\n<div  class='av-special-heading av-9a79o-9f8cc2b39962d261841245eb2c442785 av-special-heading-h3 blockquote modern-quote modern-centered  avia-builder-el-52  el_after_av_image  el_before_av_button  av-inherit-size'><h3 class='av-special-heading-tag'  itemprop=\"headline\"  >\u00a1Descarga el folleto del Colegio Newman!<\/h3><div class=\"special-heading-border\"><div class=\"special-heading-inner-border\"><\/div><\/div><\/div><br \/>\n<div  class='avia-button-wrap av-lqtv0krz-f1d0256df886e287a7ffaea8d74a3a28-wrap avia-button-center  avia-builder-el-53  el_after_av_heading  avia-builder-el-last '><a href='https:\/\/www.colegionewman.org\/wp-content\/uploads\/2024\/03\/Folleto-general_Newman.pdf' class='avia-button av-lqtv0krz-f1d0256df886e287a7ffaea8d74a3a28 avia-icon_select-yes-left-icon avia-size-x-large avia-position-center avia-color-theme-color' target=\"_blank\" rel=\"noopener noreferrer\"><span class='avia_button_icon avia_button_icon_left' aria-hidden='true' data-av_icon='\ue82d' data-av_iconfont='entypo-fontello'><\/span><span class='avia_iconbox_title' >DESCARGAR<\/span><\/a><\/div><\/p>\n<\/div><\/div><\/div><div id='after_grid_row_2'  class='main_color av_default_container_wrap container_wrap sidebar_right'  ><div class='container av-section-cont-open' ><div class='template-page content  av-content-small alpha units'><div class='post-entry post-entry-type-page post-entry-1108'><div class='entry-content-wrapper clearfix'><div  class='flex_column av-2ox7s-aa540b8986501547c4258827e85562f7 av_one_full  avia-builder-el-54  el_after_av_layout_row  el_before_av_layout_row  avia-builder-el-no-sibling  first flex_column_div  '     ><p>\n<style type=\"text\/css\" data-created_by=\"avia_inline_auto\" id=\"style-css-av-lqtv84ly-edb51c919da908983cddd24a3b5c6647\">\n#top .hr.hr-invisible.av-lqtv84ly-edb51c919da908983cddd24a3b5c6647{\nheight:20px;\n}\n<\/style>\n<div  class='hr av-lqtv84ly-edb51c919da908983cddd24a3b5c6647 hr-invisible  avia-builder-el-55  el_before_av_heading  avia-builder-el-first '><span class='hr-inner '><span class=\"hr-inner-style\"><\/span><\/span><\/div><br \/>\n\n<style type=\"text\/css\" data-created_by=\"avia_inline_auto\" id=\"style-css-av-lqtv2bd4-ff6607b9c01af0c3c700e4277663737e\">\n#top .av-special-heading.av-lqtv2bd4-ff6607b9c01af0c3c700e4277663737e{\npadding-bottom:10px;\ncolor:#000000;\nfont-size:40px;\n}\nbody .av-special-heading.av-lqtv2bd4-ff6607b9c01af0c3c700e4277663737e .av-special-heading-tag .heading-char{\nfont-size:25px;\n}\n#top #wrap_all .av-special-heading.av-lqtv2bd4-ff6607b9c01af0c3c700e4277663737e .av-special-heading-tag{\nfont-size:40px;\n}\n.av-special-heading.av-lqtv2bd4-ff6607b9c01af0c3c700e4277663737e .special-heading-inner-border{\nborder-color:#000000;\n}\n.av-special-heading.av-lqtv2bd4-ff6607b9c01af0c3c700e4277663737e .av-subheading{\nfont-size:15px;\n}\n\n@media only screen and (min-width: 480px) and (max-width: 767px){ \n#top #wrap_all .av-special-heading.av-lqtv2bd4-ff6607b9c01af0c3c700e4277663737e .av-special-heading-tag{\nfont-size:0.8em;\n}\n}\n\n@media only screen and (max-width: 479px){ \n#top #wrap_all .av-special-heading.av-lqtv2bd4-ff6607b9c01af0c3c700e4277663737e .av-special-heading-tag{\nfont-size:0.8em;\n}\n}\n<\/style>\n<div  class='av-special-heading av-lqtv2bd4-ff6607b9c01af0c3c700e4277663737e av-special-heading-h2 custom-color-heading blockquote modern-quote modern-centered  avia-builder-el-56  el_after_av_hr  el_before_av_hr  av-thin-font av-inherit-size'><h2 class='av-special-heading-tag'  itemprop=\"headline\"  ><strong>Noticias<\/strong> de Secundaria<\/h2><div class=\"special-heading-border\"><div class=\"special-heading-inner-border\"><\/div><\/div><\/div><br \/>\n\n<style type=\"text\/css\" data-created_by=\"avia_inline_auto\" id=\"style-css-av-1xa5k-09daeeb8cacb11da0c87978aaba62dff\">\n#top .hr.hr-invisible.av-1xa5k-09daeeb8cacb11da0c87978aaba62dff{\nheight:20px;\n}\n<\/style>\n<div  class='hr av-1xa5k-09daeeb8cacb11da0c87978aaba62dff hr-invisible  avia-builder-el-57  el_after_av_heading  el_before_av_blog '><span class='hr-inner '><span class=\"hr-inner-style\"><\/span><\/span><\/div><br \/>\n<div  data-slideshow-options=\"{&quot;animation&quot;:&quot;fade&quot;,&quot;autoplay&quot;:false,&quot;loop_autoplay&quot;:&quot;once&quot;,&quot;interval&quot;:5,&quot;loop_manual&quot;:&quot;manual-endless&quot;,&quot;autoplay_stopper&quot;:false,&quot;noNavigation&quot;:false,&quot;show_slide_delay&quot;:90}\" class='avia-content-slider avia-content-grid-active avia-content-slider1 avia-content-slider-odd  avia-builder-el-58  el_after_av_hr  avia-builder-el-last  av-slideshow-ui av-control-default   av-no-slider-navigation av-slideshow-manual av-loop-once av-loop-manual-endless '  itemscope=\"itemscope\" itemtype=\"https:\/\/schema.org\/Blog\" ><div class=\"avia-content-slider-inner\"><div class=\"slide-entry-wrap\"><article class='slide-entry flex_column  post-entry post-entry-31824 slide-entry-overview slide-loop-1 slide-parity-odd  av_one_third first real-thumbnail posttype-post post-format-standard'  itemscope=\"itemscope\" itemtype=\"https:\/\/schema.org\/CreativeWork\" ><a href='https:\/\/www.colegionewman.org\/es_es\/nota-final-de-la-sac-newman-2026\/' data-rel='slide-1' class='slide-image' title='Nota final de la #SAC Newman 2026'><img decoding=\"async\" fetchpriority=\"high\" width=\"495\" height=\"400\" src=\"https:\/\/www.colegionewman.org\/wp-content\/uploads\/sac-newman-2026-495x400.jpeg\" class=\"wp-image-31825 avia-img-lazy-loading-not-31825 attachment-portfolio size-portfolio wp-post-image\" alt=\"\" srcset=\"https:\/\/www.colegionewman.org\/wp-content\/uploads\/sac-newman-2026-495x400.jpeg 495w, https:\/\/www.colegionewman.org\/wp-content\/uploads\/sac-newman-2026-16x12.jpeg 16w, https:\/\/www.colegionewman.org\/wp-content\/uploads\/sac-newman-2026-845x684.jpeg 845w\" sizes=\"(max-width: 495px) 100vw, 495px\" \/><\/a><div class=\"slide-content\"><header class=\"entry-content-header\"><span class=\"blog-categories minor-meta\"><a href=\"https:\/\/www.colegionewman.org\/es_es\/category\/arte\/\" rel=\"tag\">Arte<\/a>, <a href=\"https:\/\/www.colegionewman.org\/es_es\/category\/bachillerato\/\" rel=\"tag\">Bachillerato<\/a>, <a href=\"https:\/\/www.colegionewman.org\/es_es\/category\/ciencias\/\" rel=\"tag\">Ciencias<\/a>, <a href=\"https:\/\/www.colegionewman.org\/es_es\/category\/colegio\/\" rel=\"tag\">Colegio<\/a>, <a href=\"https:\/\/www.colegionewman.org\/es_es\/category\/coro\/\" rel=\"tag\">Coro<\/a>, <a href=\"https:\/\/www.colegionewman.org\/es_es\/category\/eventos\/\" rel=\"tag\">Eventos<\/a>, <a href=\"https:\/\/www.colegionewman.org\/es_es\/category\/noticias\/\" rel=\"tag\">Noticias<\/a>, <a href=\"https:\/\/www.colegionewman.org\/es_es\/category\/sac\/\" rel=\"tag\">SAC<\/a>, <a href=\"https:\/\/www.colegionewman.org\/es_es\/category\/secundaria\/\" rel=\"tag\">Secundaria<\/a> <\/span><h3 class='slide-entry-title entry-title '  itemprop=\"headline\" ><a href='https:\/\/www.colegionewman.org\/es_es\/nota-final-de-la-sac-newman-2026\/' title='Nota final de la #SAC Newman 2026'>Nota final de la #SAC Newman 2026<\/a><\/h3><span class=\"av-vertical-delimiter\"><\/span><\/header><div class='slide-entry-excerpt entry-content'  itemprop=\"text\" ><div class=\"read-more-link\"><a href=\"https:\/\/www.colegionewman.org\/es_es\/nota-final-de-la-sac-newman-2026\/\" class=\"more-link\">Leer m\u00e1s<span class=\"more-link-arrow\"><\/span><\/a><\/div><\/div><\/div><footer class=\"entry-footer\"><div class=\"slide-meta\"><time class='slide-meta-time updated'  itemprop=\"datePublished\" datetime=\"2026-03-13T12:09:00+01:00\" >13 de marzo de 2026<\/time><div class=\"slide-meta-del\">\/<\/div><div class=\"slide-meta-comments\"><a href='https:\/\/www.colegionewman.org\/es_es\/nota-final-de-la-sac-newman-2026\/#respond'>0 Comentarios<\/a><\/div><\/div><\/footer><span class='hidden'>\n\t\t\t\t<span class='av-structured-data'  itemprop=\"image\" itemscope=\"itemscope\" itemtype=\"https:\/\/schema.org\/ImageObject\" >\n\t\t\t\t\t\t<span itemprop='url'>https:\/\/www.colegionewman.org\/wp-content\/uploads\/sac-newman-2026.jpeg<\/span>\n\t\t\t\t\t\t<span itemprop='height'>960<\/span>\n\t\t\t\t\t\t<span itemprop='width'>1280<\/span>\n\t\t\t\t<\/span>\n\t\t\t\t<span class='av-structured-data'  itemprop=\"publisher\" itemtype=\"https:\/\/schema.org\/Organization\" itemscope=\"itemscope\" >\n\t\t\t\t\t\t<span itemprop='name'>usuario01<\/span>\n\t\t\t\t\t\t<span itemprop='logo' itemscope itemtype='https:\/\/schema.org\/ImageObject'>\n\t\t\t\t\t\t\t<span itemprop='url'>https:\/\/www.colegionewman.org\/wp-content\/uploads\/Logo-newman_1_blanco-scaled-e1768467612132.png<\/span>\n\t\t\t\t\t\t<\/span>\n\t\t\t\t<\/span><span class='av-structured-data'  itemprop=\"author\" itemscope=\"itemscope\" itemtype=\"https:\/\/schema.org\/Person\" ><span itemprop='name'>usuario01<\/span><\/span><span class='av-structured-data'  itemprop=\"datePublished\" datetime=\"2024-01-04T13:28:18+01:00\" >2026-03-13 12:09:00<\/span><span class='av-structured-data'  itemprop=\"dateModified\" itemtype=\"https:\/\/schema.org\/dateModified\" >2026-03-13 09:26:14<\/span><span class='av-structured-data'  itemprop=\"mainEntityOfPage\" itemtype=\"https:\/\/schema.org\/mainEntityOfPage\" ><span itemprop='name'>Nota final de la #SAC Newman 2026<\/span><\/span><\/span><\/article><article class='slide-entry flex_column  post-entry post-entry-31834 slide-entry-overview slide-loop-2 slide-parity-even  av_one_third  real-thumbnail posttype-post post-format-standard'  itemscope=\"itemscope\" itemtype=\"https:\/\/schema.org\/CreativeWork\" ><a href='https:\/\/www.colegionewman.org\/es_es\/enrique-andreo-un-acercamiento-a-la-verdad-a-traves-del-arte\/' data-rel='slide-1' class='slide-image' title='Enrique Andreo: un acercamiento a la verdad a trav\u00e9s del arte'><img decoding=\"async\" fetchpriority=\"high\" width=\"495\" height=\"400\" src=\"https:\/\/www.colegionewman.org\/wp-content\/uploads\/enrique-andreo-obra-chillida-495x400.jpeg\" class=\"wp-image-31837 avia-img-lazy-loading-not-31837 attachment-portfolio size-portfolio wp-post-image\" alt=\"\" srcset=\"https:\/\/www.colegionewman.org\/wp-content\/uploads\/enrique-andreo-obra-chillida-495x400.jpeg 495w, https:\/\/www.colegionewman.org\/wp-content\/uploads\/enrique-andreo-obra-chillida-16x12.jpeg 16w, https:\/\/www.colegionewman.org\/wp-content\/uploads\/enrique-andreo-obra-chillida-845x684.jpeg 845w\" sizes=\"(max-width: 495px) 100vw, 495px\" \/><\/a><div class=\"slide-content\"><header class=\"entry-content-header\"><span class=\"blog-categories minor-meta\"><a href=\"https:\/\/www.colegionewman.org\/es_es\/category\/bachillerato\/\" rel=\"tag\">Bachillerato<\/a>, <a href=\"https:\/\/www.colegionewman.org\/es_es\/category\/colegio\/\" rel=\"tag\">Colegio<\/a>, <a href=\"https:\/\/www.colegionewman.org\/es_es\/category\/eventos\/\" rel=\"tag\">Eventos<\/a>, <a href=\"https:\/\/www.colegionewman.org\/es_es\/category\/noticias\/\" rel=\"tag\">Noticias<\/a>, <a href=\"https:\/\/www.colegionewman.org\/es_es\/category\/sac\/\" rel=\"tag\">SAC<\/a>, <a href=\"https:\/\/www.colegionewman.org\/es_es\/category\/secundaria\/\" rel=\"tag\">Secundaria<\/a> <\/span><h3 class='slide-entry-title entry-title '  itemprop=\"headline\" ><a href='https:\/\/www.colegionewman.org\/es_es\/enrique-andreo-un-acercamiento-a-la-verdad-a-traves-del-arte\/' title='Enrique Andreo: un acercamiento a la verdad a trav\u00e9s del arte'>Enrique Andreo: un acercamiento a la verdad a trav\u00e9s del arte<\/a><\/h3><span class=\"av-vertical-delimiter\"><\/span><\/header><div class='slide-entry-excerpt entry-content'  itemprop=\"text\" ><div class=\"read-more-link\"><a href=\"https:\/\/www.colegionewman.org\/es_es\/enrique-andreo-un-acercamiento-a-la-verdad-a-traves-del-arte\/\" class=\"more-link\">Leer m\u00e1s<span class=\"more-link-arrow\"><\/span><\/a><\/div><\/div><\/div><footer class=\"entry-footer\"><div class=\"slide-meta\"><time class='slide-meta-time updated'  itemprop=\"datePublished\" datetime=\"2026-03-13T10:49:14+01:00\" >13 de marzo de 2026<\/time><div class=\"slide-meta-del\">\/<\/div><div class=\"slide-meta-comments\"><a href='https:\/\/www.colegionewman.org\/es_es\/enrique-andreo-un-acercamiento-a-la-verdad-a-traves-del-arte\/#respond'>0 Comentarios<\/a><\/div><\/div><\/footer><span class='hidden'>\n\t\t\t\t<span class='av-structured-data'  itemprop=\"image\" itemscope=\"itemscope\" itemtype=\"https:\/\/schema.org\/ImageObject\" >\n\t\t\t\t\t\t<span itemprop='url'>https:\/\/www.colegionewman.org\/wp-content\/uploads\/enrique-andreo-obra-chillida.jpeg<\/span>\n\t\t\t\t\t\t<span itemprop='height'>1536<\/span>\n\t\t\t\t\t\t<span itemprop='width'>2048<\/span>\n\t\t\t\t<\/span>\n\t\t\t\t<span class='av-structured-data'  itemprop=\"publisher\" itemtype=\"https:\/\/schema.org\/Organization\" itemscope=\"itemscope\" >\n\t\t\t\t\t\t<span itemprop='name'>usuario01<\/span>\n\t\t\t\t\t\t<span itemprop='logo' itemscope itemtype='https:\/\/schema.org\/ImageObject'>\n\t\t\t\t\t\t\t<span itemprop='url'>https:\/\/www.colegionewman.org\/wp-content\/uploads\/Logo-newman_1_blanco-scaled-e1768467612132.png<\/span>\n\t\t\t\t\t\t<\/span>\n\t\t\t\t<\/span><span class='av-structured-data'  itemprop=\"author\" itemscope=\"itemscope\" itemtype=\"https:\/\/schema.org\/Person\" ><span itemprop='name'>usuario01<\/span><\/span><span class='av-structured-data'  itemprop=\"datePublished\" datetime=\"2024-01-04T13:28:18+01:00\" >2026-03-13 10:49:14<\/span><span class='av-structured-data'  itemprop=\"dateModified\" itemtype=\"https:\/\/schema.org\/dateModified\" >2026-03-13 10:49:18<\/span><span class='av-structured-data'  itemprop=\"mainEntityOfPage\" itemtype=\"https:\/\/schema.org\/mainEntityOfPage\" ><span itemprop='name'>Enrique Andreo: un acercamiento a la verdad a trav\u00e9s del arte<\/span><\/span><\/span><\/article><article class='slide-entry flex_column  post-entry post-entry-31820 slide-entry-overview slide-loop-3 slide-parity-odd  post-entry-last  av_one_third  real-thumbnail posttype-post post-format-standard'  itemscope=\"itemscope\" itemtype=\"https:\/\/schema.org\/CreativeWork\" ><a href='https:\/\/www.colegionewman.org\/es_es\/el-poder-de-las-palabras-con-javier-ablitas-y-lydia-balenciaga\/' data-rel='slide-1' class='slide-image' title='El poder de las palabras con Javier Ablitas y Lydia Balenciaga'><img decoding=\"async\" fetchpriority=\"high\" width=\"495\" height=\"400\" src=\"https:\/\/www.colegionewman.org\/wp-content\/uploads\/el-poder-de-las-palabras-495x400.jpg\" class=\"wp-image-31822 avia-img-lazy-loading-not-31822 attachment-portfolio size-portfolio wp-post-image\" alt=\"\" srcset=\"https:\/\/www.colegionewman.org\/wp-content\/uploads\/el-poder-de-las-palabras-495x400.jpg 495w, https:\/\/www.colegionewman.org\/wp-content\/uploads\/el-poder-de-las-palabras-16x12.jpg 16w, https:\/\/www.colegionewman.org\/wp-content\/uploads\/el-poder-de-las-palabras-845x684.jpg 845w\" sizes=\"(max-width: 495px) 100vw, 495px\" \/><\/a><div class=\"slide-content\"><header class=\"entry-content-header\"><span class=\"blog-categories minor-meta\"><a href=\"https:\/\/www.colegionewman.org\/es_es\/category\/bachillerato\/\" rel=\"tag\">Bachillerato<\/a>, <a href=\"https:\/\/www.colegionewman.org\/es_es\/category\/colegio\/\" rel=\"tag\">Colegio<\/a>, <a href=\"https:\/\/www.colegionewman.org\/es_es\/category\/eventos\/\" rel=\"tag\">Eventos<\/a>, <a href=\"https:\/\/www.colegionewman.org\/es_es\/category\/noticias\/\" rel=\"tag\">Noticias<\/a>, <a href=\"https:\/\/www.colegionewman.org\/es_es\/category\/sac\/\" rel=\"tag\">SAC<\/a>, <a href=\"https:\/\/www.colegionewman.org\/es_es\/category\/secundaria\/\" rel=\"tag\">Secundaria<\/a> <\/span><h3 class='slide-entry-title entry-title '  itemprop=\"headline\" ><a href='https:\/\/www.colegionewman.org\/es_es\/el-poder-de-las-palabras-con-javier-ablitas-y-lydia-balenciaga\/' title='El poder de las palabras con Javier Ablitas y Lydia Balenciaga'>El poder de las palabras con Javier Ablitas y Lydia Balenciaga<\/a><\/h3><span class=\"av-vertical-delimiter\"><\/span><\/header><div class='slide-entry-excerpt entry-content'  itemprop=\"text\" ><div class=\"read-more-link\"><a href=\"https:\/\/www.colegionewman.org\/es_es\/el-poder-de-las-palabras-con-javier-ablitas-y-lydia-balenciaga\/\" class=\"more-link\">Leer m\u00e1s<span class=\"more-link-arrow\"><\/span><\/a><\/div><\/div><\/div><footer class=\"entry-footer\"><div class=\"slide-meta\"><time class='slide-meta-time updated'  itemprop=\"datePublished\" datetime=\"2026-03-12T15:11:08+01:00\" >12 de marzo de 2026<\/time><div class=\"slide-meta-del\">\/<\/div><div class=\"slide-meta-comments\"><a href='https:\/\/www.colegionewman.org\/es_es\/el-poder-de-las-palabras-con-javier-ablitas-y-lydia-balenciaga\/#respond'>0 Comentarios<\/a><\/div><\/div><\/footer><span class='hidden'>\n\t\t\t\t<span class='av-structured-data'  itemprop=\"image\" itemscope=\"itemscope\" itemtype=\"https:\/\/schema.org\/ImageObject\" >\n\t\t\t\t\t\t<span itemprop='url'>https:\/\/www.colegionewman.org\/wp-content\/uploads\/el-poder-de-las-palabras.jpg<\/span>\n\t\t\t\t\t\t<span itemprop='height'>750<\/span>\n\t\t\t\t\t\t<span itemprop='width'>1000<\/span>\n\t\t\t\t<\/span>\n\t\t\t\t<span class='av-structured-data'  itemprop=\"publisher\" itemtype=\"https:\/\/schema.org\/Organization\" itemscope=\"itemscope\" >\n\t\t\t\t\t\t<span itemprop='name'>usuario01<\/span>\n\t\t\t\t\t\t<span itemprop='logo' itemscope itemtype='https:\/\/schema.org\/ImageObject'>\n\t\t\t\t\t\t\t<span itemprop='url'>https:\/\/www.colegionewman.org\/wp-content\/uploads\/Logo-newman_1_blanco-scaled-e1768467612132.png<\/span>\n\t\t\t\t\t\t<\/span>\n\t\t\t\t<\/span><span class='av-structured-data'  itemprop=\"author\" itemscope=\"itemscope\" itemtype=\"https:\/\/schema.org\/Person\" ><span itemprop='name'>usuario01<\/span><\/span><span class='av-structured-data'  itemprop=\"datePublished\" datetime=\"2024-01-04T13:28:18+01:00\" >2026-03-12 15:11:08<\/span><span class='av-structured-data'  itemprop=\"dateModified\" itemtype=\"https:\/\/schema.org\/dateModified\" >2026-03-12 15:11:14<\/span><span class='av-structured-data'  itemprop=\"mainEntityOfPage\" itemtype=\"https:\/\/schema.org\/mainEntityOfPage\" ><span itemprop='name'>El poder de las palabras con Javier Ablitas y Lydia Balenciaga<\/span><\/span><\/span><\/article><\/div><\/div><\/div><\/p><\/div><\/p>\n<\/div><\/div><\/div><!-- close content main div --><\/div><\/div><div id='features'  class='av-layout-grid-container av-1nshk-5cd9e1601cf37646bb0457fdba438830 entry-content-wrapper main_color av-flex-cells  avia-builder-el-59  el_after_av_one_full  el_before_av_section  grid-row-not-first  container_wrap sidebar_right'  >\n\n<style type=\"text\/css\" data-created_by=\"avia_inline_auto\" id=\"style-css-av-lqtvpd9l-d591573104a887b51f865863ab2e06e5\">\n.flex_cell.av-lqtvpd9l-d591573104a887b51f865863ab2e06e5{\nvertical-align:middle;\nbackground-color:#f7f7f7;\n}\n.responsive #top #wrap_all .flex_cell.av-lqtvpd9l-d591573104a887b51f865863ab2e06e5{\npadding:0px 0px 0px 0px !important;\n}\n\n@media only screen and (min-width: 990px){ \n.responsive #top #wrap_all .flex_cell.av-lqtvpd9l-d591573104a887b51f865863ab2e06e5{\npadding:0px 0px 0px 0px !important;\n}\n}\n<\/style>\n<div class='flex_cell av-lqtvpd9l-d591573104a887b51f865863ab2e06e5 av-gridrow-cell av_two_fifth no_margin  avia-builder-el-60  el_before_av_cell_three_fifth  avia-builder-el-first  av-zero-padding'  ><div class='flex_cell_inner'>\n<style type=\"text\/css\" data-created_by=\"avia_inline_auto\" id=\"style-css-av-lqtvtb57-a1f06bbfdb1c909e3f87f29e1ee9a31c\">\n.avia-image-container.av-lqtvtb57-a1f06bbfdb1c909e3f87f29e1ee9a31c img.avia_image{\nbox-shadow:none;\n}\n.avia-image-container.av-lqtvtb57-a1f06bbfdb1c909e3f87f29e1ee9a31c .av-image-caption-overlay-center{\ncolor:#ffffff;\n}\n<\/style>\n<div  class='avia-image-container av-lqtvtb57-a1f06bbfdb1c909e3f87f29e1ee9a31c av-styling- avia_animated_image av-animated-when-visible-95 bottom-to-top avia-align-center  avia-builder-el-61  avia-builder-el-no-sibling '   itemprop=\"image\" itemscope=\"itemscope\" itemtype=\"https:\/\/schema.org\/ImageObject\" ><div class=\"avia-image-container-inner\"><div class=\"avia-image-overlay-wrap\"><img decoding=\"async\" fetchpriority=\"high\" class='wp-image-1628 avia-img-lazy-loading-not-1628 avia_image ' src=\"https:\/\/www.colegionewman.org\/wp-content\/uploads\/2024\/01\/patios-eso-1333x630.jpg\" alt='Patio de recreo utilizado por estudiantes de los institutos concertados Madrid durante sus descansos.' title='patios eso'  height=\"630\" width=\"1333\"  itemprop=\"thumbnailUrl\"  \/><\/div><\/div><\/div>\n<\/div><\/div>\n<style type=\"text\/css\" data-created_by=\"avia_inline_auto\" id=\"style-css-av-lqtvs3uq-76d360bd9f605fe06fa0c45f88235d6a\">\n.flex_cell.av-lqtvs3uq-76d360bd9f605fe06fa0c45f88235d6a{\nvertical-align:middle;\nbackground-color:#f7f7f7;\n}\n.responsive #top #wrap_all .flex_cell.av-lqtvs3uq-76d360bd9f605fe06fa0c45f88235d6a{\npadding:50px 50px 50px 50px !important;\n}\n<\/style>\n<div class='flex_cell av-lqtvs3uq-76d360bd9f605fe06fa0c45f88235d6a av-gridrow-cell av_three_fifth no_margin  avia-builder-el-62  el_after_av_cell_two_fifth  avia-builder-el-last  avia-full-stretch'  ><div class='flex_cell_inner'><div  class='flex_column av-p79s-2b318cb5419870b9deacc18ff5be46ab av_one_full  avia-builder-el-63  avia-builder-el-no-sibling  first flex_column_div  '     ><p>\n<style type=\"text\/css\" data-created_by=\"avia_inline_auto\" id=\"style-css-av-lqtvn6sj-0ffde95d189f63cbe3b404a0409b7580\">\n#top .av-rotator-container.av-lqtvn6sj-0ffde95d189f63cbe3b404a0409b7580{\ntext-align:center;\ncolor:#000000;\n}\n#top #wrap_all .av-rotator-container.av-lqtvn6sj-0ffde95d189f63cbe3b404a0409b7580 .av-rotator-container-inner{\nfont-size:39px;\n}\n\n@media only screen and (min-width: 990px){ \n#top #wrap_all .av-rotator-container.av-lqtvn6sj-0ffde95d189f63cbe3b404a0409b7580 .av-rotator-container-inner{\nfont-size:39px;\n}\n}\n\n@media only screen and (min-width: 768px) and (max-width: 989px){ \n#top #wrap_all .av-rotator-container.av-lqtvn6sj-0ffde95d189f63cbe3b404a0409b7580 .av-rotator-container-inner{\nfont-size:28px;\n}\n}\n\n@media only screen and (min-width: 480px) and (max-width: 767px){ \n#top #wrap_all .av-rotator-container.av-lqtvn6sj-0ffde95d189f63cbe3b404a0409b7580 .av-rotator-container-inner{\nfont-size:24px;\n}\n}\n\n@media only screen and (max-width: 479px){ \n#top #wrap_all .av-rotator-container.av-lqtvn6sj-0ffde95d189f63cbe3b404a0409b7580 .av-rotator-container-inner{\nfont-size:23px;\n}\n}\n<\/style>\n<div  class='av-rotator-container av-rotation-container-center av-lqtvn6sj-0ffde95d189f63cbe3b404a0409b7580  avia-builder-el-64  el_before_av_hr  avia-builder-el-first  av-fixed-rotator-width av-typewriter' data-interval='3' data-animation='typewriter' data-fixWidth='1'><h3 class='av-rotator-container-inner'><strong>Secundaria Newman | <\/strong><span class='av-rotator-text av-rotator-multiline-off'>\n<span class='av-rotator-text-single av-lqtvlvmp-096fc83a25d745740041d6ca826d49f4 av-rotator-text-single-1' >Oferta<\/span>\n<span class='av-rotator-text-single av-lqtvm0re-74b7244b5ff19fa0eef528e7f279b884 av-rotator-text-single-2' >Itinerarios<\/span>\n<\/span><\/h3><\/div><br \/>\n\n<style type=\"text\/css\" data-created_by=\"avia_inline_auto\" id=\"style-css-av-lr0lqorq-035eea0ded05448c4d112d66beafb639\">\n#top .hr.hr-invisible.av-lr0lqorq-035eea0ded05448c4d112d66beafb639{\nheight:30px;\n}\n<\/style>\n<div  class='hr av-lr0lqorq-035eea0ded05448c4d112d66beafb639 hr-invisible  avia-builder-el-65  el_after_av_headline_rotator  el_before_av_toggle_container '><span class='hr-inner '><span class=\"hr-inner-style\"><\/span><\/span><\/div><br \/>\n\n<style type=\"text\/css\" data-created_by=\"avia_inline_auto\" id=\"style-css-av-lqtvizn9-92c8d8bbd6077f6fc9b35c956dddf4f2\">\n#top .togglecontainer.av-lqtvizn9-92c8d8bbd6077f6fc9b35c956dddf4f2 p.toggler{\nbackground-color:#ffffff;\n}\n#top .togglecontainer.av-lqtvizn9-92c8d8bbd6077f6fc9b35c956dddf4f2 .toggle_wrap .toggle_content{\nbackground-color:#ffffff;\n}\n<\/style>\n<div  class='togglecontainer av-lqtvizn9-92c8d8bbd6077f6fc9b35c956dddf4f2 av-minimal-toggle  avia-builder-el-66  el_after_av_hr  avia-builder-el-last  toggle_close_all' >\n<section class='av_toggle_section av-lqtvqd9r-f3460ee82949d5ba2d9a011c7eb3cb98'  itemscope=\"itemscope\" itemtype=\"https:\/\/schema.org\/CreativeWork\" ><div role=\"tablist\" class=\"single_toggle\" data-tags=\"{Todo} \"  ><p data-fake-id='#toggle-id-18' class='toggler   '  itemprop=\"headline\"  role='tab' tabindex='0' aria-controls='toggle-id-18'>Itinerario 1\u00ba de Secundaria<span class=\"toggle_icon\"><span class=\"vert_icon\"><\/span><span class=\"hor_icon\"><\/span><\/span><\/p><div id='toggle-id-18' class='toggle_wrap  '  ><div class='toggle_content invers-color '  itemprop=\"text\" ><h3>ITINERARIO<\/h3>\n<p><span style=\"font-weight: 400;\">Lengua Castellana<\/span><\/p>\n<p><span style=\"font-weight: 400;\">Matem\u00e1ticas<\/span><\/p>\n<p><span style=\"font-weight: 400;\">Ingl\u00e9s<\/span><\/p>\n<p><span style=\"font-weight: 400;\">Geograf\u00eda e Historia<\/span><\/p>\n<p><span style=\"font-weight: 400;\">Educaci\u00f3n F\u00edsica<\/span><\/p>\n<p><span style=\"font-weight: 400;\">Biolog\u00eda y Geolog\u00eda<\/span><\/p>\n<p><span style=\"font-weight: 400;\">Educaci\u00f3n Pl\u00e1stica, Visual y Audiovisual<\/span><\/p>\n<p><span style=\"font-weight: 400;\">M\u00fasica<\/span><\/p>\n<p><span style=\"font-weight: 400;\">Religi\u00f3n<\/span><\/p>\n<p><span style=\"font-weight: 400;\">Optativa (elegir 1):<\/span><\/p>\n<ul>\n<li style=\"font-weight: 400;\" aria-level=\"1\"><span style=\"font-weight: 400;\">Italiano<\/span><\/li>\n<li style=\"font-weight: 400;\" aria-level=\"1\"><span style=\"font-weight: 400;\">Refuerzo de Lengua Castellana y Literatura<\/span><\/li>\n<li style=\"font-weight: 400;\" aria-level=\"1\"><span style=\"font-weight: 400;\">Refuerzo de Matem\u00e1ticas<\/span><\/li>\n<\/ul>\n<h3>ENRIQUECIMIENTO DEL CURR\u00cdCULO NEWMAN<\/h3>\n<p>Nuestro <strong><a href=\"https:\/\/www.colegionewman.org\/es_es\/colegio-internacional-madrid\/\">colegio internacional en Madrid<\/a><\/strong> enriquece el curr\u00edculo oficial con la siguiente propuesta, aprobada por la <strong><a href=\"https:\/\/www.comunidad.madrid\/\" target=\"_blank\" rel=\"noopener\">Comunidad Aut\u00f3noma de Madrid<\/a><\/strong>, dentro del Marco del Plan de Autonom\u00eda de centros:<\/p>\n<blockquote>\n<p>Aumento de las horas lectivas en la asignatura de Ingl\u00e9s y desdoble en grupos m\u00e1s reducidos.<\/p>\n<p>Aumento de las horas lectivas en la asignatura de Matem\u00e1ticas y Lengua Espa\u00f1ola y Literatura.<\/p>\n<\/blockquote>\n<\/div><\/div><\/div><\/section>\n<section class='av_toggle_section av-lqtvqd9r-33-ba5b0b61b616a3bbdadc542ec26e420e'  itemscope=\"itemscope\" itemtype=\"https:\/\/schema.org\/CreativeWork\" ><div role=\"tablist\" class=\"single_toggle\" data-tags=\"{Todo} \"  ><p data-fake-id='#toggle-id-19' class='toggler   '  itemprop=\"headline\"  role='tab' tabindex='0' aria-controls='toggle-id-19'>Itinerario 2\u00ba de Secundaria<span class=\"toggle_icon\"><span class=\"vert_icon\"><\/span><span class=\"hor_icon\"><\/span><\/span><\/p><div id='toggle-id-19' class='toggle_wrap  '  ><div class='toggle_content invers-color '  itemprop=\"text\" ><h3>ITINERARIO<\/h3>\n<p><span style=\"font-weight: 400;\">Lengua Castellana<\/span><\/p>\n<p><span style=\"font-weight: 400;\">Matem\u00e1ticas<\/span><\/p>\n<p><span style=\"font-weight: 400;\">Ingl\u00e9s<\/span><\/p>\n<p><span style=\"font-weight: 400;\">Geograf\u00eda e Historia<\/span><\/p>\n<p><span style=\"font-weight: 400;\">Educaci\u00f3n F\u00edsica<\/span><\/p>\n<p><span style=\"font-weight: 400;\">F\u00edsica y Qu\u00edmica<\/span><\/p>\n<p><span style=\"font-weight: 400;\">Tecnolog\u00eda y Digitalizaci\u00f3n<\/span><\/p>\n<p><span style=\"font-weight: 400;\">Educaci\u00f3n Pl\u00e1stica, Visual y Audiovisual<\/span><\/p>\n<p><span style=\"font-weight: 400;\">Educaci\u00f3n en Valores C\u00edvicos y \u00c9ticos<\/span><\/p>\n<p><span style=\"font-weight: 400;\">Religi\u00f3n<\/span><\/p>\n<p><span style=\"font-weight: 400;\">Optativa (elegir 1):<\/span><\/p>\n<ul>\n<li style=\"font-weight: 400;\" aria-level=\"1\"><span style=\"font-weight: 400;\">Italiano<\/span><\/li>\n<li style=\"font-weight: 400;\" aria-level=\"1\"><span style=\"font-weight: 400;\">Refuerzo de Lengua Castellana y Literatura<\/span><\/li>\n<li style=\"font-weight: 400;\" aria-level=\"1\"><span style=\"font-weight: 400;\">Refuerzo de Matem\u00e1ticas<\/span><\/li>\n<\/ul>\n<h3>ENRIQUECIMIENTO DEL CURR\u00cdCULO NEWMAN<\/h3>\n<p>El colegio J.H. Newman enriquece el curr\u00edculo oficial con la siguiente propuesta, aprobada por la Comunidad Aut\u00f3noma de Madrid, dentro del Marco del Plan de Autonom\u00eda de centros:<\/p>\n<blockquote>\n<p>Aumento de las horas lectivas en la asignatura de Ingl\u00e9s y desdoble en grupos m\u00e1s reducidos.<\/p>\n<p>Aumento de las horas lectivas en la asignatura de Lengua Espa\u00f1ola y Literatura.<\/p>\n<\/blockquote>\n<\/div><\/div><\/div><\/section>\n<section class='av_toggle_section av-lqtvqd9r-32-f27a7becf0532491a4db2e73321e4e42'  itemscope=\"itemscope\" itemtype=\"https:\/\/schema.org\/CreativeWork\" ><div role=\"tablist\" class=\"single_toggle\" data-tags=\"{Todo} \"  ><p data-fake-id='#toggle-id-20' class='toggler   '  itemprop=\"headline\"  role='tab' tabindex='0' aria-controls='toggle-id-20'>Itinerario 3\u00ba de Secundaria<span class=\"toggle_icon\"><span class=\"vert_icon\"><\/span><span class=\"hor_icon\"><\/span><\/span><\/p><div id='toggle-id-20' class='toggle_wrap  '  ><div class='toggle_content invers-color '  itemprop=\"text\" ><h3>ITINERARIO<\/h3>\n<p><span style=\"font-weight: 400;\">Lengua Castellana<\/span><\/p>\n<p><span style=\"font-weight: 400;\">Matem\u00e1ticas<\/span><\/p>\n<p><span style=\"font-weight: 400;\">Ingl\u00e9s<\/span><\/p>\n<p><span style=\"font-weight: 400;\">Geograf\u00eda e Historia<\/span><\/p>\n<p><span style=\"font-weight: 400;\">Educaci\u00f3n F\u00edsica<\/span><\/p>\n<p><span style=\"font-weight: 400;\">Biolog\u00eda y Geolog\u00eda<\/span><\/p>\n<p><span style=\"font-weight: 400;\">F\u00edsica y Qu\u00edmica<\/span><\/p>\n<p><span style=\"font-weight: 400;\">Tecnolog\u00eda y Digitalizaci\u00f3n<\/span><\/p>\n<p><span style=\"font-weight: 400;\">M\u00fasica<\/span><\/p>\n<p><span style=\"font-weight: 400;\">Religi\u00f3n<\/span><\/p>\n<p><span style=\"font-weight: 400;\">Optativa (elegir 1):<\/span><\/p>\n<ul>\n<li style=\"font-weight: 400;\" aria-level=\"1\"><span style=\"font-weight: 400;\">Italiano<\/span><\/li>\n<li style=\"font-weight: 400;\" aria-level=\"1\"><span style=\"font-weight: 400;\">Proyecto<\/span><\/li>\n<\/ul>\n<h3>ENRIQUECIMIENTO DEL CURR\u00cdCULO NEWMAN<\/h3>\n<p>El colegio J.H. Newman enriquece el curr\u00edculo oficial con la siguiente propuesta, aprobada por la Comunidad Aut\u00f3noma de Madrid, dentro del Marco del Plan de Autonom\u00eda de centros:<\/p>\n<blockquote>\n<p>Aumento de las horas lectivas en la asignatura de Ingl\u00e9s y desdoble en grupos m\u00e1s reducidos.<\/p>\n<p>Aumento de las horas lectivas en la asignatura de Lengua Espa\u00f1ola y Literatura y desdoble en grupos m\u00e1s reducidos.<\/p>\n<p>Desdoble en grupos reducidos en la asignatura de Matem\u00e1ticas.<\/p>\n<p>La materia de M\u00fasica se imparte en ingl\u00e9s.<\/p>\n<\/blockquote>\n<\/div><\/div><\/div><\/section>\n<section class='av_toggle_section av-lqtvqd9r-31-30f300241b1782e167ebf26f7b627e46'  itemscope=\"itemscope\" itemtype=\"https:\/\/schema.org\/CreativeWork\" ><div role=\"tablist\" class=\"single_toggle\" data-tags=\"{Todo} \"  ><p data-fake-id='#toggle-id-21' class='toggler   '  itemprop=\"headline\"  role='tab' tabindex='0' aria-controls='toggle-id-21'>Itinerario 4\u00ba de Secundaria<span class=\"toggle_icon\"><span class=\"vert_icon\"><\/span><span class=\"hor_icon\"><\/span><\/span><\/p><div id='toggle-id-21' class='toggle_wrap  '  ><div class='toggle_content invers-color '  itemprop=\"text\" ><h3>ITINERARIO<\/h3>\n<p><span style=\"font-weight: 400;\">Lengua Castellana y Literatura<\/span><\/p>\n<p><span style=\"font-weight: 400;\">Ingl\u00e9s<\/span><\/p>\n<p><span style=\"font-weight: 400;\">Geograf\u00eda e Historia<\/span><\/p>\n<p><span style=\"font-weight: 400;\">Educaci\u00f3n F\u00edsica<\/span><\/p>\n<p><span style=\"font-weight: 400;\">Matem\u00e1ticas (A o B)<\/span><\/p>\n<p><span style=\"font-weight: 400;\">Religi\u00f3n<\/span><\/p>\n<p><span style=\"font-weight: 400;\">Materias de opci\u00f3n:<\/span><\/p>\n<p><em><strong>Opci\u00f3n Cient\u00edfica<\/strong><\/em><\/p>\n<ul>\n<li style=\"font-weight: 400;\" aria-level=\"1\"><span style=\"font-weight: 400;\">Biolog\u00eda y Geolog\u00eda<\/span><\/li>\n<li style=\"font-weight: 400;\" aria-level=\"1\"><span style=\"font-weight: 400;\">F\u00edsica y Qu\u00edmica<\/span><\/li>\n<li style=\"font-weight: 400;\" aria-level=\"1\"><span style=\"font-weight: 400;\">Tecnolog\u00eda o Italiano<\/span><\/li>\n<\/ul>\n<p><em><strong>Opci\u00f3n Humanidades<\/strong><\/em><\/p>\n<ul>\n<li style=\"font-weight: 400;\" aria-level=\"1\"><span style=\"font-weight: 400;\">Lat\u00edn<\/span><\/li>\n<li style=\"font-weight: 400;\" aria-level=\"1\"><span style=\"font-weight: 400;\">Econom\u00eda y Emprendimiento<\/span><\/li>\n<li style=\"font-weight: 400;\" aria-level=\"1\"><span style=\"font-weight: 400;\">Expresi\u00f3n Art\u00edstica o Italiano<\/span><\/li>\n<\/ul>\n<p><span style=\"font-weight: 400;\">Optativa (elegir 1):<\/span><\/p>\n<ul>\n<li style=\"font-weight: 400;\" aria-level=\"1\"><span style=\"font-weight: 400;\">Cultura Cl\u00e1sica<\/span><\/li>\n<li style=\"font-weight: 400;\" aria-level=\"1\"><span style=\"font-weight: 400;\">Proyecto<\/span><\/li>\n<\/ul>\n<h3>ENRIQUECIMIENTO DEL CURR\u00cdCULO NEWMAN<\/h3>\n<p>Nuestro <strong><a href=\"https:\/\/www.colegionewman.org\/es_es\/colegio-bilingue-madrid\/\">colegio biling\u00fce en Madrid<\/a><\/strong> enriquece el curr\u00edculo oficial con la siguiente propuesta, aprobada por la Comunidad Aut\u00f3noma de Madrid, dentro del Marco del Plan de Autonom\u00eda de centros:<\/p>\n<blockquote>\n<p>Aumento de las horas lectivas en la asignatura de Ingl\u00e9s y desdoble en grupos m\u00e1s reducidos.<\/p>\n<p>Aumento de las horas lectivas en la asignatura de Lengua Espa\u00f1ola y Literatura y desdoble en grupos m\u00e1s reducidos.<\/p>\n<p>Aumento de las horas lectivas en la asignatura de Matem\u00e1ticas y desdoble en grupos m\u00e1s reducidos.<\/p>\n<p>El proyecto de M\u00fasica se imparte en ingl\u00e9s.<\/p>\n<\/blockquote>\n<\/div><\/div><\/div><\/section>\n<\/div><\/p><\/div>\n<\/div><\/div>\n<\/div>\n\n<style type=\"text\/css\" data-created_by=\"avia_inline_auto\" id=\"style-css-av-uaj0-97fe8153026b92dffc3401ce1ab1e665\">\n.avia-section.av-uaj0-97fe8153026b92dffc3401ce1ab1e665 .av-parallax .av-parallax-inner{\nbackground-repeat:no-repeat;\nbackground-image:url(https:\/\/www.colegionewman.org\/wp-content\/uploads\/2023\/12\/Fachada_Newman.jpg);\nbackground-position:50% 100%;\nbackground-attachment:scroll;\n}\n.avia-section.av-uaj0-97fe8153026b92dffc3401ce1ab1e665 .av-section-color-overlay{\nopacity:0.5;\nbackground-color:#0a0a0a;\n}\n<\/style>\n<div id='year'  class='avia-section av-uaj0-97fe8153026b92dffc3401ce1ab1e665 main_color avia-section-huge avia-no-border-styling  avia-builder-el-67  el_after_av_layout_row  avia-builder-el-last  avia-full-stretch av-parallax-section avia-bg-style-parallax av-section-color-overlay-active av-minimum-height av-minimum-height-75 av-height-75  container_wrap sidebar_right'  data-section-bg-repeat='stretch' data-av_minimum_height_pc='75' data-av_min_height_opt='75'><div class='av-parallax' data-avia-parallax-ratio='0.3' ><div class='av-parallax-inner main_color avia-full-stretch'><\/div><\/div><div class=\"av-section-color-overlay-wrap\"><div class=\"av-section-color-overlay\"><\/div><div class='container av-section-cont-open' ><div class='template-page content  av-content-small alpha units'><div class='post-entry post-entry-type-page post-entry-1108'><div class='entry-content-wrapper clearfix'>\n<div  class='flex_column av-7t93g-0d0c9feb9dbfcf0a1c7d4a63922fd827 av_one_fifth  avia-builder-el-68  el_before_av_three_fifth  avia-builder-el-first  first flex_column_div  '     ><\/div><div  class='flex_column av-7abro-6b71bf1d5b185e8f1b719354cbc79a19 av_three_fifth  avia-builder-el-69  el_after_av_one_fifth  el_before_av_one_fifth  flex_column_div  '     ><p>\n<style type=\"text\/css\" data-created_by=\"avia_inline_auto\" id=\"style-css-av-poeg-e53f0c0cca4e36430742c608005ca9fb\">\n#top .av-special-heading.av-poeg-e53f0c0cca4e36430742c608005ca9fb{\npadding-bottom:10px;\ncolor:#ffffff;\nfont-size:40px;\n}\nbody .av-special-heading.av-poeg-e53f0c0cca4e36430742c608005ca9fb .av-special-heading-tag .heading-char{\nfont-size:25px;\n}\n#top #wrap_all .av-special-heading.av-poeg-e53f0c0cca4e36430742c608005ca9fb .av-special-heading-tag{\nfont-size:40px;\n}\n.av-special-heading.av-poeg-e53f0c0cca4e36430742c608005ca9fb .special-heading-inner-border{\nborder-color:#ffffff;\n}\n.av-special-heading.av-poeg-e53f0c0cca4e36430742c608005ca9fb .av-subheading{\nfont-size:15px;\n}\n\n@media only screen and (min-width: 480px) and (max-width: 767px){ \n#top #wrap_all .av-special-heading.av-poeg-e53f0c0cca4e36430742c608005ca9fb .av-special-heading-tag{\nfont-size:0.8em;\n}\n}\n\n@media only screen and (max-width: 479px){ \n#top #wrap_all .av-special-heading.av-poeg-e53f0c0cca4e36430742c608005ca9fb .av-special-heading-tag{\nfont-size:0.8em;\n}\n}\n<\/style>\n<div  class='av-special-heading av-poeg-e53f0c0cca4e36430742c608005ca9fb av-special-heading-h2 custom-color-heading blockquote modern-quote modern-centered  avia-builder-el-70  el_before_av_hr  avia-builder-el-first  av-thin-font av-inherit-size'><h2 class='av-special-heading-tag'  itemprop=\"headline\"  >\u00bfQuieres conocer el <strong>colegio Newman?<\/strong><\/h2><div class=\"special-heading-border\"><div class=\"special-heading-inner-border\"><\/div><\/div><\/div><br \/>\n\n<style type=\"text\/css\" data-created_by=\"avia_inline_auto\" id=\"style-css-av-62rhc-4704a3386a4eb2950923d74e12de1195\">\n#top .hr.av-62rhc-4704a3386a4eb2950923d74e12de1195{\nmargin-top:40px;\nmargin-bottom:40px;\n}\n.hr.av-62rhc-4704a3386a4eb2950923d74e12de1195 .hr-inner{\nwidth:50px;\nborder-color:#000000;\n}\n<\/style>\n<div  class='hr av-62rhc-4704a3386a4eb2950923d74e12de1195 hr-custom  avia-builder-el-71  el_after_av_heading  el_before_av_button  hr-center hr-icon-no'><span class='hr-inner inner-border-av-border-fat'><span class=\"hr-inner-style\"><\/span><\/span><\/div><br \/>\n<div  class='avia-button-wrap av-lqtw23xl-911f1a3366fcc8e6dadbd36c05d38b06-wrap avia-button-center  avia-builder-el-72  el_after_av_hr  avia-builder-el-last '><a href='https:\/\/www.colegionewman.org\/admision\/'  class='avia-button av-lqtw23xl-911f1a3366fcc8e6dadbd36c05d38b06 avia-icon_select-no avia-size-x-large avia-position-center avia-color-theme-color'  ><span class='avia_iconbox_title' >SOLICITA UNA ENTREVISTA<\/span><\/a><\/div><\/p><\/div><div  class='flex_column av-5y5ic-2b30a21394c3769609a0dabd01a1cf85 av_one_fifth  avia-builder-el-73  el_after_av_three_fifth  avia-builder-el-last  flex_column_div  '     ><\/div>\n<\/div><\/div><\/div><!-- close content main div --><\/div><\/div><\/div><div id='after_section_5'  class='main_color av_default_container_wrap container_wrap sidebar_right'  ><div class='container av-section-cont-open' ><div class='template-page content  av-content-small alpha units'><div class='post-entry post-entry-type-page post-entry-1108'><div class='entry-content-wrapper clearfix'>\n","protected":false},"excerpt":{"rendered":"","protected":false},"author":1,"featured_media":0,"parent":0,"menu_order":0,"comment_status":"open","ping_status":"closed","template":"","meta":{"footnotes":""},"class_list":["post-1108","page","type-page","status-publish","hentry"],"yoast_head":"<!-- This site is optimized with the Yoast SEO plugin v27.3 - https:\/\/yoast.com\/product\/yoast-seo-wordpress\/ -->\n<title>Educaci\u00f3n Secundaria | Colegio Internacional J.H. Newman<\/title>\n<meta name=\"description\" content=\"Descubre el Proyecto Educativo de Educaci\u00f3n Secundaria J.H. Newman: una experiencia educativa, un ideal para la vida.\" \/>\n<meta name=\"robots\" content=\"index, follow, max-snippet:-1, max-image-preview:large, max-video-preview:-1\" \/>\n<link rel=\"canonical\" href=\"https:\/\/www.colegionewman.org\/es_es\/secundaria\/\" \/>\n<meta property=\"og:locale\" content=\"es_ES\" \/>\n<meta property=\"og:type\" content=\"article\" \/>\n<meta property=\"og:title\" content=\"Educaci\u00f3n Secundaria\" \/>\n<meta property=\"og:description\" content=\"Descubre el Proyecto Educativo de Secundaria del Colegio Internacional J.H. Newman: una experiencia educativa, un ideal para la vida.\" \/>\n<meta property=\"og:url\" content=\"https:\/\/www.colegionewman.org\/es_es\/secundaria\/\" \/>\n<meta property=\"og:site_name\" content=\"Colegio Internacional J.H. Newman\" \/>\n<meta property=\"article:modified_time\" content=\"2026-02-11T08:55:49+00:00\" \/>\n<meta property=\"og:image\" content=\"https:\/\/www.colegionewman.org\/wp-content\/uploads\/2024\/01\/secundaria.jpg\" \/>\n\t<meta property=\"og:image:width\" content=\"2000\" \/>\n\t<meta property=\"og:image:height\" content=\"1333\" \/>\n\t<meta property=\"og:image:type\" content=\"image\/jpeg\" \/>\n<meta name=\"twitter:card\" content=\"summary_large_image\" \/>\n<meta name=\"twitter:title\" content=\"Educaci\u00f3n Secundaria\" \/>\n<meta name=\"twitter:description\" content=\"Descubre el Proyecto Educativo de Secundaria del Colegio Internacional J.H. Newman: una experiencia educativa, un ideal para la vida.\" \/>\n<meta name=\"twitter:image\" content=\"https:\/\/www.colegionewman.org\/wp-content\/uploads\/2024\/01\/secundaria.jpg\" \/>\n<meta name=\"twitter:label1\" content=\"Tiempo de lectura\" \/>\n\t<meta name=\"twitter:data1\" content=\"14 minutos\" \/>\n<script type=\"application\/ld+json\" class=\"yoast-schema-graph\">{\"@context\":\"https:\\\/\\\/schema.org\",\"@graph\":[{\"@type\":\"WebPage\",\"@id\":\"https:\\\/\\\/www.colegionewman.org\\\/secundaria\\\/\",\"url\":\"https:\\\/\\\/www.colegionewman.org\\\/secundaria\\\/\",\"name\":\"Educaci\u00f3n Secundaria | Colegio Internacional J.H. Newman\",\"isPartOf\":{\"@id\":\"https:\\\/\\\/www.colegionewman.org\\\/#website\"},\"datePublished\":\"2024-01-04T12:28:18+00:00\",\"dateModified\":\"2026-02-11T08:55:49+00:00\",\"description\":\"Descubre el Proyecto Educativo de Educaci\u00f3n Secundaria J.H. Newman: una experiencia educativa, un ideal para la vida.\",\"breadcrumb\":{\"@id\":\"https:\\\/\\\/www.colegionewman.org\\\/secundaria\\\/#breadcrumb\"},\"inLanguage\":\"es\",\"potentialAction\":[{\"@type\":\"ReadAction\",\"target\":[\"https:\\\/\\\/www.colegionewman.org\\\/secundaria\\\/\"]}]},{\"@type\":\"BreadcrumbList\",\"@id\":\"https:\\\/\\\/www.colegionewman.org\\\/secundaria\\\/#breadcrumb\",\"itemListElement\":[{\"@type\":\"ListItem\",\"position\":1,\"name\":\"Portada\",\"item\":\"https:\\\/\\\/www.colegionewman.org\\\/\"},{\"@type\":\"ListItem\",\"position\":2,\"name\":\"Educaci\u00f3n Secundaria\"}]},{\"@type\":\"WebSite\",\"@id\":\"https:\\\/\\\/www.colegionewman.org\\\/#website\",\"url\":\"https:\\\/\\\/www.colegionewman.org\\\/\",\"name\":\"Colegio Internacional J.H. Newman\",\"description\":\"Un colegio que te abre al mundo\",\"publisher\":{\"@id\":\"https:\\\/\\\/www.colegionewman.org\\\/#organization\"},\"alternateName\":\"Colegio Newman\",\"potentialAction\":[{\"@type\":\"SearchAction\",\"target\":{\"@type\":\"EntryPoint\",\"urlTemplate\":\"https:\\\/\\\/www.colegionewman.org\\\/?s={search_term_string}\"},\"query-input\":{\"@type\":\"PropertyValueSpecification\",\"valueRequired\":true,\"valueName\":\"search_term_string\"}}],\"inLanguage\":\"es\"},{\"@type\":\"Organization\",\"@id\":\"https:\\\/\\\/www.colegionewman.org\\\/#organization\",\"name\":\"Colegio Internacional J.H. Newman\",\"alternateName\":\"Colegio Newman\",\"url\":\"https:\\\/\\\/www.colegionewman.org\\\/\",\"logo\":{\"@type\":\"ImageObject\",\"inLanguage\":\"es\",\"@id\":\"https:\\\/\\\/www.colegionewman.org\\\/#\\\/schema\\\/logo\\\/image\\\/\",\"url\":\"https:\\\/\\\/www.colegionewman.org\\\/wp-content\\\/uploads\\\/logo_mini_newman_Mesa-de-trabajo-1.png\",\"contentUrl\":\"https:\\\/\\\/www.colegionewman.org\\\/wp-content\\\/uploads\\\/logo_mini_newman_Mesa-de-trabajo-1.png\",\"width\":750,\"height\":750,\"caption\":\"Colegio Internacional J.H. Newman\"},\"image\":{\"@id\":\"https:\\\/\\\/www.colegionewman.org\\\/#\\\/schema\\\/logo\\\/image\\\/\"},\"sameAs\":[\"https:\\\/\\\/www.instagram.com\\\/colegiojhnewman\\\/\",\"https:\\\/\\\/www.youtube.com\\\/channel\\\/UCUEVCANGRsznbp-DRfSrexw\",\"https:\\\/\\\/www.linkedin.com\\\/company\\\/colegio-internacional-jh-newman\"]}]}<\/script>\n<!-- \/ Yoast SEO plugin. -->","yoast_head_json":{"title":"Educaci\u00f3n Secundaria | Colegio Internacional J.H. Newman","description":"Descubre el Proyecto Educativo de Educaci\u00f3n Secundaria J.H. Newman: una experiencia educativa, un ideal para la vida.","robots":{"index":"index","follow":"follow","max-snippet":"max-snippet:-1","max-image-preview":"max-image-preview:large","max-video-preview":"max-video-preview:-1"},"canonical":"https:\/\/www.colegionewman.org\/es_es\/secundaria\/","og_locale":"es_ES","og_type":"article","og_title":"Educaci\u00f3n Secundaria","og_description":"Descubre el Proyecto Educativo de Secundaria del Colegio Internacional J.H. Newman: una experiencia educativa, un ideal para la vida.","og_url":"https:\/\/www.colegionewman.org\/es_es\/secundaria\/","og_site_name":"Colegio Internacional J.H. Newman","article_modified_time":"2026-02-11T08:55:49+00:00","og_image":[{"width":2000,"height":1333,"url":"https:\/\/www.colegionewman.org\/wp-content\/uploads\/2024\/01\/secundaria.jpg","type":"image\/jpeg"}],"twitter_card":"summary_large_image","twitter_title":"Educaci\u00f3n Secundaria","twitter_description":"Descubre el Proyecto Educativo de Secundaria del Colegio Internacional J.H. Newman: una experiencia educativa, un ideal para la vida.","twitter_image":"https:\/\/www.colegionewman.org\/wp-content\/uploads\/2024\/01\/secundaria.jpg","twitter_misc":{"Tiempo de lectura":"14 minutos"},"schema":{"@context":"https:\/\/schema.org","@graph":[{"@type":"WebPage","@id":"https:\/\/www.colegionewman.org\/secundaria\/","url":"https:\/\/www.colegionewman.org\/secundaria\/","name":"Educaci\u00f3n Secundaria | Colegio Internacional J.H. Newman","isPartOf":{"@id":"https:\/\/www.colegionewman.org\/#website"},"datePublished":"2024-01-04T12:28:18+00:00","dateModified":"2026-02-11T08:55:49+00:00","description":"Descubre el Proyecto Educativo de Educaci\u00f3n Secundaria J.H. Newman: una experiencia educativa, un ideal para la vida.","breadcrumb":{"@id":"https:\/\/www.colegionewman.org\/secundaria\/#breadcrumb"},"inLanguage":"es","potentialAction":[{"@type":"ReadAction","target":["https:\/\/www.colegionewman.org\/secundaria\/"]}]},{"@type":"BreadcrumbList","@id":"https:\/\/www.colegionewman.org\/secundaria\/#breadcrumb","itemListElement":[{"@type":"ListItem","position":1,"name":"Portada","item":"https:\/\/www.colegionewman.org\/"},{"@type":"ListItem","position":2,"name":"Educaci\u00f3n Secundaria"}]},{"@type":"WebSite","@id":"https:\/\/www.colegionewman.org\/#website","url":"https:\/\/www.colegionewman.org\/","name":"Colegio Internacional J.H. Newman","description":"Un colegio que te abre al mundo","publisher":{"@id":"https:\/\/www.colegionewman.org\/#organization"},"alternateName":"Colegio Newman","potentialAction":[{"@type":"SearchAction","target":{"@type":"EntryPoint","urlTemplate":"https:\/\/www.colegionewman.org\/?s={search_term_string}"},"query-input":{"@type":"PropertyValueSpecification","valueRequired":true,"valueName":"search_term_string"}}],"inLanguage":"es"},{"@type":"Organization","@id":"https:\/\/www.colegionewman.org\/#organization","name":"Colegio Internacional J.H. Newman","alternateName":"Colegio Newman","url":"https:\/\/www.colegionewman.org\/","logo":{"@type":"ImageObject","inLanguage":"es","@id":"https:\/\/www.colegionewman.org\/#\/schema\/logo\/image\/","url":"https:\/\/www.colegionewman.org\/wp-content\/uploads\/logo_mini_newman_Mesa-de-trabajo-1.png","contentUrl":"https:\/\/www.colegionewman.org\/wp-content\/uploads\/logo_mini_newman_Mesa-de-trabajo-1.png","width":750,"height":750,"caption":"Colegio Internacional J.H. Newman"},"image":{"@id":"https:\/\/www.colegionewman.org\/#\/schema\/logo\/image\/"},"sameAs":["https:\/\/www.instagram.com\/colegiojhnewman\/","https:\/\/www.youtube.com\/channel\/UCUEVCANGRsznbp-DRfSrexw","https:\/\/www.linkedin.com\/company\/colegio-internacional-jh-newman"]}]}},"_links":{"self":[{"href":"https:\/\/www.colegionewman.org\/es_es\/wp-json\/wp\/v2\/pages\/1108","targetHints":{"allow":["GET"]}}],"collection":[{"href":"https:\/\/www.colegionewman.org\/es_es\/wp-json\/wp\/v2\/pages"}],"about":[{"href":"https:\/\/www.colegionewman.org\/es_es\/wp-json\/wp\/v2\/types\/page"}],"author":[{"embeddable":true,"href":"https:\/\/www.colegionewman.org\/es_es\/wp-json\/wp\/v2\/users\/1"}],"replies":[{"embeddable":true,"href":"https:\/\/www.colegionewman.org\/es_es\/wp-json\/wp\/v2\/comments?post=1108"}],"version-history":[{"count":46,"href":"https:\/\/www.colegionewman.org\/es_es\/wp-json\/wp\/v2\/pages\/1108\/revisions"}],"predecessor-version":[{"id":31692,"href":"https:\/\/www.colegionewman.org\/es_es\/wp-json\/wp\/v2\/pages\/1108\/revisions\/31692"}],"wp:attachment":[{"href":"https:\/\/www.colegionewman.org\/es_es\/wp-json\/wp\/v2\/media?parent=1108"}],"curies":[{"name":"wp","href":"https:\/\/api.w.org\/{rel}","templated":true}]}}